{"id":3,"date":"2019-06-26T09:26:03","date_gmt":"2019-06-26T09:26:03","guid":{"rendered":"https:\/\/www.plazamayor35.com:8890\/?page_id=3"},"modified":"2021-07-21T19:46:12","modified_gmt":"2021-07-21T19:46:12","slug":"politica-de-privacidad","status":"publish","type":"page","link":"https:\/\/www.plazamayor35.com\/fr\/politique-de-confidentialite\/","title":{"rendered":"Politique de confidentialit\u00e9"},"content":{"rendered":"<div id=\"fws_69f1a2c5d5b84\"  data-column-margin=\"default\" data-midnight=\"dark\"  class=\"wpb_row vc_row-fluid vc_row\"  style=\"padding-top: 0px; padding-bottom: 0px; \"><div class=\"row-bg-wrap\" data-bg-animation=\"none\" data-bg-animation-delay=\"\" data-bg-overlay=\"false\"><div class=\"inner-wrap row-bg-layer\" ><div class=\"row-bg viewport-desktop\"  style=\"\"><\/div><\/div><\/div><div class=\"row_col_wrap_12 col span_12 dark left\">\n\t<div  class=\"vc_col-sm-2 wpb_column column_container vc_column_container col no-extra-padding inherit_tablet inherit_phone\"  data-padding-pos=\"all\" data-has-bg-color=\"false\" data-bg-color=\"\" data-bg-opacity=\"1\" data-animation=\"\" data-delay=\"0\" >\n\t\t<div class=\"vc_column-inner\" >\n\t\t\t<div class=\"wpb_wrapper\">\n\t\t\t\t\n\t\t\t<\/div> \n\t\t<\/div>\n\t<\/div> \n\n\t<div  class=\"vc_col-sm-8 wpb_column column_container vc_column_container col padding-3-percent inherit_tablet inherit_phone\"  data-padding-pos=\"all\" data-has-bg-color=\"false\" data-bg-color=\"\" data-bg-opacity=\"1\" data-animation=\"\" data-delay=\"0\" >\n\t\t<div class=\"vc_column-inner\" >\n\t\t\t<div class=\"wpb_wrapper\">\n\t\t\t\t\n<div class=\"wpb_text_column wpb_content_element\" >\n\t<div class=\"wpb_wrapper\">\n\t\t<h2 class=\"p1\" style=\"text-align: center;\"><span class=\"s1\">POLITIQUE DE CONFIDENTIALIT\u00c9 ET CONDITIONS G\u00c9N\u00c9RALES D'UTILISATION<\/span><\/h2>\n\t<\/div>\n<\/div>\n\n\n\n\n\t\t\t<\/div> \n\t\t<\/div>\n\t<\/div> \n\n\t<div  class=\"vc_col-sm-2 wpb_column column_container vc_column_container col no-extra-padding inherit_tablet inherit_phone\"  data-padding-pos=\"all\" data-has-bg-color=\"false\" data-bg-color=\"\" data-bg-opacity=\"1\" data-animation=\"\" data-delay=\"0\" >\n\t\t<div class=\"vc_column-inner\" >\n\t\t\t<div class=\"wpb_wrapper\">\n\t\t\t\t\n\t\t\t<\/div> \n\t\t<\/div>\n\t<\/div> \n<\/div><\/div>\n\t\t<div id=\"fws_69f1a2c5d7069\"  data-column-margin=\"default\" data-midnight=\"dark\"  class=\"wpb_row vc_row-fluid vc_row\"  style=\"padding-top: 0px; padding-bottom: 0px; \"><div class=\"row-bg-wrap\" data-bg-animation=\"none\" data-bg-animation-delay=\"\" data-bg-overlay=\"false\"><div class=\"inner-wrap row-bg-layer\" ><div class=\"row-bg viewport-desktop\"  style=\"\"><\/div><\/div><\/div><div class=\"row_col_wrap_12 col span_12 dark left\">\n\t<div  class=\"vc_col-sm-12 wpb_column column_container vc_column_container col padding-1-percent inherit_tablet inherit_phone\"  data-padding-pos=\"all\" data-has-bg-color=\"false\" data-bg-color=\"\" data-bg-opacity=\"1\" data-animation=\"\" data-delay=\"0\" >\n\t\t<div class=\"vc_column-inner\" >\n\t\t\t<div class=\"wpb_wrapper\">\n\t\t\t\t\n<div class=\"wpb_text_column wpb_content_element\" >\n\t<div class=\"wpb_wrapper\">\n\t\t<h4 class=\"p1\"><span class=\"s1\">1. INFORMATIONS G\u00c9N\u00c9RALES<\/span><\/h4>\n<p class=\"p2\"><span class=\"s1\">Conform\u00e9ment \u00e0 l'obligation d'information pr\u00e9vue par la loi 34\/2002 sur les services de la soci\u00e9t\u00e9 de l'information et le commerce \u00e9lectronique (LSSI-CE) du 11 juillet, les informations g\u00e9n\u00e9rales suivantes sont fournies sur ce site web :<\/span><\/p>\n<p class=\"p2\"><span class=\"s1\">La propri\u00e9t\u00e9 de ce site web, www.plazamayor35.com, (ci-apr\u00e8s d\u00e9nomm\u00e9 Site web) est d\u00e9tenue par : Emmanuelle Daniau, titulaire du num\u00e9ro d'identification fiscale : X6078170Y et dont les coordonn\u00e9es sont :<\/span><\/p>\n<ul class=\"ul1\">\n<li class=\"li2\"><span class=\"s1\">Adresse : Plaza Mayor 35, 10003 C\u00e1ceres<\/span><\/li>\n<li class=\"li2\"><span class=\"s1\">Num\u00e9ro de t\u00e9l\u00e9phone de contact : 640 03 19 79<\/span><\/li>\n<li class=\"li3\"><span class=\"s3\">Courriel de contact : at.plazamayor35@gmail.com<\/span><\/li>\n<\/ul>\n\t<\/div>\n<\/div>\n\n\n\n\n\t\t\t<\/div> \n\t\t<\/div>\n\t<\/div> \n<\/div><\/div>\n\t\t<div id=\"fws_69f1a2c5d78b4\"  data-column-margin=\"default\" data-midnight=\"dark\"  class=\"wpb_row vc_row-fluid vc_row\"  style=\"padding-top: 0px; padding-bottom: 0px; \"><div class=\"row-bg-wrap\" data-bg-animation=\"none\" data-bg-animation-delay=\"\" data-bg-overlay=\"false\"><div class=\"inner-wrap row-bg-layer\" ><div class=\"row-bg viewport-desktop\"  style=\"\"><\/div><\/div><\/div><div class=\"row_col_wrap_12 col span_12 dark left\">\n\t<div  class=\"vc_col-sm-12 wpb_column column_container vc_column_container col padding-1-percent inherit_tablet inherit_phone\"  data-padding-pos=\"all\" data-has-bg-color=\"false\" data-bg-color=\"\" data-bg-opacity=\"1\" data-animation=\"\" data-delay=\"0\" >\n\t\t<div class=\"vc_column-inner\" >\n\t\t\t<div class=\"wpb_wrapper\">\n\t\t\t\t\n<div class=\"wpb_text_column wpb_content_element\" >\n\t<div class=\"wpb_wrapper\">\n\t\t<h4 class=\"p1\"><span class=\"s1\">CONDITIONS G\u00c9N\u00c9RALES D'UTILISATION<\/span><\/h4>\n<p class=\"p2\"><span class=\"s1\"><b>L'objet des conditions g\u00e9n\u00e9rales : Le site web<\/b><\/span><\/p>\n<p class=\"p2\"><span class=\"s1\">Les pr\u00e9sentes conditions g\u00e9n\u00e9rales d'utilisation (ci-apr\u00e8s d\u00e9nomm\u00e9es \"conditions\") ont pour objet de r\u00e9glementer l'acc\u00e8s au site web et son utilisation. Aux fins des pr\u00e9sentes conditions g\u00e9n\u00e9rales, on entend par site web : l'aspect ext\u00e9rieur des interfaces d'\u00e9cran, tant statiques que dynamiques, c'est-\u00e0-dire l'arbre de navigation ; et tous les \u00e9l\u00e9ments int\u00e9gr\u00e9s tant dans les interfaces d'\u00e9cran que dans l'arbre de navigation (ci-apr\u00e8s d\u00e9nomm\u00e9s \"contenu\") et tous les services ou ressources en ligne qui peuvent \u00eatre offerts aux utilisateurs (ci-apr\u00e8s d\u00e9nomm\u00e9s \"services\").<\/span><\/p>\n<p class=\"p3\"><span class=\"s2\">Apartamentos Plaza Mayor 35 se r\u00e9serve le droit de modifier, \u00e0 tout moment et sans pr\u00e9avis, la pr\u00e9sentation et la configuration du site web et des contenus et services qui peuvent y \u00eatre incorpor\u00e9s. L'Utilisateur reconna\u00eet et accepte qu'\u00e0 tout moment Apartamentos Plaza Mayor 35 puisse interrompre, d\u00e9sactiver et\/ou annuler n'importe lequel de ces \u00e9l\u00e9ments inclus dans le site web ou l'acc\u00e8s \u00e0 ceux-ci. Outre le co\u00fbt de la connexion au r\u00e9seau de t\u00e9l\u00e9communications fourni par le fournisseur d'acc\u00e8s et contract\u00e9 par l'Utilisateur, certains des Contenus ou Services offerts par Apartamentos Plaza Mayor 35 ou, le cas \u00e9ch\u00e9ant, par des tiers \u00e0 travers le Site Internet peuvent \u00eatre soumis \u00e0 une contractualisation pr\u00e9alable du Contenu ou du Service, auquel cas les Conditions G\u00e9n\u00e9rales ou Sp\u00e9cifiques correspondantes qui le r\u00e9gissent seront clairement sp\u00e9cifi\u00e9es et\/ou mises \u00e0 la disposition de l'Utilisateur. L'utilisation de tout contenu ou service du site Web peut \u00eatre subordonn\u00e9e \u00e0 la souscription ou \u00e0 l'enregistrement pr\u00e9alable de l'utilisateur.<\/span><\/p>\n<p>&nbsp;<\/p>\n<p class=\"p2\"><span class=\"s1\"><b>L'utilisateur<\/b><\/span><\/p>\n<p class=\"p2\"><span class=\"s1\">L'acc\u00e8s, la navigation et l'utilisation du site Web, ainsi que les espaces d'interaction entre les utilisateurs, l'utilisateur et les Apartamentos Plaza Mayor 35, tels que les espaces de commentaires et\/ou de blogs, conf\u00e8rent la condition d'utilisateur et, par cons\u00e9quent, l'utilisateur accepte, \u00e0 partir du moment o\u00f9 il commence \u00e0 naviguer sur le site Web, toutes les conditions \u00e9tablies ici, ainsi que leurs modifications ult\u00e9rieures, sans pr\u00e9judice de l'application des normes l\u00e9gales correspondantes d'ex\u00e9cution obligatoire, le cas \u00e9ch\u00e9ant. Compte tenu de l'importance de ce qui pr\u00e9c\u00e8de, il est recommand\u00e9 \u00e0 l'Utilisateur de les lire \u00e0 chaque fois qu'il visite le site Web. Le site Web des Apartamentos Plaza Mayor 35 fournit un large \u00e9ventail d'informations, de services et de donn\u00e9es. L'utilisateur assume la responsabilit\u00e9 de l'utilisation correcte du site Web. Cette responsabilit\u00e9 s'\u00e9tend \u00e0 :<\/span><\/p>\n<ul class=\"ul1\">\n<li class=\"li2\"><span class=\"s1\">Une utilisation de l'information, des Contenus et\/ou des Services et donn\u00e9es offerts par les Apartamentos Plaza Mayor 35 qui ne soit pas contraire aux dispositions des pr\u00e9sentes Conditions, \u00e0 la Loi, \u00e0 la morale ou \u00e0 l'ordre public, ou qui, de toute autre mani\u00e8re, puisse impliquer une atteinte aux droits de tiers ou au fonctionnement du site Web.<\/span><\/li>\n<li class=\"li2\"><span class=\"s1\">La v\u00e9racit\u00e9 et la l\u00e9galit\u00e9 des informations fournies par l'Utilisateur dans les formulaires \u00e9mis par Apartamentos Plaza Mayor 35 pour l'acc\u00e8s \u00e0 certains Contenus ou Services offerts par le Site Web. En tout \u00e9tat de cause, l'Utilisateur devra notifier imm\u00e9diatement \u00e0 Apartamentos Plaza Mayor 35 tout \u00e9v\u00e9nement permettant l'utilisation impropre des informations enregistr\u00e9es dans lesdits formulaires, tel que, mais sans s'y limiter, le vol, la perte ou l'acc\u00e8s non autoris\u00e9 aux identifiants et\/ou aux mots de passe, afin de proc\u00e9der \u00e0 leur annulation imm\u00e9diate.<\/span><\/li>\n<\/ul>\n<p class=\"p3\"><span class=\"s2\">Apartamentos Plaza Mayor 35 se r\u00e9serve le droit de supprimer les commentaires et les contributions qui violent la loi, le respect de la dignit\u00e9 de la personne, qui sont discriminatoires, x\u00e9nophobes, racistes, pornographiques, spamming, qui menacent la jeunesse ou l'enfance, l'ordre public ou la s\u00e9curit\u00e9 ou qui, \u00e0 son avis, ne sont pas adapt\u00e9s \u00e0 la publication. En tout \u00e9tat de cause, les Apartamentos Plaza Mayor 35 ne seront pas responsables des opinions exprim\u00e9es par les utilisateurs \u00e0 travers les commentaires ou d'autres outils de blogging ou de participation qui peuvent exister. Le simple acc\u00e8s \u00e0 ce site web n'implique aucune relation commerciale entre les Apartamentos Plaza Mayor 35 et l'Utilisateur. L'utilisateur d\u00e9clare \u00eatre majeur et avoir la capacit\u00e9 juridique suffisante pour \u00eatre li\u00e9 par les pr\u00e9sentes conditions. Par cons\u00e9quent, le site Internet des Apartamentos Plaza Mayor 35 n'est pas destin\u00e9 aux mineurs. Les Apartamentos Plaza Mayor 35 d\u00e9clinent toute responsabilit\u00e9 en cas de non-respect de cette obligation. Le site Web est destin\u00e9 principalement aux utilisateurs r\u00e9sidant en Espagne. Apartamentos Plaza Mayor 35 ne garantit pas que le site Web soit conforme aux lois d'autres pays, que ce soit en totalit\u00e9 ou en partie. Si l'Utilisateur r\u00e9side ou est domicili\u00e9 dans un autre lieu et d\u00e9cide d'acc\u00e9der et\/ou de naviguer sur le Site, il le fait \u00e0 ses propres risques et doit s'assurer que cet acc\u00e8s et cette navigation sont conformes \u00e0 la l\u00e9gislation locale applicable, et Apartamentos Plaza Mayor 35 n'assume aucune responsabilit\u00e9 pouvant d\u00e9couler de cet acc\u00e8s.<\/span><\/p>\n\t<\/div>\n<\/div>\n\n\n\n\n\t\t\t<\/div> \n\t\t<\/div>\n\t<\/div> \n<\/div><\/div>\n\t\t<div id=\"fws_69f1a2c5db01e\"  data-column-margin=\"default\" data-midnight=\"dark\"  class=\"wpb_row vc_row-fluid vc_row\"  style=\"padding-top: 0px; padding-bottom: 0px; \"><div class=\"row-bg-wrap\" data-bg-animation=\"none\" data-bg-animation-delay=\"\" data-bg-overlay=\"false\"><div class=\"inner-wrap row-bg-layer\" ><div class=\"row-bg viewport-desktop\"  style=\"\"><\/div><\/div><\/div><div class=\"row_col_wrap_12 col span_12 dark left\">\n\t<div  class=\"vc_col-sm-12 wpb_column column_container vc_column_container col padding-1-percent inherit_tablet inherit_phone\"  data-padding-pos=\"all\" data-has-bg-color=\"false\" data-bg-color=\"\" data-bg-opacity=\"1\" data-animation=\"\" data-delay=\"0\" >\n\t\t<div class=\"vc_column-inner\" >\n\t\t\t<div class=\"wpb_wrapper\">\n\t\t\t\t\n<div class=\"wpb_text_column wpb_content_element\" >\n\t<div class=\"wpb_wrapper\">\n\t\t<h4 class=\"p1\"><span class=\"s1\">3. L'ACC\u00c8S ET LA NAVIGATION SUR LE SITE WEB : EXCLUSION DE GARANTIE ET DE RESPONSABILIT\u00c9<\/span><\/h4>\n<p class=\"p2\"><span class=\"s1\">Apartamentos Plaza Mayor 35 ne garantit pas la continuit\u00e9, la disponibilit\u00e9 et l'utilit\u00e9 du site web, des contenus ou des services. Les Apartamentos Plaza Mayor 35 feront tout leur possible pour assurer le bon fonctionnement du site Web, mais ils ne sont pas responsables et ne garantissent pas que l'acc\u00e8s \u00e0 ce site Web sera ininterrompu ou exempt d'erreurs.<\/span><\/p>\n<p class=\"p3\"><span class=\"s2\">Elle n'est pas non plus responsable et ne garantit pas que le contenu ou le logiciel auquel il est possible d'acc\u00e9der par l'interm\u00e9diaire de ce site Web soit exempt d'erreurs ou cause des dommages au syst\u00e8me informatique (logiciel et mat\u00e9riel) de l'utilisateur. En aucun cas, Apartamentos Plaza Mayor 35 ne sera responsable des pertes, dommages ou pr\u00e9judices de toute nature d\u00e9coulant de l'acc\u00e8s, de la navigation et de l'utilisation du site Web, y compris, mais sans s'y limiter, ceux caus\u00e9s aux syst\u00e8mes informatiques ou ceux caus\u00e9s par l'introduction de virus. Les Apartamentos Plaza Mayor 35 ne seront pas non plus responsables des dommages qui pourraient \u00eatre caus\u00e9s aux utilisateurs en raison d'une utilisation inappropri\u00e9e de ce site Web. En particulier, il ne sera pas responsable de quelque mani\u00e8re que ce soit des pannes, interruptions, d\u00e9fauts ou d\u00e9faillances des t\u00e9l\u00e9communications qui pourraient se produire.<\/span><\/p>\n\t<\/div>\n<\/div>\n\n\n\n\n\t\t\t<\/div> \n\t\t<\/div>\n\t<\/div> \n<\/div><\/div>\n\t\t<div id=\"fws_69f1a2c5dbbe4\"  data-column-margin=\"default\" data-midnight=\"dark\"  class=\"wpb_row vc_row-fluid vc_row\"  style=\"padding-top: 0px; padding-bottom: 0px; \"><div class=\"row-bg-wrap\" data-bg-animation=\"none\" data-bg-animation-delay=\"\" data-bg-overlay=\"false\"><div class=\"inner-wrap row-bg-layer\" ><div class=\"row-bg viewport-desktop\"  style=\"\"><\/div><\/div><\/div><div class=\"row_col_wrap_12 col span_12 dark left\">\n\t<div  class=\"vc_col-sm-12 wpb_column column_container vc_column_container col padding-1-percent inherit_tablet inherit_phone\"  data-padding-pos=\"all\" data-has-bg-color=\"false\" data-bg-color=\"\" data-bg-opacity=\"1\" data-animation=\"\" data-delay=\"0\" >\n\t\t<div class=\"vc_column-inner\" >\n\t\t\t<div class=\"wpb_wrapper\">\n\t\t\t\t\n<div class=\"wpb_text_column wpb_content_element\" >\n\t<div class=\"wpb_wrapper\">\n\t\t<h4 class=\"p1\"><span class=\"s1\">4. POLITIQUE DE CONFIDENTIALIT\u00c9 ET DE PROTECTION DES DONN\u00c9ES<\/span><\/h4>\n<p class=\"p2\"><span class=\"s1\">Apartamentos Plaza Mayor 35 s'engage \u00e0 adopter les mesures techniques et organisationnelles n\u00e9cessaires, selon le niveau de s\u00e9curit\u00e9 appropri\u00e9 au risque des donn\u00e9es collect\u00e9es.<\/span><\/p>\n<p>&nbsp;<\/p>\n<p class=\"p2\"><span class=\"s1\"><b>Lois incorpor\u00e9es dans la pr\u00e9sente politique de confidentialit\u00e9<\/b><\/span><\/p>\n<p class=\"p2\"><span class=\"s1\">Cette politique de confidentialit\u00e9 est adapt\u00e9e \u00e0 la l\u00e9gislation espagnole et europ\u00e9enne en vigueur sur la protection des donn\u00e9es personnelles sur Internet. En particulier, elle respecte les r\u00e8gles suivantes :<\/span><\/p>\n<ul class=\"ul1\">\n<li class=\"li2\"><span class=\"s1\">R\u00e8glement (UE) 2016\/679 du Parlement europ\u00e9en et du Conseil du 27 avril 2016 relatif \u00e0 la protection des personnes physiques \u00e0 l'\u00e9gard du traitement des donn\u00e9es \u00e0 caract\u00e8re personnel et \u00e0 la libre circulation de ces donn\u00e9es (GDPR).<\/span><\/li>\n<li class=\"li2\"><span class=\"s1\">Loi organique 15\/1999, du 13 d\u00e9cembre, sur la protection des donn\u00e9es \u00e0 caract\u00e8re personnel (LOPD).<\/span><\/li>\n<li class=\"li2\"><span class=\"s1\">D\u00e9cret royal 1720\/2007, du 21 d\u00e9cembre, portant approbation du r\u00e8glement d'application de la loi organique 15\/1999, du 13 d\u00e9cembre, sur la protection des donn\u00e9es \u00e0 caract\u00e8re personnel (RDLOPD).<\/span><\/li>\n<li class=\"li2\"><span class=\"s1\">Loi 34\/2002, du 11 juillet, sur les services de la soci\u00e9t\u00e9 de l'information et le commerce \u00e9lectronique (LSSI-CE).<\/span><\/li>\n<\/ul>\n<p>&nbsp;<\/p>\n<p class=\"p3\"><span class=\"s4\"><b>Identit\u00e9 du responsable du traitement des donn\u00e9es \u00e0 caract\u00e8re personnel<\/b><\/span><\/p>\n<p class=\"p2\"><span class=\"s1\">Le responsable du traitement des donn\u00e9es personnelles collect\u00e9es par Apartamentos Plaza Mayor 35 est :<\/span><\/p>\n<p class=\"p2\"><span class=\"s1\">Emmanuelle Daniau, titulaire du num\u00e9ro d'identification fiscale X6078170Y.<\/span><\/p>\n<p class=\"p2\"><span class=\"s1\">Leurs coordonn\u00e9es sont les suivantes :<\/span><\/p>\n<ul class=\"ul1\">\n<li class=\"li2\"><span class=\"s1\">Adresse : Plaza Mayor 35, 10003 C\u00e1ceres<\/span><\/li>\n<li class=\"li2\"><span class=\"s1\">Num\u00e9ro de t\u00e9l\u00e9phone de contact : 640 03 19 79<\/span><\/li>\n<li class=\"li2\"><span class=\"s1\">Courriel de contact : at.plazamayor35@gmail.com<\/span><\/li>\n<\/ul>\n<p>&nbsp;<\/p>\n<p class=\"p3\"><span class=\"s4\"><b>Registre des donn\u00e9es personnelles<\/b><\/span><\/p>\n<p class=\"p2\"><span class=\"s1\">Les donn\u00e9es personnelles collect\u00e9es par Apartamentos Plaza Mayor 35, \u00e0 travers les formulaires fournis sur ses pages, seront incluses dans un fichier automatis\u00e9 sous la responsabilit\u00e9 du Responsable du traitement, et d\u00fbment d\u00e9clar\u00e9es et inscrites au Registre G\u00e9n\u00e9ral de l'Agence de Protection des Donn\u00e9es, qui peut \u00eatre consult\u00e9 sur le site web de l'Agence Espagnole de Protection des Donn\u00e9es (http:\/\/www.agpd.es), afin de faciliter, acc\u00e9l\u00e9rer et remplir les engagements \u00e9tablis entre Apartamentos Plaza Mayor 35 et l'Utilisateur ou le maintien de la relation \u00e9tablie dans les formulaires remplis par l'Utilisateur, ou pour r\u00e9pondre \u00e0 une demande ou \u00e0 une consultation de l'Utilisateur.<\/span><\/p>\n<p>&nbsp;<\/p>\n<p class=\"p3\"><span class=\"s4\"><b>Principes applicables au traitement des donn\u00e9es \u00e0 caract\u00e8re personnel<\/b><\/span><\/p>\n<p class=\"p2\"><span class=\"s1\">Le traitement des donn\u00e9es \u00e0 caract\u00e8re personnel de l'utilisateur est soumis aux principes suivants, \u00e9nonc\u00e9s \u00e0 l'article 5 du RGPD :<\/span><\/p>\n<ul class=\"ul1\">\n<li class=\"li2\"><span class=\"s1\">Principe de l\u00e9galit\u00e9, de loyaut\u00e9 et de transparence : le consentement de l'utilisateur est requis \u00e0 tout moment apr\u00e8s une information compl\u00e8te et transparente sur les finalit\u00e9s pour lesquelles les donn\u00e9es \u00e0 caract\u00e8re personnel sont collect\u00e9es.<\/span><\/li>\n<li class=\"li2\"><span class=\"s1\">Principe de limitation des finalit\u00e9s : les donn\u00e9es \u00e0 caract\u00e8re personnel sont collect\u00e9es pour des finalit\u00e9s d\u00e9termin\u00e9es, explicites et l\u00e9gitimes.<\/span><\/li>\n<li class=\"li2\"><span class=\"s1\">Principe de minimisation des donn\u00e9es : les donn\u00e9es \u00e0 caract\u00e8re personnel collect\u00e9es seront uniquement celles qui sont strictement n\u00e9cessaires aux fins pour lesquelles elles sont trait\u00e9es.<\/span><\/li>\n<li class=\"li2\"><span class=\"s1\">Principe d'exactitude : les donn\u00e9es \u00e0 caract\u00e8re personnel doivent \u00eatre exactes et toujours \u00e0 jour.<\/span><\/li>\n<li class=\"li2\"><span class=\"s1\">Principe de limitation de la dur\u00e9e de conservation : les donn\u00e9es \u00e0 caract\u00e8re personnel ne seront conserv\u00e9es sous une forme permettant l'identification de l'utilisateur que pendant la dur\u00e9e n\u00e9cessaire aux finalit\u00e9s de leur traitement.<\/span><\/li>\n<li class=\"li2\"><span class=\"s1\">Principe d'int\u00e9grit\u00e9 et de confidentialit\u00e9 : les donn\u00e9es \u00e0 caract\u00e8re personnel sont trait\u00e9es de mani\u00e8re \u00e0 garantir leur s\u00e9curit\u00e9 et leur confidentialit\u00e9.<\/span><\/li>\n<li class=\"li2\"><span class=\"s1\">Principe de responsabilit\u00e9 proactive : le contr\u00f4leur est charg\u00e9 de veiller \u00e0 ce que les principes susmentionn\u00e9s soient respect\u00e9s.<\/span><\/li>\n<\/ul>\n<p>&nbsp;<\/p>\n<p class=\"p3\"><span class=\"s4\"><b>Cat\u00e9gories de donn\u00e9es \u00e0 caract\u00e8re personnel<\/b><\/span><\/p>\n<p class=\"p2\"><span class=\"s1\">Les cat\u00e9gories de donn\u00e9es trait\u00e9es par les Apartamentos Plaza Mayor 35 sont uniquement des donn\u00e9es d'identification. En aucun cas, des cat\u00e9gories particuli\u00e8res de donn\u00e9es \u00e0 caract\u00e8re personnel ne sont trait\u00e9es au sens de l'article 9 du RGPD.<\/span><\/p>\n<p>&nbsp;<\/p>\n<p class=\"p3\"><span class=\"s4\"><b>Base juridique du traitement des donn\u00e9es \u00e0 caract\u00e8re personnel<\/b><\/span><\/p>\n<p class=\"p2\"><span class=\"s1\">La base juridique du traitement des donn\u00e9es personnelles est le consentement. Les Apartamentos Plaza Mayor 35 s'engagent \u00e0 obtenir le consentement explicite et v\u00e9rifiable de l'Utilisateur pour le traitement de ses donn\u00e9es personnelles pour une ou plusieurs finalit\u00e9s sp\u00e9cifiques. L'utilisateur aura le droit de retirer son consentement \u00e0 tout moment. Il sera aussi facile de retirer son consentement que de le donner. En r\u00e8gle g\u00e9n\u00e9rale, le retrait du consentement ne conditionne pas l'utilisation du site web. Dans les cas o\u00f9 l'utilisateur doit ou peut fournir ses donn\u00e9es par le biais de formulaires pour effectuer des enqu\u00eates, demander des informations ou pour des raisons li\u00e9es au contenu du site web, il sera inform\u00e9 du caract\u00e8re obligatoire de la r\u00e9alisation de l'un d'entre eux en raison du fait qu'ils sont essentiels au bon d\u00e9roulement de l'op\u00e9ration r\u00e9alis\u00e9e.<\/span><\/p>\n<p>&nbsp;<\/p>\n<p class=\"p3\"><span class=\"s4\"><b>Finalit\u00e9s du traitement pour lequel les donn\u00e9es \u00e0 caract\u00e8re personnel sont utilis\u00e9es<\/b><\/span><\/p>\n<p class=\"p2\"><span class=\"s1\">Les donn\u00e9es personnelles sont collect\u00e9es et g\u00e9r\u00e9es par les Apartamentos Plaza Mayor 35 afin de faciliter, d'acc\u00e9l\u00e9rer et de remplir les engagements \u00e9tablis entre le site Web et l'utilisateur ou le maintien de la relation \u00e9tablie dans les formulaires remplis par ce dernier ou pour r\u00e9pondre \u00e0 une demande ou \u00e0 une consultation. De m\u00eame, les donn\u00e9es peuvent \u00eatre utilis\u00e9es \u00e0 des fins commerciales, de personnalisation, op\u00e9rationnelles et statistiques, et pour des activit\u00e9s li\u00e9es \u00e0 l'objet social des Apartamentos Plaza Mayor 35, ainsi que pour l'extraction et le stockage de donn\u00e9es et d'\u00e9tudes de marketing afin d'adapter le contenu offert \u00e0 l'utilisateur et d'am\u00e9liorer la qualit\u00e9, le fonctionnement et la navigation sur le site Web. Au moment de l'obtention des donn\u00e9es personnelles, l'utilisateur sera inform\u00e9 de la ou des finalit\u00e9s sp\u00e9cifiques du traitement pour lequel les donn\u00e9es personnelles seront utilis\u00e9es, c'est-\u00e0-dire de l'utilisation ou des utilisations qui seront faites des informations collect\u00e9es.<\/span><\/p>\n<p>&nbsp;<\/p>\n<p class=\"p3\"><span class=\"s4\"><b>P\u00e9riodes de conservation des donn\u00e9es \u00e0 caract\u00e8re personnel<\/b><\/span><\/p>\n<p class=\"p2\"><span class=\"s1\">Les donn\u00e9es \u00e0 caract\u00e8re personnel ne seront conserv\u00e9es que pendant la dur\u00e9e minimale n\u00e9cessaire aux fins de leur traitement et, en tout \u00e9tat de cause, pendant la p\u00e9riode suivante : 1 an, ou jusqu'\u00e0 ce que l'utilisateur demande leur suppression. Au moment de l'obtention des donn\u00e9es personnelles, l'utilisateur sera inform\u00e9 de la dur\u00e9e de conservation des donn\u00e9es personnelles ou, si cela n'est pas possible, des crit\u00e8res utilis\u00e9s pour d\u00e9terminer cette dur\u00e9e.<\/span><\/p>\n<p>&nbsp;<\/p>\n<p class=\"p3\"><span class=\"s4\"><b>Destinataires des donn\u00e9es \u00e0 caract\u00e8re personnel<\/b><\/span><\/p>\n<p class=\"p2\"><span class=\"s1\">Les donn\u00e9es personnelles de l'utilisateur seront partag\u00e9es avec les destinataires ou cat\u00e9gories de destinataires suivants :<\/span><\/p>\n<ul class=\"ul1\">\n<li class=\"li2\"><span class=\"s1\">Analyse du trafic web : Googla Analitycs, Google LLC1600 Amphitheatre ParkwayMountain View, CA 94043<\/span><\/li>\n<\/ul>\n<p class=\"p2\"><span class=\"s1\">Si le responsable du traitement a l'intention de transf\u00e9rer des donn\u00e9es \u00e0 caract\u00e8re personnel \u00e0 un pays tiers ou \u00e0 une organisation internationale, l'utilisateur est inform\u00e9, au moment o\u00f9 il obtient les donn\u00e9es \u00e0 caract\u00e8re personnel, du pays tiers ou de l'organisation internationale vers lequel il est pr\u00e9vu de transf\u00e9rer les donn\u00e9es, ainsi que de l'existence ou de l'absence d'une d\u00e9cision d'ad\u00e9quation de la Commission.<\/span><\/p>\n<p>&nbsp;<\/p>\n<p class=\"p3\"><span class=\"s4\"><b>Donn\u00e9es personnelles des mineurs<\/b><\/span><\/p>\n<p class=\"p2\"><span class=\"s1\">Conform\u00e9ment aux dispositions des articles 8 du RGPD et 13 du RDLOPD, seules les personnes \u00e2g\u00e9es de plus de 14 ans peuvent donner leur consentement au traitement licite de leurs donn\u00e9es personnelles par Apartamentos Plaza Mayor 35. Dans le cas d'un mineur de moins de 14 ans, le consentement des parents ou des tuteurs sera requis pour le traitement, et celui-ci ne sera consid\u00e9r\u00e9 comme licite que dans la mesure o\u00f9 ils l'auront autoris\u00e9.<\/span><\/p>\n<p>&nbsp;<\/p>\n<p class=\"p3\"><span class=\"s4\"><b>Secret et s\u00e9curit\u00e9 des donn\u00e9es \u00e0 caract\u00e8re personnel<\/b><\/span><\/p>\n<p class=\"p4\"><span class=\"s2\">Apartamentos Plaza Mayor 35 s'engage \u00e0 adopter les mesures techniques et organisationnelles n\u00e9cessaires, selon le niveau de s\u00e9curit\u00e9 appropri\u00e9 au risque des donn\u00e9es collect\u00e9es, afin d'assurer la s\u00e9curit\u00e9 des donn\u00e9es personnelles et d'emp\u00eacher la destruction accidentelle ou illicite, la perte ou l'alt\u00e9ration des donn\u00e9es personnelles transmises, stock\u00e9es ou trait\u00e9es d'une autre mani\u00e8re, ainsi que la communication ou l'acc\u00e8s non autoris\u00e9 \u00e0 ces donn\u00e9es. Le site Web dispose d'un certificat SSL (Secure Socket Layer), qui garantit que les donn\u00e9es personnelles sont transmises de mani\u00e8re s\u00fbre et confidentielle, \u00e9tant donn\u00e9 que la transmission des donn\u00e9es entre le serveur et l'utilisateur, et en retour, est enti\u00e8rement crypt\u00e9e ou chiffr\u00e9e. Toutefois, les Apartamentos Plaza Mayor 35 ne pouvant garantir l'impr\u00e9gnabilit\u00e9 d'Internet ou l'absence totale de hackers ou autres personnes acc\u00e9dant frauduleusement aux donn\u00e9es personnelles, le Responsable du traitement s'engage \u00e0 notifier \u00e0 l'Utilisateur, dans les meilleurs d\u00e9lais, la survenance d'une violation de la s\u00e9curit\u00e9 des donn\u00e9es personnelles susceptible d'engendrer un risque \u00e9lev\u00e9 pour les droits et libert\u00e9s des personnes physiques. Conform\u00e9ment \u00e0 l'article 4 du RGPD, on entend par violation de la s\u00e9curit\u00e9 des donn\u00e9es \u00e0 caract\u00e8re personnel toute violation de la s\u00e9curit\u00e9 entra\u00eenant accidentellement ou de mani\u00e8re illicite la destruction, la perte ou l'alt\u00e9ration de donn\u00e9es \u00e0 caract\u00e8re personnel transmises, conserv\u00e9es ou trait\u00e9es d'une autre mani\u00e8re, ou la divulgation non autoris\u00e9e de ces donn\u00e9es ou l'acc\u00e8s non autoris\u00e9 \u00e0 celles-ci. Les donn\u00e9es \u00e0 caract\u00e8re personnel sont trait\u00e9es de mani\u00e8re confidentielle par le responsable du traitement, qui s'engage \u00e0 informer et \u00e0 veiller, par le biais d'une obligation l\u00e9gale ou contractuelle, \u00e0 ce que cette confidentialit\u00e9 soit respect\u00e9e par ses employ\u00e9s, ses partenaires et toute personne \u00e0 laquelle il rend l'information accessible.<\/span><\/p>\n<p>&nbsp;<\/p>\n<p class=\"p3\"><span class=\"s4\"><b>Droits d\u00e9coulant du traitement des donn\u00e9es \u00e0 caract\u00e8re personnel<\/b><\/span><\/p>\n<p class=\"p2\"><span class=\"s1\">L'utilisateur a sur Apartamentos Plaza Mayor 35 et peut donc exercer contre le contr\u00f4leur des donn\u00e9es les droits suivants reconnus dans le RGPD :<\/span><\/p>\n<ul class=\"ul1\">\n<li class=\"li2\"><span class=\"s1\">Droit d'acc\u00e8s : Il s'agit du droit de l'utilisateur d'obtenir la confirmation que les Apartamentos Plaza Mayor 35 traitent ou non ses donn\u00e9es personnelles et, le cas \u00e9ch\u00e9ant, d'obtenir des informations sur ses donn\u00e9es personnelles sp\u00e9cifiques et sur le traitement que les Apartamentos Plaza Mayor 35 ont effectu\u00e9 ou effectuent, ainsi que, entre autres, les informations disponibles sur l'origine de ces donn\u00e9es et les destinataires des communications effectu\u00e9es ou pr\u00e9vues pour ces donn\u00e9es.<\/span><\/li>\n<li class=\"li2\"><span class=\"s1\">Droit de rectification : Il s'agit du droit de l'utilisateur de faire modifier ses donn\u00e9es personnelles si elles s'av\u00e8rent inexactes ou, compte tenu des finalit\u00e9s du traitement, incompl\u00e8tes.<\/span><\/li>\n<li class=\"li4\"><span class=\"s2\">Droit \u00e0 l'effacement (\"droit \u00e0 l'oubli\") : Il s'agit du droit de l'utilisateur, sauf disposition l\u00e9gale contraire, d'obtenir l'effacement de ses donn\u00e9es \u00e0 caract\u00e8re personnel lorsque celles-ci ne sont plus n\u00e9cessaires au regard des finalit\u00e9s pour lesquelles elles ont \u00e9t\u00e9 collect\u00e9es ou trait\u00e9es ; l'utilisateur a retir\u00e9 son consentement au traitement et le traitement n'a pas d'autre fondement juridique ; l'utilisateur s'oppose au traitement et il n'y a pas d'autre raison l\u00e9gitime de poursuivre le traitement ; les donn\u00e9es \u00e0 caract\u00e8re personnel ont \u00e9t\u00e9 trait\u00e9es ill\u00e9galement ; les donn\u00e9es \u00e0 caract\u00e8re personnel doivent \u00eatre effac\u00e9es conform\u00e9ment \u00e0 une obligation l\u00e9gale ; ou les donn\u00e9es \u00e0 caract\u00e8re personnel ont \u00e9t\u00e9 obtenues \u00e0 la suite d'une offre directe de services de la soci\u00e9t\u00e9 de l'information \u00e0 un enfant de moins de 14 ans. Outre l'effacement, le contr\u00f4leur prend, en tenant compte des technologies disponibles et du co\u00fbt de leur mise en \u0153uvre, des mesures raisonnables pour informer les contr\u00f4leurs qui traitent les donn\u00e9es \u00e0 caract\u00e8re personnel de la demande d'effacement de la personne concern\u00e9e de tout lien avec ces donn\u00e9es \u00e0 caract\u00e8re personnel.<\/span><\/li>\n<li class=\"li2\"><span class=\"s1\">Droit \u00e0 la limitation du traitement : il s'agit du droit de l'utilisateur de limiter le traitement de ses donn\u00e9es personnelles. L'utilisateur a le droit d'obtenir la limitation du traitement lorsqu'il conteste l'exactitude de ses donn\u00e9es \u00e0 caract\u00e8re personnel ; le traitement est ill\u00e9gal ; le responsable du traitement n'a plus besoin des donn\u00e9es \u00e0 caract\u00e8re personnel, mais l'utilisateur en a besoin pour faire des r\u00e9clamations ; et lorsque l'utilisateur s'est oppos\u00e9 au traitement.<\/span><\/li>\n<li class=\"li2\"><span class=\"s1\">Droit \u00e0 la portabilit\u00e9 des donn\u00e9es : Lorsque le traitement est effectu\u00e9 par des moyens automatis\u00e9s, l'utilisateur a le droit de recevoir du responsable du traitement ses donn\u00e9es \u00e0 caract\u00e8re personnel dans un format structur\u00e9, couramment utilis\u00e9 et lisible par machine, et de les transmettre \u00e0 un autre responsable du traitement. Lorsque cela est techniquement possible, le responsable du traitement transmet les donn\u00e9es directement \u00e0 cet autre responsable du traitement.<\/span><\/li>\n<li class=\"li2\"><span class=\"s1\">Droit d'opposition : Il s'agit du droit de l'utilisateur de s'opposer au traitement de ses donn\u00e9es personnelles ou de faire cesser ce traitement par les Apartamentos Plaza Mayor 35.<\/span><\/li>\n<li class=\"li2\"><span class=\"s1\">Droit de ne pas \u00eatre : ne pas faire l'objet d'une d\u00e9cision fond\u00e9e uniquement sur un traitement automatis\u00e9, y compris le profilage :<\/span><\/li>\n<\/ul>\n<p class=\"p2\"><span class=\"s1\">Il s'agit du droit de l'utilisateur de ne pas faire l'objet d'une d\u00e9cision individualis\u00e9e fond\u00e9e exclusivement sur un traitement automatis\u00e9 de ses donn\u00e9es \u00e0 caract\u00e8re personnel, y compris le profilage, sauf disposition l\u00e9gale contraire.<\/span><span class=\"s2\"><br \/>\n<\/span><span class=\"s1\">Par cons\u00e9quent, l'utilisateur peut exercer ses droits par le biais d'une communication \u00e9crite adress\u00e9e au responsable du traitement des donn\u00e9es avec la r\u00e9f\u00e9rence \"RGPD-www.plazamayor35.com\", en sp\u00e9cifiant : le nom, le(s) pr\u00e9nom(s) de l'utilisateur et une copie de son document national d'identit\u00e9 (DNI). Dans les cas o\u00f9 la repr\u00e9sentation est autoris\u00e9e, il sera \u00e9galement n\u00e9cessaire d'identifier la personne repr\u00e9sentant l'Utilisateur par les m\u00eames moyens, ainsi que le document accr\u00e9ditant la repr\u00e9sentation. La photocopie de la DNI peut \u00eatre remplac\u00e9e par tout autre moyen l\u00e9galement valable qui accr\u00e9dite l'identit\u00e9.<\/span><\/p>\n<p class=\"p2\"><span class=\"s1\"><b>Demande accompagn\u00e9e des raisons sp\u00e9cifiques de la demande ou des informations \u00e0 consulter.<\/b><\/span><span class=\"s2\"><br \/>\n<\/span><span class=\"s1\">Adresse \u00e0 des fins de notification. Date et signature du demandeur. Tout document permettant d'accr\u00e9diter la demande formul\u00e9e. La pr\u00e9sente demande et tout autre document joint peuvent \u00eatre envoy\u00e9s \u00e0 l'adresse et\/ou \u00e0 l'adresse \u00e9lectronique suivantes :<\/span><\/p>\n<ul class=\"ul1\">\n<li class=\"li2\"><span class=\"s1\">Adresse postale : Plaza Mayor 35, 10003 C\u00e1ceres<\/span><\/li>\n<li class=\"li2\"><span class=\"s1\">Courriel : at.plazamayor35@gmail.com<\/span><\/li>\n<\/ul>\n<p>&nbsp;<\/p>\n<p class=\"p3\"><span class=\"s4\"><b>Liens vers des sites web de tiers<\/b><\/span><\/p>\n<p class=\"p2\"><span class=\"s1\">Le site Web peut inclure des hyperliens ou des liens qui permettent d'acc\u00e9der \u00e0 des sites Web de tiers autres que les Apartamentos Plaza Mayor 35, et qui ne sont donc pas exploit\u00e9s par les Apartamentos Plaza Mayor 35. Les propri\u00e9taires de ces sites Web auront leurs propres politiques de protection des donn\u00e9es, \u00e9tant eux-m\u00eames, dans chaque cas, responsables de leurs propres fichiers et de leurs propres pratiques en mati\u00e8re de protection de la vie priv\u00e9e.<\/span><\/p>\n<p>&nbsp;<\/p>\n<p class=\"p3\"><span class=\"s4\"><b>Plaintes aupr\u00e8s de l'autorit\u00e9 de contr\u00f4le<\/b><\/span><\/p>\n<p class=\"p2\"><span class=\"s1\">Si l'utilisateur estime que le traitement de ses donn\u00e9es personnelles pose un probl\u00e8me ou enfreint la r\u00e9glementation en vigueur, il a le droit de b\u00e9n\u00e9ficier d'une protection judiciaire efficace et d'introduire une r\u00e9clamation aupr\u00e8s d'une autorit\u00e9 de contr\u00f4le, en particulier dans l'\u00c9tat dans lequel il a sa r\u00e9sidence habituelle, son lieu de travail ou le lieu de l'infraction pr\u00e9sum\u00e9e. Dans le cas de l'Espagne, l'autorit\u00e9 de contr\u00f4le est l'Agence espagnole de protection des donn\u00e9es (http:\/\/www.agpd.es).<\/span><\/p>\n<p>&nbsp;<\/p>\n<p class=\"p3\"><span class=\"s4\"><b>Acceptation et modification de la pr\u00e9sente politique de confidentialit\u00e9<\/b><\/span><\/p>\n<p class=\"p4\"><span class=\"s2\">Il est n\u00e9cessaire que l'utilisateur ait lu et accept\u00e9 les conditions relatives \u00e0 la protection des donn\u00e9es personnelles contenues dans la pr\u00e9sente politique de confidentialit\u00e9, et qu'il accepte le traitement de ses donn\u00e9es personnelles afin que le responsable du traitement puisse proc\u00e9der de la mani\u00e8re, pendant les p\u00e9riodes et aux fins indiqu\u00e9es. L'utilisation du site Web implique l'acceptation de sa politique de confidentialit\u00e9. Apartamentos Plaza Mayor 35 se r\u00e9serve le droit de modifier sa Politique de Confidentialit\u00e9, selon ses propres crit\u00e8res, ou motiv\u00e9e par un changement l\u00e9gislatif, jurisprudentiel ou doctrinal de l'Agence Espagnole de Protection des Donn\u00e9es. Les modifications ou mises \u00e0 jour de cette politique de confidentialit\u00e9 seront explicitement notifi\u00e9es \u00e0 l'utilisateur. La pr\u00e9sente Politique de confidentialit\u00e9 a \u00e9t\u00e9 mise \u00e0 jour le 20 juillet 2018 pour s'adapter au R\u00e8glement (UE) 2016\/679 du Parlement europ\u00e9en et du Conseil du 27 avril 2016 relatif \u00e0 la protection des personnes physiques \u00e0 l'\u00e9gard du traitement des donn\u00e9es \u00e0 caract\u00e8re personnel et \u00e0 la libre circulation de ces donn\u00e9es (GDPR).<\/span><\/p>\n\t<\/div>\n<\/div>\n\n\n\n\n\t\t\t<\/div> \n\t\t<\/div>\n\t<\/div> \n<\/div><\/div>\n\t\t<div id=\"cookies\"  data-column-margin=\"default\" data-midnight=\"dark\"  class=\"wpb_row vc_row-fluid vc_row\"  style=\"padding-top: 0px; padding-bottom: 0px; \"><div class=\"row-bg-wrap\" data-bg-animation=\"none\" data-bg-animation-delay=\"\" data-bg-overlay=\"false\"><div class=\"inner-wrap row-bg-layer\" ><div class=\"row-bg viewport-desktop\"  style=\"\"><\/div><\/div><\/div><div class=\"row_col_wrap_12 col span_12 dark left\">\n\t<div  class=\"vc_col-sm-12 wpb_column column_container vc_column_container col padding-1-percent inherit_tablet inherit_phone\"  data-padding-pos=\"all\" data-has-bg-color=\"false\" data-bg-color=\"\" data-bg-opacity=\"1\" data-animation=\"\" data-delay=\"0\" >\n\t\t<div class=\"vc_column-inner\" >\n\t\t\t<div class=\"wpb_wrapper\">\n\t\t\t\t\n<div class=\"wpb_text_column wpb_content_element\" >\n\t<div class=\"wpb_wrapper\">\n\t\t<h4 class=\"p1\"><span class=\"s1\">5. POLITIQUE EN MATI\u00c8RE DE COOKIES<\/span><\/h4>\n<p class=\"p2\"><span class=\"s2\">L'acc\u00e8s \u00e0 ce site Web peut impliquer l'utilisation de cookies. Les cookies sont de petites quantit\u00e9s d'informations qui sont stock\u00e9es dans le navigateur utilis\u00e9 par chaque utilisateur - dans les diff\u00e9rents dispositifs qui peuvent \u00eatre utilis\u00e9s pour naviguer - afin que le serveur se souvienne de certaines informations qui ne seront ensuite lues que par le serveur qui les a impl\u00e9ment\u00e9es. Les cookies facilitent la navigation, la rendent plus conviviale et n'endommagent pas le dispositif de navigation. Les informations collect\u00e9es par le biais des cookies peuvent inclure la date et l'heure des visites sur le site web, les pages consult\u00e9es, le temps pass\u00e9 sur le site web et les sites visit\u00e9s juste avant et juste apr\u00e8s le site web. Toutefois, aucun cookie ne permet de contacter le num\u00e9ro de t\u00e9l\u00e9phone de l'utilisateur ou tout autre moyen de contact personnel. Aucun cookie ne peut extraire des informations du disque dur de l'utilisateur ou voler des informations personnelles. Le seul moyen pour que les informations priv\u00e9es de l'utilisateur fassent partie du fichier de cookies est que l'utilisateur donne personnellement ces informations au serveur. Les cookies qui permettent d'identifier une personne sont consid\u00e9r\u00e9s comme des donn\u00e9es personnelles. Par cons\u00e9quent, la politique de confidentialit\u00e9 susmentionn\u00e9e s'applique \u00e0 eux. En ce sens, le consentement de l'utilisateur sera n\u00e9cessaire pour l'utilisation des cookies. Ce consentement sera communiqu\u00e9, sur la base d'un choix r\u00e9el, offert par le biais d'une d\u00e9cision affirmative et positive, avant le traitement initial, amovible et document\u00e9.<\/span><\/p>\n<p>&nbsp;<\/p>\n<p class=\"p3\"><span class=\"s3\"><b>Ses propres biscuits<\/b><\/span><\/p>\n<p class=\"p4\"><span class=\"s1\">Il s'agit de cookies envoy\u00e9s \u00e0 l'ordinateur ou au dispositif de l'Utilisateur et g\u00e9r\u00e9s exclusivement par Apartamentos Plaza Mayor 35 pour le meilleur fonctionnement du site Web. Les informations collect\u00e9es sont utilis\u00e9es pour am\u00e9liorer la qualit\u00e9 du site Web et de son contenu, ainsi que votre exp\u00e9rience en tant qu'utilisateur. Ces cookies permettent de reconna\u00eetre l'Utilisateur en tant que visiteur r\u00e9current du Site et d'adapter le contenu pour lui offrir un contenu qui corresponde \u00e0 ses pr\u00e9f\u00e9rences.<\/span><\/p>\n<p>&nbsp;<\/p>\n<p class=\"p3\"><span class=\"s3\"><b>Cookies de tiers<\/b><\/span><\/p>\n<p class=\"p2\"><span class=\"s2\">Ces cookies sont utilis\u00e9s et g\u00e9r\u00e9s par des entit\u00e9s externes qui fournissent aux Apartamentos Plaza Mayor 35 les services demand\u00e9s par ces derniers afin d'am\u00e9liorer le site Web et l'exp\u00e9rience de l'utilisateur lorsqu'il navigue sur le site Web. Les principales finalit\u00e9s de l'utilisation des cookies de tiers sont l'obtention de statistiques d'acc\u00e8s et l'analyse des informations de navigation, c'est-\u00e0-dire la mani\u00e8re dont l'utilisateur interagit avec le site Web. Les informations obtenues se r\u00e9f\u00e8rent, par exemple, au nombre de pages visit\u00e9es, \u00e0 la langue, au lieu o\u00f9 se trouve l'adresse IP \u00e0 partir de laquelle l'Utilisateur acc\u00e8de, au nombre d'Utilisateurs qui acc\u00e8dent, \u00e0 la fr\u00e9quence et \u00e0 la r\u00e9currence des visites, \u00e0 l'heure de la visite, au navigateur utilis\u00e9, \u00e0 l'op\u00e9rateur ou au type d'appareil \u00e0 partir duquel la visite est effectu\u00e9e. Ces informations sont utilis\u00e9es pour am\u00e9liorer le site Web et pour d\u00e9tecter de nouveaux besoins afin d'offrir aux utilisateurs un contenu et\/ou un service de qualit\u00e9 optimale. Dans tous les cas, les informations sont collect\u00e9es de mani\u00e8re anonyme et des rapports sur les tendances du Site sont \u00e9tablis sans identifier les utilisateurs individuels. Vous pouvez obtenir plus d'informations sur les cookies, des informations sur la vie priv\u00e9e, ou consulter la description du type de cookies utilis\u00e9s, leurs principales caract\u00e9ristiques, leur dur\u00e9e d'expiration, etc. dans le(s) lien(s) suivant(s) :<\/span><\/p>\n<ul class=\"ul1\">\n<li class=\"li4\"><span class=\"s1\">Google Analytics : <a href=\"https:\/\/www.google.com\/analytics\/\" target=\"_blank\" rel=\"noopener\">https:\/\/www.google.com\/analytics\/<\/a><\/span><\/li>\n<li>Lodgify : <a href=\"https:\/\/www.lodgify.com\/es\/politica-cookies\/\" target=\"_blank\" rel=\"noopener\">https:\/\/www.lodgify.com\/es\/politica-cookies\/<\/a><\/li>\n<\/ul>\n<p class=\"p4\"><span class=\"s1\">La ou les entit\u00e9s responsables de la fourniture de cookies peuvent transf\u00e9rer ces informations \u00e0 des tiers, lorsque la loi l'exige ou lorsqu'un tiers traite ces informations pour ces entit\u00e9s.<\/span><\/p>\n<p>&nbsp;<\/p>\n<p class=\"p3\"><span class=\"s3\"><b>Cookies pour les m\u00e9dias sociaux<\/b><\/span><\/p>\n<p class=\"p4\"><span class=\"s1\">Les Apartamentos Plaza Mayor 35 int\u00e8grent des plugins de r\u00e9seaux sociaux qui permettent d'y acc\u00e9der depuis le site Web. Pour cette raison, des cookies de r\u00e9seaux sociaux peuvent \u00eatre stock\u00e9s dans le navigateur de l'utilisateur. Les propri\u00e9taires de ces r\u00e9seaux sociaux ont leurs propres politiques de protection des donn\u00e9es et de cookies, \u00e9tant eux-m\u00eames, dans chaque cas, responsables de leurs propres fichiers et de leurs propres pratiques de confidentialit\u00e9. Les utilisateurs doivent s'y r\u00e9f\u00e9rer pour obtenir des informations sur ces cookies et, le cas \u00e9ch\u00e9ant, sur le traitement de leurs donn\u00e9es personnelles. \u00c0 titre d'information uniquement, les liens permettant de consulter ces politiques en mati\u00e8re de protection de la vie priv\u00e9e et\/ou de cookies sont indiqu\u00e9s ci-dessous :<\/span><\/p>\n<ul class=\"ul1\">\n<li class=\"li4\"><span class=\"s1\">Facebook : <a href=\"https:\/\/www.facebook.com\/policies\/cookies\/\" target=\"_blank\" rel=\"noopener\">https:\/\/www.facebook.com\/policies\/cookies\/<\/a><\/span><\/li>\n<li class=\"li4\"><span class=\"s1\">Instagram : <a href=\"https:\/\/help.instagram.com\/1896641480634370?ref=ig\" target=\"_blank\" rel=\"noopener\">https:\/\/help.instagram.com\/1896641480634370?ref=ig<\/a><\/span><\/li>\n<\/ul>\n<p>&nbsp;<\/p>\n<p class=\"p3\"><span class=\"s3\"><b>D\u00e9sactivation, rejet et suppression des cookies<\/b><\/span><\/p>\n<p class=\"p4\"><span class=\"s1\">L'utilisateur peut d\u00e9sactiver, refuser et supprimer les cookies - en tout ou en partie - install\u00e9s sur son appareil en configurant son navigateur (notamment Chrome, Firefox, Safari, Explorer). A cet \u00e9gard, les proc\u00e9dures de refus et de suppression des cookies peuvent diff\u00e9rer d'un navigateur Internet \u00e0 l'autre. Par cons\u00e9quent, l'Utilisateur doit suivre les instructions fournies par le navigateur Internet qu'il utilise. Dans le cas o\u00f9 vous refusez l'utilisation de cookies - totalement ou partiellement - vous pouvez continuer \u00e0 utiliser le site Web, bien que l'utilisation de certaines de ses fonctionnalit\u00e9s puisse \u00eatre limit\u00e9e.<\/span><\/p>\n<p>&nbsp;<\/p>\n<p class=\"p3\"><span class=\"s3\"><b>Modifications de la politique en mati\u00e8re de cookies<\/b><\/span><\/p>\n<p class=\"p4\"><span class=\"s1\">Il est possible que la politique en mati\u00e8re de cookies du site Internet soit modifi\u00e9e ou mise \u00e0 jour. Il est donc recommand\u00e9 \u00e0 l'utilisateur de revoir cette politique chaque fois qu'il acc\u00e8de au site Internet afin d'\u00eatre correctement inform\u00e9 de la mani\u00e8re dont nous utilisons les cookies et de la finalit\u00e9 de cette utilisation.<\/span><\/p>\n\t<\/div>\n<\/div>\n\n\n\n\n\t\t\t<\/div> \n\t\t<\/div>\n\t<\/div> \n<\/div><\/div>\n\t\t<div id=\"fws_69f1a2c5de383\"  data-column-margin=\"default\" data-midnight=\"dark\"  class=\"wpb_row vc_row-fluid vc_row\"  style=\"padding-top: 0px; padding-bottom: 0px; \"><div class=\"row-bg-wrap\" data-bg-animation=\"none\" data-bg-animation-delay=\"\" data-bg-overlay=\"false\"><div class=\"inner-wrap row-bg-layer\" ><div class=\"row-bg viewport-desktop\"  style=\"\"><\/div><\/div><\/div><div class=\"row_col_wrap_12 col span_12 dark left\">\n\t<div  class=\"vc_col-sm-12 wpb_column column_container vc_column_container col padding-1-percent inherit_tablet inherit_phone\"  data-padding-pos=\"all\" data-has-bg-color=\"false\" data-bg-color=\"\" data-bg-opacity=\"1\" data-animation=\"\" data-delay=\"0\" >\n\t\t<div class=\"vc_column-inner\" >\n\t\t\t<div class=\"wpb_wrapper\">\n\t\t\t\t\n<div class=\"wpb_text_column wpb_content_element\" >\n\t<div class=\"wpb_wrapper\">\n\t\t<h4 class=\"p1\"><span class=\"s1\">6. POLITIQUE DE LIAISON<\/span><\/h4>\n<p class=\"p2\"><span class=\"s1\">Nous vous informons que le site Internet des Apartamentos Plaza Mayor 35 met ou peut mettre \u00e0 la disposition des utilisateurs des moyens de liaison (tels que, entre autres, des liens, des banni\u00e8res, des boutons), des r\u00e9pertoires et des moteurs de recherche qui permettent aux utilisateurs d'acc\u00e9der \u00e0 des sites Internet appartenant \u00e0 des tiers et\/ou g\u00e9r\u00e9s par des tiers.<\/span><\/p>\n<p class=\"p3\"><span class=\"s2\">L'installation de ces liens, r\u00e9pertoires et moteurs de recherche sur le site Web a pour but de faciliter \u00e0 l'utilisateur la recherche et l'acc\u00e8s \u00e0 l'information disponible sur Internet, et ne peut \u00eatre consid\u00e9r\u00e9e comme une suggestion, une recommandation ou une invitation \u00e0 les visiter. Apartamentos Plaza Mayor 35 n'offre ni ne commercialise, par elle-m\u00eame ou par l'interm\u00e9diaire de tiers, les produits et\/ou services disponibles sur lesdits sites li\u00e9s. Apartamentos Plaza Mayor 35 ne garantit pas la disponibilit\u00e9 technique, l'exactitude, la v\u00e9racit\u00e9, la validit\u00e9 ou la l\u00e9galit\u00e9 des sites ext\u00e9rieurs \u00e0 sa propri\u00e9t\u00e9 auxquels il est possible d'acc\u00e9der par le biais de liens. Apartamentos Plaza Mayor 35 ne r\u00e9vise ni ne contr\u00f4le en aucun cas le contenu d'autres sites web, pas plus qu'il n'approuve, n'examine ou n'endosse les produits et services, le contenu, les fichiers et tout autre mat\u00e9riel de ces sites li\u00e9s. Les Apartamentos Plaza Mayor 35 n'assument aucune responsabilit\u00e9 pour les dommages qui pourraient d\u00e9couler de l'acc\u00e8s, de l'utilisation, de la qualit\u00e9 ou de la l\u00e9galit\u00e9 des contenus, des communications, des opinions, des produits et des services des sites web non g\u00e9r\u00e9s par les Apartamentos Plaza Mayor 35 et qui sont li\u00e9s \u00e0 ce site web. Les utilisateurs ou les tiers qui cr\u00e9ent un lien hypertexte \u00e0 partir d'une page web d'un autre site, diff\u00e9rent, vers le site web des Apartamentos Plaza Mayor 35 doivent \u00eatre conscients que : Aucune reproduction - totale ou partielle - des contenus et\/ou services du site web n'est permise sans l'autorisation expresse des Apartamentos Plaza Mayor 35. Aucune d\u00e9claration fausse, inexacte ou incorrecte sur le site web des Apartamentos Plaza Mayor 35, ni sur les contenus et\/ou services de ce dernier n'est permise. \u00c0 l'exception de l'hyperlien, le site web sur lequel est \u00e9tabli l'hyperlien ne contiendra aucun \u00e9l\u00e9ment de ce site web prot\u00e9g\u00e9 comme propri\u00e9t\u00e9 intellectuelle par la loi espagnole, sauf autorisation expresse de Apartamentos Plaza Mayor 35. L'\u00e9tablissement de l'hyperlien n'implique pas l'existence d'une relation entre Apartamentos Plaza Mayor 35 et le propri\u00e9taire du site web \u00e0 partir duquel il est \u00e9tabli, ni la connaissance et l'acceptation par Apartamentos Plaza Mayor 35 des contenus, services et\/ou activit\u00e9s offerts sur ledit site web, et vice-versa.<\/span><\/p>\n\t<\/div>\n<\/div>\n\n\n\n\n\t\t\t<\/div> \n\t\t<\/div>\n\t<\/div> \n<\/div><\/div>\n\t\t<div id=\"fws_69f1a2c5deeeb\"  data-column-margin=\"default\" data-midnight=\"dark\"  class=\"wpb_row vc_row-fluid vc_row\"  style=\"padding-top: 0px; padding-bottom: 0px; \"><div class=\"row-bg-wrap\" data-bg-animation=\"none\" data-bg-animation-delay=\"\" data-bg-overlay=\"false\"><div class=\"inner-wrap row-bg-layer\" ><div class=\"row-bg viewport-desktop\"  style=\"\"><\/div><\/div><\/div><div class=\"row_col_wrap_12 col span_12 dark left\">\n\t<div  class=\"vc_col-sm-12 wpb_column column_container vc_column_container col padding-1-percent inherit_tablet inherit_phone\"  data-padding-pos=\"all\" data-has-bg-color=\"false\" data-bg-color=\"\" data-bg-opacity=\"1\" data-animation=\"\" data-delay=\"0\" >\n\t\t<div class=\"vc_column-inner\" >\n\t\t\t<div class=\"wpb_wrapper\">\n\t\t\t\t\n<div class=\"wpb_text_column wpb_content_element\" >\n\t<div class=\"wpb_wrapper\">\n\t\t<h4 class=\"p1\"><span class=\"s1\">7. PROPRI\u00c9T\u00c9 INTELLECTUELLE ET INDUSTRIELLE<\/span><\/h4>\n<p class=\"p2\"><span class=\"s1\">Apartamentos Plaza Mayor 35 d\u00e9tient, en propre ou en tant que cessionnaire, tous les droits de propri\u00e9t\u00e9 intellectuelle et industrielle du site Web, ainsi que les \u00e9l\u00e9ments qu'il contient (y compris, mais sans s'y limiter, les images, le son, l'audio, la vid\u00e9o, le logiciel ou les textes, les marques ou les logos, les combinaisons de couleurs, la structure et la conception, la s\u00e9lection des mat\u00e9riaux utilis\u00e9s, les programmes informatiques n\u00e9cessaires \u00e0 son fonctionnement, \u00e0 son acc\u00e8s et \u00e0 son utilisation, etc.) ). Il s'agit donc d'\u0153uvres prot\u00e9g\u00e9es en tant que propri\u00e9t\u00e9 intellectuelle par le syst\u00e8me juridique espagnol, auquel s'appliquent les r\u00e9glementations espagnoles et communautaires en la mati\u00e8re, ainsi que les trait\u00e9s internationaux sign\u00e9s par l'Espagne en la mati\u00e8re.<\/span><\/p>\n<p class=\"p3\"><span class=\"s2\">Tous les droits sont r\u00e9serv\u00e9s. Conform\u00e9ment aux dispositions de la loi sur la propri\u00e9t\u00e9 intellectuelle, la reproduction, la distribution et la communication publique, y compris la mise \u00e0 disposition de tout ou partie des contenus de ce site Web, \u00e0 des fins commerciales, sur tout support et par tout moyen technique, sans l'autorisation de Apartamentos Plaza Mayor 35, sont express\u00e9ment interdites. Si l'utilisateur ou un tiers consid\u00e8re que l'un des contenus du site Web implique une violation des droits de protection de la propri\u00e9t\u00e9 intellectuelle, il doit en informer imm\u00e9diatement les Apartamentos Plaza Mayor 35 aux coordonn\u00e9es indiqu\u00e9es dans la section INFORMATIONS G\u00c9N\u00c9RALES des pr\u00e9sentes mentions l\u00e9gales et conditions g\u00e9n\u00e9rales d'utilisation.<\/span><\/p>\n\t<\/div>\n<\/div>\n\n\n\n\n\t\t\t<\/div> \n\t\t<\/div>\n\t<\/div> \n<\/div><\/div>\n\t\t<div id=\"fws_69f1a2c5dfa25\"  data-column-margin=\"default\" data-midnight=\"dark\"  class=\"wpb_row vc_row-fluid vc_row\"  style=\"padding-top: 0px; padding-bottom: 0px; \"><div class=\"row-bg-wrap\" data-bg-animation=\"none\" data-bg-animation-delay=\"\" data-bg-overlay=\"false\"><div class=\"inner-wrap row-bg-layer\" ><div class=\"row-bg viewport-desktop\"  style=\"\"><\/div><\/div><\/div><div class=\"row_col_wrap_12 col span_12 dark left\">\n\t<div style=\"margin-bottom: 80px; \" class=\"vc_col-sm-12 wpb_column column_container vc_column_container col padding-1-percent inherit_tablet inherit_phone\"  data-padding-pos=\"all\" data-has-bg-color=\"false\" data-bg-color=\"\" data-bg-opacity=\"1\" data-animation=\"\" data-delay=\"0\" >\n\t\t<div class=\"vc_column-inner\" >\n\t\t\t<div class=\"wpb_wrapper\">\n\t\t\t\t\n<div class=\"wpb_text_column wpb_content_element\" >\n\t<div class=\"wpb_wrapper\">\n\t\t<h4 class=\"p1\"><span class=\"s1\">8. ACTIONS EN JUSTICE, DROIT APPLICABLE ET JURIDICTION<\/span><\/h4>\n<p class=\"p2\"><span class=\"s1\">Les Apartamentos Plaza Mayor 35 se r\u00e9servent le droit d'engager toute action civile ou p\u00e9nale qu'ils jugeront n\u00e9cessaire en cas d'utilisation inappropri\u00e9e du site Web et de ses contenus, ou en cas de violation des pr\u00e9sentes conditions.<\/span><\/p>\n<p class=\"p3\"><span class=\"s2\">La relation entre l'utilisateur et les Apartamentos Plaza Mayor 35 est r\u00e9gie par la r\u00e9glementation en vigueur et applicable sur le territoire espagnol. En cas de litige relatif \u00e0 l'interpr\u00e9tation et\/ou \u00e0 l'application des pr\u00e9sentes conditions, les parties soumettront leurs diff\u00e9rends \u00e0 la juridiction ordinaire, en s'en remettant aux juges et aux tribunaux correspondants conform\u00e9ment \u00e0 la loi.<\/span><\/p>\n<p>&nbsp;<\/p>\n<p class=\"p1\" style=\"text-align: center;\"><span class=\"s1\">Derni\u00e8re modification : 21 juillet 2021.<\/span><\/p>\n\t<\/div>\n<\/div>\n\n\n\n\n\t\t\t<\/div> \n\t\t<\/div>\n\t<\/div> \n<\/div><\/div>","protected":false},"excerpt":{"rendered":"POLITIQUE DE CONFIDENTIALIT\u00c9 ET CONDITIONS G\u00c9N\u00c9RALES D'UTILISATION 1. INFORMATIONS G\u00c9N\u00c9RALES Conform\u00e9ment au devoir d'information pr\u00e9vu par la loi 34\/2002 sur les services de la soci\u00e9t\u00e9 de l'information (Ley 34\/2002 de Servicios de la Sociedad de la Sociedad de la...","protected":false},"author":1,"featured_media":0,"parent":0,"menu_order":9,"comment_status":"closed","ping_status":"closed","template":"","meta":{"footnotes":""},"rankMath":{"parentDomain":"plazamayor35.com","noFollowDomains":[],"noFollowExcludeDomains":[],"noFollowExternalLinks":false,"featuredImageNotice":"L\u2019image en vedette devrait \u00eatre au moins 200 par 200 pixels pour \u00eatre utilis\u00e9 par Facebook et d\u2019autres sites de m\u00e9dias sociaux.","pluginReviewed":false,"postSettings":{"linkSuggestions":true,"useFocusKeyword":false},"frontEndScore":false,"postName":"politica-de-privacidad","permalinkFormat":"https:\/\/www.plazamayor35.com\/fr\/%pagename%\/","showLockModifiedDate":true,"assessor":{"focusKeywordLink":"https:\/\/www.plazamayor35.com\/wp-admin\/edit.php?focus_keyword=%focus_keyword%&post_type=%post_type%","hasTOCPlugin":false,"primaryTaxonomy":false,"serpData":{"title":"","description":"","focusKeywords":"","pillarContent":false,"canonicalUrl":"","breadcrumbTitle":"","advancedRobots":{"max-snippet":"-1","max-video-preview":"-1","max-image-preview":"large"},"facebookTitle":"","facebookDescription":"","facebookImage":"","facebookImageID":"","facebookHasOverlay":false,"facebookImageOverlay":"","facebookAuthor":"","twitterCardType":"","twitterUseFacebook":true,"twitterTitle":"","twitterDescription":"","twitterImage":"","twitterImageID":"","twitterHasOverlay":false,"twitterImageOverlay":"","twitterPlayerUrl":"","twitterPlayerSize":"","twitterPlayerStream":"","twitterPlayerStreamCtype":"","twitterAppDescription":"","twitterAppIphoneName":"","twitterAppIphoneID":"","twitterAppIphoneUrl":"","twitterAppIpadName":"","twitterAppIpadID":"","twitterAppIpadUrl":"","twitterAppGoogleplayName":"","twitterAppGoogleplayID":"","twitterAppGoogleplayUrl":"","twitterAppCountry":"","robots":{"index":true},"twitterAuthor":"identifiant","primaryTerm":0,"authorName":"pm35admin","titleTemplate":"%title% %page% %sep% %sitename%","descriptionTemplate":"%excerpt%","showScoreFrontend":true,"lockModifiedDate":false},"powerWords":["absolument","amazement","astonishing","authentique","beau","bien-\u00eatre","brillant","captivant","charismatique","choc","clair","compl\u00e8tement","confidentiel","confiance","cons\u00e9quent","cr\u00e9atif","d\u00e9finitivement","d\u00e9licieux","d\u00e9montrer","d\u00e9p\u00eachez-vous","d\u00e9termin\u00e9","digne","dynamique","\u00e9blouissant","\u00e9clatant","\u00e9conomique","\u00e9fficace","\u00e9l\u00e9gant","\u00e9motionnel","\u00e9nergique","\u00e9norme","\u00e9poustouflant","essentiel","\u00e9tonnant","exclusif","exp\u00e9rience","fabuleux","fantastique","formidable","fort","garanti","g\u00e9ant","g\u00e9n\u00e9reux","grandiose","gratuit","habile","harmonieux","historique","hors pair","important","incroyable","indispensable","inoubliable","inspirant","innovant","intense","invention","irr\u00e9sistible","l\u00e9gendaire","lumineux","luxe","magique","magnifique","majestueux","marquant","merveilleux","miraculeux","motivant","n\u00e9cessaire","nouvelle","officiel","parfait","passionn\u00e9","persuasif","ph\u00e9nom\u00e9nal","plaisir","populaire","pouvoir","prestigieux","prodigieux","profond","prosp\u00e8re","puissant","qualit\u00e9","radieux","rapide","r\u00e9ussi","r\u00e9volutionnaire","satisfait","s\u00e9curit\u00e9","sensationnel","serein","somptueux","splendide","sublime","surprenant","talentueux","terrifiant","unique","valeur","vibrant","victorieux","vif","vraiment","z\u00e9l\u00e9"],"diacritics":{"A":"[\\u0041\\u24B6\\uFF21\\u00C0\\u00C1\\u00C2\\u1EA6\\u1EA4\\u1EAA\\u1EA8\\u00C3\\u0100\\u0102\\u1EB0\\u1EAE\\u1EB4\\u1EB2\\u0226\\u01E0\\u00C4\\u01DE\\u1EA2\\u00C5\\u01FA\\u01CD\\u0200\\u0202\\u1EA0\\u1EAC\\u1EB6\\u1E00\\u0104\\u023A\\u2C6F]","AA":"[\\uA732]","AE":"[\\u00C6\\u01FC\\u01E2]","AO":"[\\uA734]","AU":"[\\uA736]","AV":"[\\uA738\\uA73A]","AY":"[\\uA73C]","B":"[\\u0042\\u24B7\\uFF22\\u1E02\\u1E04\\u1E06\\u0243\\u0182\\u0181]","C":"[\\u0043\\u24B8\\uFF23\\u0106\\u0108\\u010A\\u010C\\u00C7\\u1E08\\u0187\\u023B\\uA73E]","D":"[\\u0044\\u24B9\\uFF24\\u1E0A\\u010E\\u1E0C\\u1E10\\u1E12\\u1E0E\\u0110\\u018B\\u018A\\u0189\\uA779]","DZ":"[\\u01F1\\u01C4]","Dz":"[\\u01F2\\u01C5]","E":"[\\u0045\\u24BA\\uFF25\\u00C8\\u00C9\\u00CA\\u1EC0\\u1EBE\\u1EC4\\u1EC2\\u1EBC\\u0112\\u1E14\\u1E16\\u0114\\u0116\\u00CB\\u1EBA\\u011A\\u0204\\u0206\\u1EB8\\u1EC6\\u0228\\u1E1C\\u0118\\u1E18\\u1E1A\\u0190\\u018E]","F":"[\\u0046\\u24BB\\uFF26\\u1E1E\\u0191\\uA77B]","G":"[\\u0047\\u24BC\\uFF27\\u01F4\\u011C\\u1E20\\u011E\\u0120\\u01E6\\u0122\\u01E4\\u0193\\uA7A0\\uA77D\\uA77E]","H":"[\\u0048\\u24BD\\uFF28\\u0124\\u1E22\\u1E26\\u021E\\u1E24\\u1E28\\u1E2A\\u0126\\u2C67\\u2C75\\uA78D]","I":"[\\u0049\\u24BE\\uFF29\\u00CC\\u00CD\\u00CE\\u0128\\u012A\\u012C\\u0130\\u00CF\\u1E2E\\u1EC8\\u01CF\\u0208\\u020A\\u1ECA\\u012E\\u1E2C\\u0197]","J":"[\\u004A\\u24BF\\uFF2A\\u0134\\u0248]","K":"[\\u004B\\u24C0\\uFF2B\\u1E30\\u01E8\\u1E32\\u0136\\u1E34\\u0198\\u2C69\\uA740\\uA742\\uA744\\uA7A2]","L":"[\\u004C\\u24C1\\uFF2C\\u013F\\u0139\\u013D\\u1E36\\u1E38\\u013B\\u1E3C\\u1E3A\\u0141\\u023D\\u2C62\\u2C60\\uA748\\uA746\\uA780]","LJ":"[\\u01C7]","Lj":"[\\u01C8]","M":"[\\u004D\\u24C2\\uFF2D\\u1E3E\\u1E40\\u1E42\\u2C6E\\u019C]","N":"[\\u004E\\u24C3\\uFF2E\\u01F8\\u0143\\u00D1\\u1E44\\u0147\\u1E46\\u0145\\u1E4A\\u1E48\\u0220\\u019D\\uA790\\uA7A4]","NJ":"[\\u01CA]","Nj":"[\\u01CB]","O":"[\\u004F\\u24C4\\uFF2F\\u00D2\\u00D3\\u00D4\\u1ED2\\u1ED0\\u1ED6\\u1ED4\\u00D5\\u1E4C\\u022C\\u1E4E\\u014C\\u1E50\\u1E52\\u014E\\u022E\\u0230\\u00D6\\u022A\\u1ECE\\u0150\\u01D1\\u020C\\u020E\\u01A0\\u1EDC\\u1EDA\\u1EE0\\u1EDE\\u1EE2\\u1ECC\\u1ED8\\u01EA\\u01EC\\u00D8\\u01FE\\u0186\\u019F\\uA74A\\uA74C]","OI":"[\\u01A2]","OO":"[\\uA74E]","OU":"[\\u0222]","P":"[\\u0050\\u24C5\\uFF30\\u1E54\\u1E56\\u01A4\\u2C63\\uA750\\uA752\\uA754]","Q":"[\\u0051\\u24C6\\uFF31\\uA756\\uA758\\u024A]","R":"[\\u0052\\u24C7\\uFF32\\u0154\\u1E58\\u0158\\u0210\\u0212\\u1E5A\\u1E5C\\u0156\\u1E5E\\u024C\\u2C64\\uA75A\\uA7A6\\uA782]","S":"[\\u0053\\u24C8\\uFF33\\u1E9E\\u015A\\u1E64\\u015C\\u1E60\\u0160\\u1E66\\u1E62\\u1E68\\u0218\\u015E\\u2C7E\\uA7A8\\uA784]","T":"[\\u0054\\u24C9\\uFF34\\u1E6A\\u0164\\u1E6C\\u021A\\u0162\\u1E70\\u1E6E\\u0166\\u01AC\\u01AE\\u023E\\uA786]","TZ":"[\\uA728]","U":"[\\u0055\\u24CA\\uFF35\\u00D9\\u00DA\\u00DB\\u0168\\u1E78\\u016A\\u1E7A\\u016C\\u00DC\\u01DB\\u01D7\\u01D5\\u01D9\\u1EE6\\u016E\\u0170\\u01D3\\u0214\\u0216\\u01AF\\u1EEA\\u1EE8\\u1EEE\\u1EEC\\u1EF0\\u1EE4\\u1E72\\u0172\\u1E76\\u1E74\\u0244]","V":"[\\u0056\\u24CB\\uFF36\\u1E7C\\u1E7E\\u01B2\\uA75E\\u0245]","VY":"[\\uA760]","W":"[\\u0057\\u24CC\\uFF37\\u1E80\\u1E82\\u0174\\u1E86\\u1E84\\u1E88\\u2C72]","X":"[\\u0058\\u24CD\\uFF38\\u1E8A\\u1E8C]","Y":"[\\u0059\\u24CE\\uFF39\\u1EF2\\u00DD\\u0176\\u1EF8\\u0232\\u1E8E\\u0178\\u1EF6\\u1EF4\\u01B3\\u024E\\u1EFE]","Z":"[\\u005A\\u24CF\\uFF3A\\u0179\\u1E90\\u017B\\u017D\\u1E92\\u1E94\\u01B5\\u0224\\u2C7F\\u2C6B\\uA762]","a":"[\\u0061\\u24D0\\uFF41\\u1E9A\\u00E0\\u00E1\\u00E2\\u1EA7\\u1EA5\\u1EAB\\u1EA9\\u00E3\\u0101\\u0103\\u1EB1\\u1EAF\\u1EB5\\u1EB3\\u0227\\u01E1\\u00E4\\u01DF\\u1EA3\\u00E5\\u01FB\\u01CE\\u0201\\u0203\\u1EA1\\u1EAD\\u1EB7\\u1E01\\u0105\\u2C65\\u0250]","aa":"[\\uA733]","ae":"[\\u00E6\\u01FD\\u01E3]","ao":"[\\uA735]","au":"[\\uA737]","av":"[\\uA739\\uA73B]","ay":"[\\uA73D]","b":"[\\u0062\\u24D1\\uFF42\\u1E03\\u1E05\\u1E07\\u0180\\u0183\\u0253]","c":"[\\u0063\\u24D2\\uFF43\\u0107\\u0109\\u010B\\u010D\\u00E7\\u1E09\\u0188\\u023C\\uA73F\\u2184]","d":"[\\u0064\\u24D3\\uFF44\\u1E0B\\u010F\\u1E0D\\u1E11\\u1E13\\u1E0F\\u0111\\u018C\\u0256\\u0257\\uA77A]","dz":"[\\u01F3\\u01C6]","e":"[\\u0065\\u24D4\\uFF45\\u00E8\\u00E9\\u00EA\\u1EC1\\u1EBF\\u1EC5\\u1EC3\\u1EBD\\u0113\\u1E15\\u1E17\\u0115\\u0117\\u00EB\\u1EBB\\u011B\\u0205\\u0207\\u1EB9\\u1EC7\\u0229\\u1E1D\\u0119\\u1E19\\u1E1B\\u0247\\u025B\\u01DD]","f":"[\\u0066\\u24D5\\uFF46\\u1E1F\\u0192\\uA77C]","g":"[\\u0067\\u24D6\\uFF47\\u01F5\\u011D\\u1E21\\u011F\\u0121\\u01E7\\u0123\\u01E5\\u0260\\uA7A1\\u1D79\\uA77F]","h":"[\\u0068\\u24D7\\uFF48\\u0125\\u1E23\\u1E27\\u021F\\u1E25\\u1E29\\u1E2B\\u1E96\\u0127\\u2C68\\u2C76\\u0265]","hv":"[\\u0195]","i":"[\\u0069\\u24D8\\uFF49\\u00EC\\u00ED\\u00EE\\u0129\\u012B\\u012D\\u00EF\\u1E2F\\u1EC9\\u01D0\\u0209\\u020B\\u1ECB\\u012F\\u1E2D\\u0268\\u0131]","j":"[\\u006A\\u24D9\\uFF4A\\u0135\\u01F0\\u0249]","k":"[\\u006B\\u24DA\\uFF4B\\u1E31\\u01E9\\u1E33\\u0137\\u1E35\\u0199\\u2C6A\\uA741\\uA743\\uA745\\uA7A3]","l":"[\\u006C\\u24DB\\uFF4C\\u0140\\u013A\\u013E\\u1E37\\u1E39\\u013C\\u1E3D\\u1E3B\\u017F\\u0142\\u019A\\u026B\\u2C61\\uA749\\uA781\\uA747]","lj":"[\\u01C9]","m":"[\\u006D\\u24DC\\uFF4D\\u1E3F\\u1E41\\u1E43\\u0271\\u026F]","n":"[\\u006E\\u24DD\\uFF4E\\u01F9\\u0144\\u00F1\\u1E45\\u0148\\u1E47\\u0146\\u1E4B\\u1E49\\u019E\\u0272\\u0149\\uA791\\uA7A5]","nj":"[\\u01CC]","o":"[\\u006F\\u24DE\\uFF4F\\u00F2\\u00F3\\u00F4\\u1ED3\\u1ED1\\u1ED7\\u1ED5\\u00F5\\u1E4D\\u022D\\u1E4F\\u014D\\u1E51\\u1E53\\u014F\\u022F\\u0231\\u00F6\\u022B\\u1ECF\\u0151\\u01D2\\u020D\\u020F\\u01A1\\u1EDD\\u1EDB\\u1EE1\\u1EDF\\u1EE3\\u1ECD\\u1ED9\\u01EB\\u01ED\\u00F8\\u01FF\\u0254\\uA74B\\uA74D\\u0275]","oi":"[\\u01A3]","ou":"[\\u0223]","oo":"[\\uA74F]","p":"[\\u0070\\u24DF\\uFF50\\u1E55\\u1E57\\u01A5\\u1D7D\\uA751\\uA753\\uA755]","q":"[\\u0071\\u24E0\\uFF51\\u024B\\uA757\\uA759]","r":"[\\u0072\\u24E1\\uFF52\\u0155\\u1E59\\u0159\\u0211\\u0213\\u1E5B\\u1E5D\\u0157\\u1E5F\\u024D\\u027D\\uA75B\\uA7A7\\uA783]","s":"[\\u0073\\u24E2\\uFF53\\u015B\\u1E65\\u015D\\u1E61\\u0161\\u1E67\\u1E63\\u1E69\\u0219\\u015F\\u023F\\uA7A9\\uA785\\u1E9B]","ss":"[\\u00DF]","t":"[\\u0074\\u24E3\\uFF54\\u1E6B\\u1E97\\u0165\\u1E6D\\u021B\\u0163\\u1E71\\u1E6F\\u0167\\u01AD\\u0288\\u2C66\\uA787]","tz":"[\\uA729]","u":"[\\u0075\\u24E4\\uFF55\\u00F9\\u00FA\\u00FB\\u0169\\u1E79\\u016B\\u1E7B\\u016D\\u00FC\\u01DC\\u01D8\\u01D6\\u01DA\\u1EE7\\u016F\\u0171\\u01D4\\u0215\\u0217\\u01B0\\u1EEB\\u1EE9\\u1EEF\\u1EED\\u1EF1\\u1EE5\\u1E73\\u0173\\u1E77\\u1E75\\u0289]","v":"[\\u0076\\u24E5\\uFF56\\u1E7D\\u1E7F\\u028B\\uA75F\\u028C]","vy":"[\\uA761]","w":"[\\u0077\\u24E6\\uFF57\\u1E81\\u1E83\\u0175\\u1E87\\u1E85\\u1E98\\u1E89\\u2C73]","x":"[\\u0078\\u24E7\\uFF58\\u1E8B\\u1E8D]","y":"[\\u0079\\u24E8\\uFF59\\u1EF3\\u00FD\\u0177\\u1EF9\\u0233\\u1E8F\\u00FF\\u1EF7\\u1E99\\u1EF5\\u01B4\\u024F\\u1EFF]","z":"[\\u007A\\u24E9\\uFF5A\\u017A\\u1E91\\u017C\\u017E\\u1E93\\u1E95\\u01B6\\u0225\\u0240\\u2C6C\\uA763]"},"researchesTests":["contentHasTOC","contentHasShortParagraphs","contentHasAssets","keywordInTitle","keywordInMetaDescription","keywordInPermalink","keywordIn10Percent","keywordInContent","keywordInSubheadings","keywordInImageAlt","keywordDensity","keywordNotUsed","lengthContent","lengthPermalink","linksHasInternal","linksHasExternals","linksNotAllExternals","titleStartWithKeyword","titleSentiment","titleHasPowerWords","titleHasNumber","hasContentAI"],"hasRedirection":false,"hasBreadcrumb":true},"homeUrl":"https:\/\/www.plazamayor35.com\/fr","objectID":3,"objectType":"post","locale":"fr","localeFull":"fr_FR","overlayImages":{"play":{"name":"Ic\u00f4ne de lecture","url":"https:\/\/www.plazamayor35.com\/wp-content\/plugins\/seo-by-rank-math\/assets\/admin\/img\/icon-play.png","path":"\/home\/u236439250\/domains\/plazamayor35.com\/public_html\/wp-content\/plugins\/seo-by-rank-math\/assets\/admin\/img\/icon-play.png","position":"middle_center"},"gif":{"name":"Ic\u00f4ne GIF","url":"https:\/\/www.plazamayor35.com\/wp-content\/plugins\/seo-by-rank-math\/assets\/admin\/img\/icon-gif.png","path":"\/home\/u236439250\/domains\/plazamayor35.com\/public_html\/wp-content\/plugins\/seo-by-rank-math\/assets\/admin\/img\/icon-gif.png","position":"middle_center"}},"defautOgImage":"https:\/\/www.plazamayor35.com\/wp-content\/uploads\/2021\/07\/206-la-suite-plaza-terraza.jpg","customPermalinks":true,"isUserRegistered":true,"autoSuggestKeywords":true,"connectSiteUrl":"https:\/\/rankmath.com\/auth?site=https%3A%2F%2Fwww.plazamayor35.com%2Ffr&r=https%3A%2F%2Fwww.plazamayor35.com%2Ffr%2Fwp-json%2Fwp%2Fv2%2Fpages%2F3%3Fnonce%3D7c48a61db1","maxTags":5,"trendsIcon":"<svg viewBox=\"0 0 610 610\"><path d=\"M18.85,446,174.32,290.48l58.08,58.08L76.93,504a14.54,14.54,0,0,1-20.55,0L18.83,466.48a14.54,14.54,0,0,1,0-20.55Z\" style=\"fill:#4285f4\"\/><path d=\"M242.65,242.66,377.59,377.6l-47.75,47.75a14.54,14.54,0,0,1-20.55,0L174.37,290.43l47.75-47.75A14.52,14.52,0,0,1,242.65,242.66Z\" style=\"fill:#ea4335\"\/><polygon points=\"319.53 319.53 479.26 159.8 537.34 217.88 377.61 377.62 319.53 319.53\" style=\"fill:#fabb05\"\/><path d=\"M594.26,262.73V118.61h0a16.94,16.94,0,0,0-16.94-16.94H433.2a16.94,16.94,0,0,0-12,28.92L565.34,274.71h0a16.94,16.94,0,0,0,28.92-12Z\" style=\"fill:#34a853\"\/><rect width=\"610\" height=\"610\" style=\"fill:none\"\/><\/svg>","showScore":true,"siteFavIcon":"data:image\/png;base64,iVBORw0KGgoAAAANSUhEUgAAABAAAAAQCAYAAAAf8\/9hAAABs0lEQVR4AWL4\/\/8\/RRjO8Iucx+noO0MWUDo16FYABMGP6ZfUcRnWtm27jVPbtm3bttuH2t3eFPcY9pLz7NxiLjCyVd87pKnHyqXyxtCs8APd0rnyxiu4qSeA3QEDrAwBDrT1s1Rc\/OrjLZwqVmOSu6+Lamcpp2KKMA9PH1BYXMe1mUP5qotvXTywsOEEYHXxrY+3cqk6TMkYpNr2FeoY3KIr0RPtn9wQ2unlA+GMkRw6+9TFw4YTwDUzx\/JVvARj9KaedXRO8P5B1Du2S32smzqUrcKGEyA+uAgQjKX7zf0boWHGfn71jIKj2689gxp7OAGShNcBUmLMPVjZuiKcA2vuWHHDCQxMCz629kXAIU4ApY15QwggAFbfOP9DhgBJ+nWVJ1AZAfICAj1pAlY6hCADZnveQf7bQIwzVONGJonhLIlS9gr5mFg44Xd+4S3XHoGNPdJl1INIwKyEgHckEhgTe1bGiFY9GSFBYUwLh1IkiJUbY407E7syBSFxKTszEoiE\/YdrgCEayDmtaJwCI9uu8TKMuZSVfSa4BpGgzvomBR\/INhLGzrqDotp01ZR8pn\/1L0JN9d9XNyx0AAAAAElFTkSuQmCC","canUser":{"general":false,"advanced":false,"snippet":false,"social":false,"analysis":false,"analytics":false,"content_ai":false},"showKeywordIntent":true,"isPro":false,"is_front_page":false,"trendsUpgradeLink":"https:\/\/rankmath.com\/pricing\/?utm_source=Plugin&utm_medium=CE%20General%20Tab%20Trends&utm_campaign=WP","trendsUpgradeLabel":"Mettre \u00e0 niveau","trendsPreviewImage":"https:\/\/www.plazamayor35.com\/wp-content\/plugins\/seo-by-rank-math\/assets\/admin\/img\/trends-preview.jpg","currentEditor":false,"homepageData":{"assessor":{"powerWords":["absolument","amazement","astonishing","authentique","beau","bien-\u00eatre","brillant","captivant","charismatique","choc","clair","compl\u00e8tement","confidentiel","confiance","cons\u00e9quent","cr\u00e9atif","d\u00e9finitivement","d\u00e9licieux","d\u00e9montrer","d\u00e9p\u00eachez-vous","d\u00e9termin\u00e9","digne","dynamique","\u00e9blouissant","\u00e9clatant","\u00e9conomique","\u00e9fficace","\u00e9l\u00e9gant","\u00e9motionnel","\u00e9nergique","\u00e9norme","\u00e9poustouflant","essentiel","\u00e9tonnant","exclusif","exp\u00e9rience","fabuleux","fantastique","formidable","fort","garanti","g\u00e9ant","g\u00e9n\u00e9reux","grandiose","gratuit","habile","harmonieux","historique","hors pair","important","incroyable","indispensable","inoubliable","inspirant","innovant","intense","invention","irr\u00e9sistible","l\u00e9gendaire","lumineux","luxe","magique","magnifique","majestueux","marquant","merveilleux","miraculeux","motivant","n\u00e9cessaire","nouvelle","officiel","parfait","passionn\u00e9","persuasif","ph\u00e9nom\u00e9nal","plaisir","populaire","pouvoir","prestigieux","prodigieux","profond","prosp\u00e8re","puissant","qualit\u00e9","radieux","rapide","r\u00e9ussi","r\u00e9volutionnaire","satisfait","s\u00e9curit\u00e9","sensationnel","serein","somptueux","splendide","sublime","surprenant","talentueux","terrifiant","unique","valeur","vibrant","victorieux","vif","vraiment","z\u00e9l\u00e9"],"diacritics":true,"researchesTests":["contentHasTOC","contentHasShortParagraphs","contentHasAssets","keywordInTitle","keywordInMetaDescription","keywordInPermalink","keywordIn10Percent","keywordInContent","keywordInSubheadings","keywordInImageAlt","keywordDensity","keywordNotUsed","lengthContent","lengthPermalink","linksHasInternal","linksHasExternals","linksNotAllExternals","titleStartWithKeyword","titleSentiment","titleHasPowerWords","titleHasNumber","hasContentAI"],"hasBreadcrumb":true,"serpData":{"title":"%sitename% %page% %sep% %sitedesc%","description":"","titleTemplate":"%sitename% %page% %sep% %sitedesc%","descriptionTemplate":"","focusKeywords":"","breadcrumbTitle":"Portada","robots":{"index":true},"advancedRobots":{"max-snippet":"-1","max-video-preview":"-1","max-image-preview":"large"},"facebookTitle":"","facebookDescription":"","facebookImage":"","facebookImageID":""}}}},"_links":{"self":[{"href":"https:\/\/www.plazamayor35.com\/fr\/wp-json\/wp\/v2\/pages\/3"}],"collection":[{"href":"https:\/\/www.plazamayor35.com\/fr\/wp-json\/wp\/v2\/pages"}],"about":[{"href":"https:\/\/www.plazamayor35.com\/fr\/wp-json\/wp\/v2\/types\/page"}],"author":[{"embeddable":true,"href":"https:\/\/www.plazamayor35.com\/fr\/wp-json\/wp\/v2\/users\/1"}],"replies":[{"embeddable":true,"href":"https:\/\/www.plazamayor35.com\/fr\/wp-json\/wp\/v2\/comments?post=3"}],"version-history":[{"count":0,"href":"https:\/\/www.plazamayor35.com\/fr\/wp-json\/wp\/v2\/pages\/3\/revisions"}],"wp:attachment":[{"href":"https:\/\/www.plazamayor35.com\/fr\/wp-json\/wp\/v2\/media?parent=3"}],"curies":[{"name":"wp","href":"https:\/\/api.w.org\/{rel}","templated":true}]}}