{"id":1162,"date":"2025-04-13T13:42:24","date_gmt":"2025-04-13T13:42:24","guid":{"rendered":"https:\/\/www.plazamayor35.com\/?page_id=1162"},"modified":"2025-06-11T06:09:33","modified_gmt":"2025-06-11T06:09:33","slug":"inicio-2","status":"publish","type":"page","link":"https:\/\/www.plazamayor35.com\/pt\/","title":{"rendered":"In\u00edcio"},"content":{"rendered":"<div id=\"fws_69f1a3032a5a6\"  data-column-margin=\"default\" data-midnight=\"light\"  class=\"wpb_row vc_row-fluid vc_row full-width-section vc_row-o-full-height vc_row-o-columns-middle vc_row-o-equal-height vc_row-flex parallax_section hometopsec\"  style=\"padding-top: 0px; padding-bottom: 0px; \"><div class=\"row-bg-wrap\" data-bg-animation=\"fade-in\" data-bg-animation-delay=\"\" data-bg-overlay=\"true\"><div class=\"inner-wrap row-bg-layer using-image\" ><div class=\"row-bg viewport-desktop using-image\" data-parallax-speed=\"slow\" style=\"background-image: url(https:\/\/www.plazamayor35.com\/wp-content\/uploads\/2021\/07\/portada-apartamentos-plaza-mayor-35-caceres-1.jpg); background-position: center center; background-repeat: no-repeat; \"><\/div><\/div><div class=\"row-bg-overlay row-bg-layer\" style=\"background: linear-gradient(to bottom,rgba(186,174,176,0.7) 0%,rgba(255,255,255,0.001) 75%);  opacity: 0.3; \"><\/div><\/div><div class=\"row_col_wrap_12 col span_12 light center\">\n\t<div  class=\"vc_col-sm-12 wpb_column column_container vc_column_container col no-extra-padding inherit_tablet inherit_phone\"  data-padding-pos=\"all\" data-has-bg-color=\"false\" data-bg-color=\"\" data-bg-opacity=\"1\" data-animation=\"\" data-delay=\"0\" >\n\t\t<div class=\"vc_column-inner\" >\n\t\t\t<div class=\"wpb_wrapper\">\n\t\t\t\t<div class=\"owl-carousel\" data-enable-animation=\"\" data-loop=\"true\"  data-animation-delay=\"0\" data-autorotate=\"true\" data-autorotation-speed=\"4000\" data-column-padding=\"5px\" data-desktop-cols=\"1\" data-desktop-small-cols=\"1\" data-tablet-cols=\"1\" data-mobile-cols=\"1\"><div class=\"carousel-item\">\n<div class=\"wpb_text_column wpb_content_element\" >\n\t<div class=\"wpb_wrapper\">\n\t\t<h1 class=\"ui header\">Superou as minhas expectativas!<\/h1>\n<p><em>Elizabeth (EUA)<\/em><\/p>\n\t<\/div>\n<\/div>\n\n\n\n<\/div><div class=\"carousel-item\">\n<div class=\"wpb_text_column wpb_content_element\" >\n\t<div class=\"wpb_wrapper\">\n\t\t<h1 class=\"ui header\">Um passe!<\/h1>\n<p><em>Ana (Cantabria)<\/em><\/p>\n\t<\/div>\n<\/div>\n\n\n\n<\/div><div class=\"carousel-item\">\n<div class=\"wpb_text_column wpb_content_element\" >\n\t<div class=\"wpb_wrapper\">\n\t\t<h1>Vistas incr\u00edveis!<\/h1>\n<p><em>Inmaculada (Val\u00eancia)<\/em><\/p>\n\t<\/div>\n<\/div>\n\n\n\n<\/div><div class=\"carousel-item\">\n<div class=\"wpb_text_column wpb_content_element\" >\n\t<div class=\"wpb_wrapper\">\n\t\t<h1 class=\"c-review-block__title c-review__title--ltr\" lang=\"es\">No cora\u00e7\u00e3o de C\u00e1ceres!<\/h1>\n<p><em>Borja (M\u00e1laga)<\/em><\/p>\n\t<\/div>\n<\/div>\n\n\n\n<\/div><\/div>\n\t\t\t<\/div> \n\t\t<\/div>\n\t<\/div> \n<\/div><\/div>\n\t\t<div id=\"fws_69f1a3032b902\"  data-column-margin=\"default\" data-midnight=\"dark\"  class=\"wpb_row vc_row-fluid vc_row full-width-content vc_row-o-equal-height vc_row-flex vc_row-o-content-middle  zindex-set right_padding_0px left_padding_0px\"  style=\"padding-top: 0px; padding-bottom: 0px;  z-index: 1000;\"><div class=\"row-bg-wrap\" data-bg-animation=\"none\" data-bg-animation-delay=\"\" data-bg-overlay=\"false\"><div class=\"inner-wrap row-bg-layer\" ><div class=\"row-bg viewport-desktop\"  style=\"\"><\/div><\/div><\/div><div class=\"row_col_wrap_12 col span_12 dark left\">\n\t<div style=\" color: #ffffff;\" class=\"vc_col-sm-4 spbox-1 wpb_column column_container vc_column_container col padding-2-percent inherit_tablet inherit_phone\" data-cfc=\"true\" data-using-bg=\"true\" data-padding-pos=\"all\" data-has-bg-color=\"true\" data-bg-color=\"#c1b593\" data-bg-opacity=\"1\" data-animation=\"\" data-delay=\"0\" >\n\t\t<div class=\"vc_column-inner\" ><div class=\"column-bg-overlay-wrap column-bg-layer\" data-bg-animation=\"none\"><div class=\"column-bg-overlay\" style=\"opacity: 1; background-color: #c1b593;\"><\/div><\/div>\n\t\t\t<div class=\"wpb_wrapper\">\n\t\t\t\t\n<div class=\"wpb_text_column wpb_content_element  wpb_animate_when_almost_visible wpb_fadeIn fadeIn\" >\n\t<div class=\"wpb_wrapper\">\n\t\t<h3 style=\"text-align: right;\"><span style=\"color: #ffffff;\">Reserve ao melhor pre\u00e7o!<\/span><\/h3>\n\t<\/div>\n<\/div>\n\n\n\n\n\t<div class=\"wpb_raw_code wpb_content_element wpb_raw_html\" >\n\t\t<div class=\"wpb_wrapper\">\n\t\t\t<p style=\"text-align: right;\">Plaza Mayor 35 | C\u00e1ceres | C\u00e1ceres \n<span class=\"fa fa-star checked\"><\/span>\n<span class=\"fa fa-star checked\"><\/span>\n<span class=\"fa fa-star checked\"><\/span>\n<span class=\"fa fa-star checked\"><\/span>\n<span class=\"fa fa-star checked\"><\/span>\n<\/p>\n\t\t<\/div>\n\t<\/div>\n\n\t\t\t<\/div> \n\t\t<\/div>\n\t<\/div> \n\n\t<div style=\"\" class=\"vc_col-sm-8 wpb_column column_container vc_column_container col padding-2-percent inherit_tablet inherit_phone\" data-using-bg=\"true\" data-padding-pos=\"all\" data-has-bg-color=\"true\" data-bg-color=\"#e2ded8\" data-bg-opacity=\"1\" data-animation=\"\" data-delay=\"0\" >\n\t\t<div class=\"vc_column-inner\" ><div class=\"column-bg-overlay-wrap column-bg-layer\" data-bg-animation=\"none\"><div class=\"column-bg-overlay\" style=\"opacity: 1; background-color: #e2ded8;\"><\/div><\/div>\n\t\t\t<div class=\"wpb_wrapper\">\n\t\t\t\t\n\t<div class=\"wpb_raw_code wpb_content_element wpb_raw_html\" >\n\t\t<div class=\"wpb_wrapper\">\n\t\t\t<script type=\"text\/javascript\" class=\"\" src=\"https:\/\/cdn.lodgify.com\/portable-search-bar\/1.9.2\/renderPortableSearchBar.js\"><\/script>\n<div id=\"lodgify-search-bar\" \ndata-website-id=\"233330\" \ndata-language-code=\"es\" \ndata-checkout-page-url=\"https:\/\/checkout.lodgify.com\/plazamayor35\/es\/#\/258918\" \ndata-dates-check-in-label=\"Llegada\" data-dates-check-out-label=\"Salida\" \ndata-guests-counter-label=\"Hu\u00e9sped\" \ndata-guests-input-singular-label=\"{{NumberOfGuests}} hu\u00e9sped\" \ndata-guests-input-plural-label=\"{{NumberOfGuests}} hu\u00e9spedes\" \ndata-location-input-label=\"Ubicaci\u00f3n\" \ndata-search-button-label=\"Consultar\"><\/div>\n\t\t<\/div>\n\t<\/div>\n\n\t\t\t<\/div> \n\t\t<\/div>\n\t<\/div> \n<\/div><\/div>\n\t\t<div id=\"services\"  data-column-margin=\"default\" data-midnight=\"dark\"  class=\"wpb_row vc_row-fluid vc_row full-width-content vc_row-o-equal-height vc_row-flex vc_row-o-content-top\"  style=\"padding-top: 0px; padding-bottom: 0px; \"><div class=\"row-bg-wrap\" data-bg-animation=\"none\" data-bg-animation-delay=\"\" data-bg-overlay=\"false\"><div class=\"inner-wrap row-bg-layer\" ><div class=\"row-bg viewport-desktop\"  style=\"\"><\/div><\/div><\/div><div class=\"row_col_wrap_12 col span_12 dark left\">\n\t<div  class=\"vc_col-sm-12 wpb_column column_container vc_column_container col padding-3-percent inherit_tablet inherit_phone\"  data-padding-pos=\"all\" data-has-bg-color=\"false\" data-bg-color=\"\" data-bg-opacity=\"1\" data-animation=\"\" data-delay=\"0\" >\n\t\t<div class=\"vc_column-inner\" >\n\t\t\t<div class=\"wpb_wrapper\">\n\t\t\t\t<div id=\"fws_69f1a3032cc56\" data-midnight=\"\" data-column-margin=\"default\" class=\"wpb_row vc_row-fluid vc_row inner_row vc_row-o-equal-height vc_row-flex vc_row-o-content-middle\"  style=\"\"><div class=\"row-bg-wrap\"> <div class=\"row-bg\" ><\/div> <\/div><div class=\"row_col_wrap_12_inner col span_12  left\">\n\t<div style=\"margin-bottom: 2px; \" class=\"vc_col-sm-4 centerneeded limititleh1 wpb_column column_container vc_column_container col child_column padding-3-percent top_margin_phone_12px bottom_margin_tablet_2px bottom_margin_phone_2px inherit_tablet inherit_phone\"   data-padding-pos=\"all\" data-has-bg-color=\"false\" data-bg-color=\"\" data-bg-opacity=\"1\" data-animation=\"\" data-delay=\"0\" >\n\t\t<div class=\"vc_column-inner\" >\n\t\t<div class=\"wpb_wrapper\">\n\t\t\t<div class=\"nectar-split-heading\" data-align=\"default\" data-m-align=\"inherit\" data-text-effect=\"default\" data-animation-type=\"default\" data-animation-delay=\"300\" data-animation-offset=\"\" data-m-rm-animation=\"\" data-stagger=\"\" data-custom-font-size=\"false\" ><div class=\"heading-line\" > <div><h1 style=\"text-align: right;\">Apartamentos<\/h1> <\/div> <\/div><div class=\"heading-line\" > <div><h1 style=\"text-align: right;\">turismo em<\/h1> <\/div> <\/div><div class=\"heading-line\" > <div><h1 style=\"text-align: right;\">C\u00e1ceres<\/h1> <\/div> <\/div><\/div>\n\t\t<\/div> \n\t<\/div>\n\t<\/div> \n\n\t<div  class=\"vc_col-sm-8 wpb_column column_container vc_column_container col child_column padding-3-percent bottom_margin_phone_20px inherit_tablet inherit_phone\"   data-padding-pos=\"all\" data-has-bg-color=\"false\" data-bg-color=\"\" data-bg-opacity=\"1\" data-animation=\"\" data-delay=\"0\" >\n\t\t<div class=\"vc_column-inner\" >\n\t\t<div class=\"wpb_wrapper\">\n\t\t\t\n<div class=\"wpb_text_column wpb_content_element  wpb_animate_when_almost_visible wpb_fadeIn fadeIn hometext\" >\n\t<div class=\"wpb_wrapper\">\n\t\t<p class=\"p1\">Oferecemos\u00a0<strong>11 apartamentos<\/strong> localiza\u00e7\u00e3o, em pleno centro da cidade, numa zona \u00fanica e invej\u00e1vel <strong>Plaza Mayor<\/strong>a dois passos de uma das <strong>Os conjuntos urbanos medievais e renascentistas mais completos do mundo.<\/strong><\/p>\n<p class=\"p1\">Um edif\u00edcio antigo<strong> completamente renovado<\/strong>respeitando a ess\u00eancia e os elementos hist\u00f3ricos, tectos abobadados, pavimentos hidr\u00e1ulicos originais, janela de sacada, etc.<span class=\"Apple-converted-space\">\u00a0 <\/span>ferragens... elementos t\u00edpicos desta casa senhorial<strong>combinado com todos os confortos de casa<\/strong>insonoriza\u00e7\u00e3o, ar condicionado e wifi individual.<\/p>\n<p class=\"p1\"><strong>O Plaza Mayor 35 acomoda grupos de at\u00e9 6 pessoas em apartamentos de luxo.<\/strong>Os quartos s\u00e3o confort\u00e1veis e cuidados at\u00e9 ao mais \u00ednfimo pormenor para tornar a sua estadia no centro de C\u00e1ceres inesquec\u00edvel.<\/p>\n\t<\/div>\n<\/div>\n\n\n\n\n\t\t<\/div> \n\t<\/div>\n\t<\/div> \n<\/div><\/div>\n\t\t\t<\/div> \n\t\t<\/div>\n\t<\/div> \n<\/div><\/div>\n\t\t<div id=\"fws_69f1a3032dd3e\"  data-column-margin=\"default\" data-midnight=\"light\" data-top-percent=\"3%\" data-bottom-percent=\"3%\"  class=\"wpb_row vc_row-fluid vc_row full-width-content vc_row-o-equal-height vc_row-flex vc_row-o-content-middle aptfancy\"  style=\"padding-top: calc(100vw * 0.03); padding-bottom: calc(100vw * 0.03); \"><div class=\"row-bg-wrap\" data-bg-animation=\"none\" data-bg-animation-delay=\"\" data-bg-overlay=\"false\"><div class=\"inner-wrap row-bg-layer\" ><div class=\"row-bg viewport-desktop using-bg-color\"  style=\"background-color: #625f5a; \"><\/div><\/div><\/div><div class=\"row_col_wrap_12 col span_12 light left\">\n\t<div  class=\"vc_col-sm-4 vc_col-xs-12 centerneeded wpb_column column_container vc_column_container col padding-3-percent inherit_tablet padding-2-percent_phone\"  data-padding-pos=\"all\" data-has-bg-color=\"false\" data-bg-color=\"\" data-bg-opacity=\"1\" data-animation=\"\" data-delay=\"0\" >\n\t\t<div class=\"vc_column-inner\" >\n\t\t\t<div class=\"wpb_wrapper\">\n\t\t\t\t<div id=\"fws_69f1a3032e313\" data-midnight=\"\" data-column-margin=\"default\" class=\"wpb_row vc_row-fluid vc_row inner_row\"  style=\"\"><div class=\"row-bg-wrap\"> <div class=\"row-bg\" ><\/div> <\/div><div class=\"row_col_wrap_12_inner col span_12  left\">\n\t<div style=\"margin-bottom: 18px; \" class=\"vc_col-sm-12 wpb_column column_container vc_column_container col child_column has-animation padding-1-percent inherit_tablet inherit_phone\"   data-padding-pos=\"left-right\" data-has-bg-color=\"false\" data-bg-color=\"\" data-bg-opacity=\"1\" data-animation=\"fade-in-from-bottom\" data-delay=\"0\" >\n\t\t<div class=\"vc_column-inner\" >\n\t\t<div class=\"wpb_wrapper\">\n\t\t\t<h1 style=\"font-size: 160px;line-height: 142px;text-align: right\" class=\"vc_custom_heading bigtit wpb_animate_when_almost_visible wpb_fadeIn fadeIn\" >11<\/h1><div class=\"nectar-split-heading\" data-align=\"default\" data-m-align=\"inherit\" data-text-effect=\"default\" data-animation-type=\"default\" data-animation-delay=\"0\" data-animation-offset=\"\" data-m-rm-animation=\"\" data-stagger=\"\" data-custom-font-size=\"false\" ><div class=\"heading-line\" > <div><h2 style=\"text-align: right;\">Op\u00e7\u00f5es<\/h2> <\/div> <\/div><div class=\"heading-line\" > <div><h2 style=\"text-align: right;\">Imbat\u00edvel<\/h2> <\/div> <\/div><\/div>\n\t\t<\/div> \n\t<\/div>\n\t<\/div> \n<\/div><\/div><div id=\"fws_69f1a3032ee6f\" data-midnight=\"\" data-column-margin=\"default\" class=\"wpb_row vc_row-fluid vc_row inner_row\"  style=\"\"><div class=\"row-bg-wrap\"> <div class=\"row-bg\" ><\/div> <\/div><div class=\"row_col_wrap_12_inner col span_12  right\">\n\t<div style=\" color: #cecece;margin-bottom: 18px; \" class=\"vc_col-sm-12 leftneeded wpb_column column_container vc_column_container col child_column has-animation padding-1-percent inherit_tablet inherit_phone\" data-cfc=\"true\"  data-padding-pos=\"left-right\" data-has-bg-color=\"false\" data-bg-color=\"\" data-bg-opacity=\"1\" data-animation=\"fade-in-from-bottom\" data-delay=\"150\" >\n\t\t<div class=\"vc_column-inner\" >\n\t\t<div class=\"wpb_wrapper\">\n\t\t\t\n<div class=\"wpb_text_column wpb_content_element  leftneeded\" >\n\t<div class=\"wpb_wrapper\">\n\t\t<p class=\"p1\">A nossa preferida \u00e9 a Penthouse\u00a0<em><strong>206 La Suite Plaza<\/strong><\/em>. Tem um\u00a0<strong>terra\u00e7o exclusivo com vista para a Plaza Mayor<\/strong>\u00a0e todos os pormenores para que se sinta em casa, mas os outros espa\u00e7os que lhe propomos n\u00e3o t\u00eam nada a invejar...<\/p>\n\t<\/div>\n<\/div>\n\n\n\n\n\t\t<\/div> \n\t<\/div>\n\t<\/div> \n<\/div><\/div><div id=\"fws_69f1a3032f652\" data-midnight=\"\" data-column-margin=\"default\" class=\"wpb_row vc_row-fluid vc_row inner_row\"  style=\"\"><div class=\"row-bg-wrap\"> <div class=\"row-bg\" ><\/div> <\/div><div class=\"row_col_wrap_12_inner col span_12  right\">\n\t<div style=\" color: #cecece;\" class=\"vc_col-sm-12 centerneeded wpb_column column_container vc_column_container col child_column has-animation padding-1-percent inherit_tablet inherit_phone\" data-cfc=\"true\"  data-padding-pos=\"left-right\" data-has-bg-color=\"false\" data-bg-color=\"\" data-bg-opacity=\"1\" data-animation=\"fade-in-from-bottom\" data-delay=\"300\" >\n\t\t<div class=\"vc_column-inner\" >\n\t\t<div class=\"wpb_wrapper\">\n\t\t\t<a class=\"nectar-button large regular accent-color has-icon  regular-button\"  style=\"\"  href=\"\/pt\/apartamentos\/\" data-color-override=\"false\" data-hover-color-override=\"false\" data-hover-text-color-override=\"#fff\"><span>Escolha o seu!<\/span><i  class=\"icon-button-arrow\"><\/i><\/a>\n\t\t<\/div> \n\t<\/div>\n\t<\/div> \n<\/div><\/div>\n\t\t\t<\/div> \n\t\t<\/div>\n\t<\/div> \n\n\t<div style=\" color: #ffffff;\" class=\"vc_col-sm-8 vc_col-xs-12 wpb_column column_container vc_column_container col padding-2-percent inherit_tablet inherit_phone\" data-cfc=\"true\"  data-padding-pos=\"all\" data-has-bg-color=\"false\" data-bg-color=\"\" data-bg-opacity=\"1\" data-animation=\"\" data-delay=\"0\" >\n\t\t<div class=\"vc_column-inner\" >\n\t\t\t<div class=\"wpb_wrapper\">\n\t\t\t\t<div class=\"owl-carousel\" data-enable-animation=\"\" data-loop=\"true\"  data-animation-delay=\"0\" data-autorotate=\"true\" data-autorotation-speed=\"7000\" data-column-padding=\"5px\" data-desktop-cols=\"1\" data-desktop-small-cols=\"1\" data-tablet-cols=\"1\" data-mobile-cols=\"1\"><div class=\"carousel-item\"><div class=\"nectar-fancy-box using-img  min_height_phone_480px\" data-style=\"default\" data-animation=\"\" data-hover-o=\"default\" data-border-radius=\"5px\" data-border=\"\" data-box-color-opacity=\"1\" data-delay=\"\" data-alignment=\"left\" data-color=\"accent-color\" ><div class=\"box-bg\"  style=\"background-image: url('https:\/\/www.plazamayor35.com\/wp-content\/uploads\/2021\/02\/101-compact-habitacion-3.jpg'); \"><\/div> <div class=\"inner\" style=\"min-height: 300px\">\n<h2 class=\"aptit-1\">101<\/h2>\n<h2 class=\"aptit-2\">Compacto<\/h2>\n<p class=\"p1\">O apartamento <em><strong>101 Compacto<\/strong><\/em>est\u00e1 localizado no primeiro andar e tem uma varanda com vista para uma rua tranquila. Disp\u00f5e de um quarto com uma cama king-size, uma espa\u00e7osa sala de estar com um sof\u00e1-cama, uma cozinha totalmente equipada e uma casa de banho completa.<\/p>\n<h4><span class=\"material-icons-outlined\">grupos<\/span> 4 | <span class=\"material-icons-outlined\">cama de casal<\/span> Duplo king <span class=\"material-icons-outlined\"> fim de semana<\/span> Sof\u00e1-cama <span class=\"material-icons-outlined\">duche<\/span> | <span class=\"material-icons-outlined\">cozinha<\/span> | <span class=\"material-icons-outlined\">televis\u00e3o<\/span> | <span class=\"material-icons-outlined\">wi-fi<\/span> | <span class=\"material-icons-outlined\">ac_unidade <\/span> | 40 m<sup>2<\/sup><\/h4>\n<p><a class=\"nectar-button n-sc-button small accent-color regular-button\" data-color-override=\"false\" data-hover-color-override=\"false\" data-hover-text-color-override=\"#fff\">a partir de 69 euros por noite<\/a><\/div> <div class=\"link-text\">Ver<span class=\"arrow\"><\/span><\/div> <a  href=\"\/pt\/apartamentos\/101-compacto\/\" class=\"box-link\"><\/a> <\/div><\/div><div class=\"carousel-item\"><div class=\"nectar-fancy-box using-img  min_height_phone_480px\" data-style=\"default\" data-animation=\"\" data-hover-o=\"default\" data-border-radius=\"5px\" data-border=\"\" data-box-color-opacity=\"1\" data-delay=\"\" data-alignment=\"left\" data-color=\"accent-color\" ><div class=\"box-bg\"  style=\"background-image: url('https:\/\/www.plazamayor35.com\/wp-content\/uploads\/2021\/03\/102-studio-terrace-exterior.jpg'); \"><\/div> <div class=\"inner\" style=\"min-height: 300px\">\n<h2 class=\"aptit-1\">102<\/h2>\n<h2 class=\"aptit-2\">Est\u00fadio Terra\u00e7o<\/h2>\n<p class=\"p1\"><span class=\"s1\">O<\/span>\u00a0<em><strong>102 Studio Terrace<\/strong><\/em>\u00a0situa-se no primeiro andar e disp\u00f5e de um p\u00e1tio interior equipado para o seu usufruto.<span class=\"Apple-converted-space\">\u00a0 <\/span>O est\u00fadio tem uma cama de casal king-size e um sof\u00e1-cama, <span class=\"s2\">cozinha totalmente equipada e casa de banho completa.<\/span> Acess\u00edvel a pessoas com mobilidade reduzida.<\/p>\n<h4><span class=\"material-icons-outlined\">grupos<\/span> 2 | <span class=\"material-icons-outlined\">cama de casal<\/span> Duplo king <span class=\"material-icons-outlined\"> fim de semana<\/span> Sof\u00e1-cama <span class=\"material-icons-outlined\">duche<\/span> | <span class=\"material-icons-outlined\">cozinha<\/span> | <span class=\"material-icons-outlined\">televis\u00e3o<\/span> | <span class=\"material-icons-outlined\">wi-fi<\/span> | <span class=\"material-icons-outlined\">ac_unidade <\/span> | <span class=\"material-icons-outlined\">acess\u00edvel<\/span> | <span class=\"material-icons-outlined\">conv\u00e9s<\/span> | 41 m<sup>2<\/sup><\/h4>\n<p><a class=\"nectar-button n-sc-button small accent-color regular-button\" data-color-override=\"false\" data-hover-color-override=\"false\" data-hover-text-color-override=\"#fff\">a partir de 69 euros por noite<\/a><\/div> <div class=\"link-text\">Ver<span class=\"arrow\"><\/span><\/div> <a  href=\"\/pt\/apartamentos\/102-studio-terrace\/\" class=\"box-link\"><\/a> <\/div><\/div><div class=\"carousel-item\"><div class=\"nectar-fancy-box using-img  min_height_phone_480px\" data-style=\"default\" data-animation=\"\" data-hover-o=\"default\" data-border-radius=\"5px\" data-border=\"\" data-box-color-opacity=\"1\" data-delay=\"\" data-alignment=\"left\" data-color=\"accent-color\" ><div class=\"box-bg\"  style=\"background-image: url('https:\/\/www.plazamayor35.com\/wp-content\/uploads\/2021\/03\/103-roomy-plaza-salon.jpg'); \"><\/div> <div class=\"inner\" style=\"min-height: 300px\">\n<h2 class=\"aptit-1\">103<\/h2>\n<h2 class=\"aptit-2\">Pra\u00e7a espa\u00e7osa<\/h2>\n<p class=\"p1\"><span class=\"s1\">O<\/span> plano <em><strong>103 Roomy Plaza<\/strong><\/em>Com as suas duas varandas, uma delas um miradouro magnificamente conservado e o \u00fanico na Plaza Mayor, mostra a ess\u00eancia desta casa senhorial, oferecendo uma vista inigual\u00e1vel de toda a Plaza Mayor. Tem uma cama de casal king size e um sof\u00e1-cama, <span class=\"s2\">cozinha totalmente equipada e casa de banho completa.<\/span><\/p>\n<h4><span class=\"material-icons-outlined\">grupos<\/span> 4 | <span class=\"material-icons-outlined\">cama de casal<\/span> Duplo king <span class=\"material-icons-outlined\">fim de semana<\/span> Sof\u00e1-cama <span class=\"material-icons-outlined\">duche<\/span> | <span class=\"material-icons-outlined\">cozinha<\/span> | <span class=\"material-icons-outlined\">televis\u00e3o<\/span> | <span class=\"material-icons-outlined\">wi-fi<\/span> | <span class=\"material-icons-outlined\">ac_unidade<\/span> | <span class=\"material-icons-outlined\">vis\u00e3o geral<\/span> | 49 m<sup>2<\/sup><\/h4>\n<p><a class=\"nectar-button n-sc-button small accent-color regular-button\" data-color-override=\"false\" data-hover-color-override=\"false\" data-hover-text-color-override=\"#fff\">a partir de 69 euros por noite<\/a><\/div> <div class=\"link-text\">Ver<span class=\"arrow\"><\/span><\/div> <a  href=\"\/pt\/apartamentos\/103-roomy-plaza\/\" class=\"box-link\"><\/a> <\/div><\/div><div class=\"carousel-item\"><div class=\"nectar-fancy-box using-img  min_height_phone_480px\" data-style=\"default\" data-animation=\"\" data-hover-o=\"default\" data-border-radius=\"5px\" data-border=\"\" data-box-color-opacity=\"1\" data-delay=\"\" data-alignment=\"left\" data-color=\"accent-color\" ><div class=\"box-bg\"  style=\"background-image: url('https:\/\/www.plazamayor35.com\/wp-content\/uploads\/2021\/07\/104-studio-plaza-habitacion-1.jpg'); \"><\/div> <div class=\"inner\" style=\"min-height: 300px\">\n<h2 class=\"aptit-1\">104<\/h2>\n<h2 class=\"aptit-2\">Est\u00fadio Plaza<\/h2>\n<p class=\"p1\">O\u00a0<em><strong>104 Studio Plaza<\/strong><\/em>O est\u00fadio est\u00e1 localizado no 1\u00ba andar e oferece uma vista magn\u00edfica sobre a Plaza Mayor. O est\u00fadio tem uma cama king size, um sof\u00e1-cama, uma cozinha totalmente equipada e uma casa de banho completa.<\/p>\n<h4><span class=\"material-icons-outlined\">grupos<\/span> 2 | <span class=\"material-icons-outlined\">cama de casal<\/span> Duplo king <span class=\"material-icons-outlined\">fim de semana<\/span> Sof\u00e1-cama <span class=\"material-icons-outlined\">duche<\/span> | <span class=\"material-icons-outlined\">cozinha<\/span> | <span class=\"material-icons-outlined\">televis\u00e3o<\/span> | <span class=\"material-icons-outlined\">wi-fi<\/span> | <span class=\"material-icons-outlined\">ac_unidade<\/span> | <span class=\"material-icons-outlined\">vis\u00e3o geral<\/span> | 39 m<sup>2<\/sup><\/h4>\n<p><a class=\"nectar-button n-sc-button small accent-color regular-button\" data-color-override=\"false\" data-hover-color-override=\"false\" data-hover-text-color-override=\"#fff\">a partir de 69 euros por noite<\/a><\/div> <div class=\"link-text\">Ver<span class=\"arrow\"><\/span><\/div> <a  href=\"\/pt\/apartamentos\/104-studio-plaza\/\" class=\"box-link\"><\/a> <\/div><\/div><div class=\"carousel-item\"><div class=\"nectar-fancy-box using-img  min_height_phone_480px\" data-style=\"default\" data-animation=\"\" data-hover-o=\"default\" data-border-radius=\"5px\" data-border=\"\" data-box-color-opacity=\"1\" data-delay=\"\" data-alignment=\"left\" data-color=\"accent-color\" ><div class=\"box-bg\"  style=\"background-image: url('https:\/\/www.plazamayor35.com\/wp-content\/uploads\/2024\/02\/pm35-105family-habitacion-2.jpg'); \"><\/div> <div class=\"inner\" style=\"min-height: 300px\">\n<h2 class=\"aptit-1\">105<\/h2>\n<h2 class=\"aptit-2\">Fam\u00edlia<\/h2>\n<p class=\"p1\">O apartamento <em><strong>105 Fam\u00edlia<\/strong><\/em>ideal para fam\u00edlias numerosas, disp\u00f5e de um quarto espa\u00e7oso com uma cama de casal king-size e duas camas individuais, uma sala ampla com um sof\u00e1-cama, uma cozinha totalmente equipada e uma casa de banho completa. Acesso ao terra\u00e7o interior partilhado.<\/p>\n<h4><span class=\"material-icons-outlined\">grupos<\/span> 6 | 1x <span class=\"material-icons-outlined\">cama de casal<\/span> Duplo king | 2x <span class=\"material-icons-outlined\">cama de solteiro<\/span> | <span class=\"material-icons-outlined\">fim de semana<\/span> Sof\u00e1-cama <span class=\"material-icons-outlined\">duche<\/span> | <span class=\"material-icons-outlined\">cozinha<\/span> | <span class=\"material-icons-outlined\">televis\u00e3o<\/span> | <span class=\"material-icons-outlined\">wi-fi<\/span> | <span class=\"material-icons-outlined\">ac_unidade<\/span> | 55 m<sup>2<\/sup><\/h4>\n<p><a class=\"nectar-button n-sc-button small accent-color regular-button\" data-color-override=\"false\" data-hover-color-override=\"false\" data-hover-text-color-override=\"#fff\">a partir de 89 euros por noite<\/a><\/div> <div class=\"link-text\">Ver<span class=\"arrow\"><\/span><\/div> <a  href=\"\/pt\/apartamentos\/202-familia\/\" class=\"box-link\"><\/a> <\/div><\/div><div class=\"carousel-item\"><div class=\"nectar-fancy-box using-img  min_height_phone_480px\" data-style=\"default\" data-animation=\"\" data-hover-o=\"default\" data-border-radius=\"5px\" data-border=\"\" data-box-color-opacity=\"1\" data-delay=\"\" data-alignment=\"left\" data-color=\"accent-color\" ><div class=\"box-bg\"  style=\"background-image: url('https:\/\/www.plazamayor35.com\/wp-content\/uploads\/2021\/07\/201-roomy-family-salon-2.jpg'); \"><\/div> <div class=\"inner\" style=\"min-height: 300px\">\n<h2 class=\"aptit-1\">201<\/h2>\n<h2 class=\"aptit-2\">Fam\u00edlia espa\u00e7osa<\/h2>\n<p class=\"p1\">O apartamento <b><em>201 Fam\u00edlia espa\u00e7osa<\/em>,\u00a0<\/b>\u00e9 a nossa melhor op\u00e7\u00e3o para fam\u00edlias. Disp\u00f5e de dois quartos com camas king size, uma espa\u00e7osa sala de estar com sof\u00e1-cama, cozinha totalmente equipada e duas casas de banho completas.<\/p>\n<h4><span class=\"material-icons-outlined\">grupos<\/span> 6 | 2x <span class=\"material-icons-outlined\">cama de casal<\/span> Duplo king <span class=\"material-icons-outlined\">fim de semana<\/span> Sof\u00e1-cama | 2x <span class=\"material-icons-outlined\">duche<\/span> | <span class=\"material-icons-outlined\">cozinha<\/span> | <span class=\"material-icons-outlined\">televis\u00e3o<\/span> | <span class=\"material-icons-outlined\">wi-fi<\/span> | <span class=\"material-icons-outlined\">ac_unidade<\/span> | 62 m<sup>2<\/sup><\/h4>\n<p><a class=\"nectar-button n-sc-button small accent-color regular-button\" data-color-override=\"false\" data-hover-color-override=\"false\" data-hover-text-color-override=\"#fff\">a partir de 89 euros por noite<\/a><\/div> <div class=\"link-text\">Ver<span class=\"arrow\"><\/span><\/div> <a  href=\"\/pt\/apartamentos\/201-familia-espacosa\/\" class=\"box-link\"><\/a> <\/div><\/div><div class=\"carousel-item\"><div class=\"nectar-fancy-box using-img  min_height_phone_480px\" data-style=\"default\" data-animation=\"\" data-hover-o=\"default\" data-border-radius=\"5px\" data-border=\"\" data-box-color-opacity=\"1\" data-delay=\"\" data-alignment=\"left\" data-color=\"accent-color\" ><div class=\"box-bg\"  style=\"background-image: url('https:\/\/www.plazamayor35.com\/wp-content\/uploads\/2021\/07\/202-family-general.jpg'); \"><\/div> <div class=\"inner\" style=\"min-height: 300px\">\n<h2 class=\"aptit-1\">202<\/h2>\n<h2 class=\"aptit-2\">Fam\u00edlia<\/h2>\n<p class=\"p1\">O apartamento <em><strong>202 Fam\u00edlia<\/strong><\/em>ideal para fam\u00edlias numerosas, disp\u00f5e de um quarto espa\u00e7oso com uma cama de casal king-size e duas camas individuais, uma sala ampla com um sof\u00e1-cama, uma cozinha totalmente equipada e uma casa de banho completa. Acesso ao terra\u00e7o interior partilhado.<\/p>\n<h4><span class=\"material-icons-outlined\">grupos<\/span> 6 | 1x <span class=\"material-icons-outlined\">cama de casal<\/span> Duplo king | 2x <span class=\"material-icons-outlined\">cama de solteiro<\/span> | <span class=\"material-icons-outlined\">fim de semana<\/span> Sof\u00e1-cama <span class=\"material-icons-outlined\">duche<\/span> | <span class=\"material-icons-outlined\">cozinha<\/span> | <span class=\"material-icons-outlined\">televis\u00e3o<\/span> | <span class=\"material-icons-outlined\">wi-fi<\/span> | <span class=\"material-icons-outlined\">ac_unidade<\/span> | 55 m<sup>2<\/sup><\/h4>\n<p><a class=\"nectar-button n-sc-button small accent-color regular-button\" data-color-override=\"false\" data-hover-color-override=\"false\" data-hover-text-color-override=\"#fff\">a partir de 89 euros por noite<\/a><\/div> <div class=\"link-text\">Ver<span class=\"arrow\"><\/span><\/div> <a  href=\"\/pt\/apartamentos\/202-familia\/\" class=\"box-link\"><\/a> <\/div><\/div><div class=\"carousel-item\"><div class=\"nectar-fancy-box using-img  min_height_phone_480px\" data-style=\"default\" data-animation=\"\" data-hover-o=\"default\" data-border-radius=\"5px\" data-border=\"\" data-box-color-opacity=\"1\" data-delay=\"\" data-alignment=\"left\" data-color=\"accent-color\" ><div class=\"box-bg\"  style=\"background-image: url('https:\/\/www.plazamayor35.com\/wp-content\/uploads\/2021\/07\/203-roomy-general.jpg'); \"><\/div> <div class=\"inner\" style=\"min-height: 300px\">\n<h2 class=\"aptit-1\">203<\/h2>\n<h2 class=\"aptit-2\">Espa\u00e7oso<\/h2>\n<p class=\"p1\">O apartamento <em><strong>203 Espa\u00e7oso <\/strong><\/em>Disp\u00f5e de um quarto com uma cama king size, uma grande sala de estar com um sof\u00e1-cama, uma cozinha totalmente equipada e uma casa de banho completa. Apartamento tranquilo e espa\u00e7oso.<\/p>\n<h4><span class=\"material-icons-outlined\">grupos<\/span> 4 | <span class=\"material-icons-outlined\">cama de casal<\/span> Duplo king <span class=\"material-icons-outlined\">fim de semana<\/span> Sof\u00e1-cama <span class=\"material-icons-outlined\">duche<\/span> | <span class=\"material-icons-outlined\">cozinha<\/span> | <span class=\"material-icons-outlined\">televis\u00e3o<\/span> | <span class=\"material-icons-outlined\">wi-fi<\/span> | <span class=\"material-icons-outlined\">ac_unidade<\/span> | 41 m<sup>2<\/sup><\/h4>\n<p><a class=\"nectar-button n-sc-button small accent-color regular-button\" data-color-override=\"false\" data-hover-color-override=\"false\" data-hover-text-color-override=\"#fff\">a partir de 69 euros por noite<\/a><\/div> <div class=\"link-text\">Ver<span class=\"arrow\"><\/span><\/div> <a  href=\"\/pt\/apartamentos\/203-espacoso\/\" class=\"box-link\"><\/a> <\/div><\/div><div class=\"carousel-item\"><div class=\"nectar-fancy-box using-img  min_height_phone_480px\" data-style=\"default\" data-animation=\"\" data-hover-o=\"default\" data-border-radius=\"5px\" data-border=\"\" data-box-color-opacity=\"1\" data-delay=\"\" data-alignment=\"left\" data-color=\"accent-color\" ><div class=\"box-bg\"  style=\"background-image: url('https:\/\/www.plazamayor35.com\/wp-content\/uploads\/2021\/07\/204-studio-plaza-estudio-cama.jpg'); \"><\/div> <div class=\"inner\" style=\"min-height: 300px\">\n<h2 class=\"aptit-1\">204<\/h2>\n<h2 class=\"aptit-2\">Est\u00fadio Plaza<\/h2>\n<p class=\"p1\">O apartamento <em><strong>204 Studio Plaza <\/strong><\/em>est\u00e1 localizado no primeiro andar e \u00e9 um espa\u00e7o moderno de estilo LOFT com uma vista magn\u00edfica sobre a Plaza Mayor. O est\u00fadio tem uma cama king size, um sof\u00e1-cama, uma cozinha totalmente equipada e uma casa de banho completa.<\/p>\n<h4><span class=\"material-icons-outlined\">grupos<\/span> 2 | <span class=\"material-icons-outlined\">cama de casal<\/span> Duplo king <span class=\"material-icons-outlined\">fim de semana<\/span> Sof\u00e1-cama <span class=\"material-icons-outlined\">duche<\/span> | <span class=\"material-icons-outlined\">cozinha<\/span> | <span class=\"material-icons-outlined\">televis\u00e3o<\/span> | <span class=\"material-icons-outlined\">wi-fi<\/span> | <span class=\"material-icons-outlined\">ac_unidade<\/span> | <span class=\"material-icons-outlined\">vis\u00e3o geral<\/span> | 39 m<sup>2<\/sup><\/h4>\n<p><a class=\"nectar-button n-sc-button small accent-color regular-button\" data-color-override=\"false\" data-hover-color-override=\"false\" data-hover-text-color-override=\"#fff\">a partir de 69 euros por noite<\/a><\/div> <div class=\"link-text\">Ver<span class=\"arrow\"><\/span><\/div> <a  href=\"\/pt\/apartamentos\/204-studio-plaza\/\" class=\"box-link\"><\/a> <\/div><\/div><div class=\"carousel-item\"><div class=\"nectar-fancy-box using-img  min_height_phone_480px\" data-style=\"default\" data-animation=\"\" data-hover-o=\"default\" data-border-radius=\"5px\" data-border=\"\" data-box-color-opacity=\"1\" data-delay=\"\" data-alignment=\"left\" data-color=\"accent-color\" ><div class=\"box-bg\"  style=\"background-image: url('https:\/\/www.plazamayor35.com\/wp-content\/uploads\/2021\/07\/205-studio-plaza-habitacion.jpg'); \"><\/div> <div class=\"inner\" style=\"min-height: 300px\">\n<h2 class=\"aptit-1\">205<\/h2>\n<h2 class=\"aptit-2\">Est\u00fadio Plaza<\/h2>\n<p class=\"p1\">O apartamento <em><strong>205 Studio Plaza <\/strong><\/em>est\u00e1 localizado no primeiro andar e oferece uma vista magn\u00edfica sobre<span class=\"Apple-converted-space\">\u00a0 <\/span>a Plaza Mayor. O est\u00fadio tem uma cama king-size, um sof\u00e1-cama, uma cozinha totalmente equipada e uma casa de banho completa.<\/p>\n<h4><span class=\"material-icons-outlined\">grupos<\/span> 2 | <span class=\"material-icons-outlined\">cama de casal<\/span> Duplo king <span class=\"material-icons-outlined\">fim de semana<\/span> Sof\u00e1-cama <span class=\"material-icons-outlined\">duche<\/span> | <span class=\"material-icons-outlined\">cozinha<\/span> | <span class=\"material-icons-outlined\">televis\u00e3o<\/span> | <span class=\"material-icons-outlined\">wi-fi<\/span> | <span class=\"material-icons-outlined\">ac_unidade<\/span> | <span class=\"material-icons-outlined\">vis\u00e3o geral<\/span> | 36 m<sup>2<\/sup><\/h4>\n<p><a class=\"nectar-button n-sc-button small accent-color regular-button\" data-color-override=\"false\" data-hover-color-override=\"false\" data-hover-text-color-override=\"#fff\">a partir de 69 euros por noite<\/a><\/div> <div class=\"link-text\">Ver<span class=\"arrow\"><\/span><\/div> <a  href=\"\/pt\/apartamentos\/205-studio-plaza\/\" class=\"box-link\"><\/a> <\/div><\/div><div class=\"carousel-item\"><div class=\"nectar-fancy-box using-img  min_height_phone_480px\" data-style=\"default\" data-animation=\"\" data-hover-o=\"default\" data-border-radius=\"5px\" data-border=\"\" data-box-color-opacity=\"1\" data-delay=\"\" data-alignment=\"left\" data-color=\"accent-color\" ><div class=\"box-bg\"  style=\"background-image: url('https:\/\/www.plazamayor35.com\/wp-content\/uploads\/2021\/07\/206-la-suite-plaza-terraza.jpg'); \"><\/div> <div class=\"inner\" style=\"min-height: 300px\">\n<h2 class=\"aptit-1\">206<\/h2>\n<h2 class=\"aptit-2\">A Suite Plaza<\/h2>\n<p class=\"p1\"><span class=\"s1\">O apartamento <\/span><b><em>206<\/em>\u00a0<\/b>\u00e9 o nosso apartamento mais exclusivo. \u00c9 uma penthouse com um terra\u00e7o privado que oferece uma vista inigual\u00e1vel da Plaza Mayor. O terra\u00e7o de 38 metros quadrados est\u00e1 dividido numa zona de refei\u00e7\u00f5es e numa zona de relaxamento. Tem um quarto espa\u00e7oso com uma cama king size, uma sala de estar com um sof\u00e1-cama, uma cozinha totalmente equipada e uma casa de banho completa.<\/p>\n<h4><span class=\"material-icons-outlined\">grupos<\/span> 4 | <span class=\"material-icons-outlined\">cama de casal<\/span> Duplo king <span class=\"material-icons-outlined\">fim de semana<\/span> Sof\u00e1-cama <span class=\"material-icons-outlined\">duche<\/span> | <span class=\"material-icons-outlined\">cozinha<\/span> | <span class=\"material-icons-outlined\">televis\u00e3o<\/span> | <span class=\"material-icons-outlined\">wi-fi<\/span> | <span class=\"material-icons-outlined\">ac_unidade<\/span> | <span class=\"material-icons-outlined\">vis\u00e3o geral<\/span> | 60 m<sup>2<\/sup><\/h4>\n<p><a class=\"nectar-button n-sc-button small accent-color regular-button\" data-color-override=\"false\" data-hover-color-override=\"false\" data-hover-text-color-override=\"#fff\">a partir de 99 euros por noite<\/a><\/div> <div class=\"link-text\">Ver<span class=\"arrow\"><\/span><\/div> <a  href=\"\/pt\/apartamentos\/206-la-suite-plaza\/\" class=\"box-link\"><\/a> <\/div><\/div><\/div>\n\t\t\t<\/div> \n\t\t<\/div>\n\t<\/div> \n<\/div><\/div>\n\t\t<div id=\"steps\"  data-column-margin=\"default\" data-midnight=\"dark\" data-top-percent=\"6%\" data-bottom-percent=\"3%\"  data-bg-mobile-hidden=\"true\" class=\"wpb_row vc_row-fluid vc_row full-width-section vc_row-o-equal-height vc_row-flex vc_row-o-content-middle parallax_section\"  style=\"padding-top: calc(100vw * 0.06); padding-bottom: calc(100vw * 0.03); \"><div class=\"row-bg-wrap\" data-bg-animation=\"none\" data-bg-animation-delay=\"\" data-bg-overlay=\"true\"><div class=\"inner-wrap row-bg-layer using-image\" ><div class=\"row-bg viewport-desktop using-image using-bg-color\" data-parallax-speed=\"slow\" style=\"background-image: url(https:\/\/www.plazamayor35.com\/wp-content\/uploads\/2021\/02\/soft-bkg-pm35-rotulo.jpg); background-position: center top; background-repeat: no-repeat; background-color: #f2f2f2; \"><\/div><\/div><div class=\"row-bg-overlay row-bg-layer\" style=\"background-color:#f2f2f2;  opacity: 0.8; \"><\/div><\/div><div class=\"row_col_wrap_12 col span_12 dark left\">\n\t<div  class=\"vc_col-sm-12 vc_col-xs-12 wpb_column column_container vc_column_container col padding-2-percent inherit_tablet inherit_phone\"  data-padding-pos=\"top-bottom\" data-has-bg-color=\"false\" data-bg-color=\"\" data-bg-opacity=\"1\" data-animation=\"\" data-delay=\"0\" >\n\t\t<div class=\"vc_column-inner\" >\n\t\t\t<div class=\"wpb_wrapper\">\n\t\t\t\t<div id=\"fws_69f1a303358a6\" data-midnight=\"\" data-column-margin=\"default\" class=\"wpb_row vc_row-fluid vc_row inner_row vc_row-o-equal-height vc_row-flex vc_row-o-content-middle\"  style=\"padding-bottom: 6%; \"><div class=\"row-bg-wrap\"> <div class=\"row-bg\" ><\/div> <\/div><div class=\"row_col_wrap_12_inner col span_12  left\">\n\t<div  class=\"vc_col-sm-6 wpb_column column_container vc_column_container col child_column no-extra-padding inherit_tablet inherit_phone\"   data-padding-pos=\"all\" data-has-bg-color=\"false\" data-bg-color=\"\" data-bg-opacity=\"1\" data-animation=\"\" data-delay=\"0\" >\n\t\t<div class=\"vc_column-inner\" >\n\t\t<div class=\"wpb_wrapper\">\n\t\t\t<div class=\"nectar-highlighted-text\" data-style=\"half_text\" data-exp=\"default\" data-using-custom-color=\"false\" data-animation-delay=\"false\" data-color=\"\" data-color-gradient=\"\" style=\"\">Cultura, gastronomia e natureza.<\/p>\n<h2>Sonho no cora\u00e7\u00e3o de C\u00e1ceres<\/h2>\n<\/div>\n\t\t<\/div> \n\t<\/div>\n\t<\/div> \n\n\t<div  class=\"vc_col-sm-6 wpb_column column_container vc_column_container col child_column no-extra-padding inherit_tablet inherit_phone\"   data-padding-pos=\"all\" data-has-bg-color=\"false\" data-bg-color=\"\" data-bg-opacity=\"1\" data-animation=\"\" data-delay=\"0\" >\n\t\t<div class=\"vc_column-inner\" >\n\t\t<div class=\"wpb_wrapper\">\n\t\t\t\n\t\t<\/div> \n\t<\/div>\n\t<\/div> \n<\/div><\/div><div class=\"nectar-icon-list\" data-icon-color=\"accent-color\" data-icon-style=\"no-border\" data-columns=\"3\" data-direction=\"horizontal\" data-icon-size=\"small\" data-animate=\"true\"><div class=\"nectar-icon-list-item\"><div class=\"list-icon-holder\" data-icon_type=\"icon\"><span class=\"im-icon-wrap\" data-color=\"accent-color\"><span><svg version=\"1.1\" xmlns=\"http:\/\/www.w3.org\/2000\/svg\" width=\"32\" height=\"32\" viewbox=\"0 0 32 32\">\n        <path d=\"M16 13.889c-2.205 0-4-1.795-4-4s1.795-4 4-4c2.205 0 4 1.795 4 4s-1.795 4-4 4zM16 7.223c-1.471 0-2.667 1.196-2.667 2.667s1.196 2.667 2.667 2.667c1.472 0 2.667-1.196 2.667-2.667s-1.195-2.667-2.667-2.667zM16 32.111v0c-0.368 0-0.667-0.3-0.667-0.667-0.027-1.012-3.405-8.289-6.424-11.397-1.823-1.875-4.243-4.828-4.243-8.824 0-6.249 5.084-11.333 11.333-11.333 6.251 0 11.333 5.084 11.333 11.333 0 3.409-1.695 6.636-4.909 9.331-3.753 3.153-5.759 9.905-5.759 10.891v0 0c0 0.001 0 0.001 0 0.001v0.001c0 0 0 0 0 0.001v0c0 0.001 0 0.001 0 0.001v0.003c0 0 0 0 0 0.001v0c0 0.001 0 0.001 0 0.001 0 0.001 0 0.001 0 0.001v0.003c0 0 0 0 0 0.001v0c0 0.003 0 0.003 0 0.003v0 0.003c0 0 0 0 0 0.003v0 0 0.005c0 0 0 0 0 0.003v0c-0.016 0.352-0.308 0.635-0.665 0.635zM16 1.223c-5.515 0-10 4.485-10 10 0 2.672 1.228 5.18 3.864 7.895 2.232 2.299 4.777 6.903 6.028 9.861 0.872-2.756 2.764-6.997 5.676-9.445 2.024-1.697 4.432-4.516 4.432-8.309 0-5.516-4.485-10.001-10-10.001z\"><\/path>\n        <\/svg><\/span><\/span><\/div><div class=\"content\"><h4>A melhor localiza\u00e7\u00e3o<\/h4>Os apartamentos est\u00e3o situados na Plaza Mayor, a dois passos do Complexo Monumental de C\u00e1ceres, o melhor s\u00edtio para ficar!<\/div><\/div><div class=\"nectar-icon-list-item\"><div class=\"list-icon-holder\" data-icon_type=\"icon\"><span class=\"im-icon-wrap\" data-color=\"accent-color\"><span><svg version=\"1.1\" xmlns=\"http:\/\/www.w3.org\/2000\/svg\" width=\"32\" height=\"32\" viewbox=\"0 0 32 32\">\n        <path d=\"M16 32c-8.823 0-16-7.177-16-16s7.177-16 16-16 16 7.177 16 16c0 3.205-0.944 6.3-2.732 8.947-0.205 0.304-0.62 0.384-0.925 0.179s-0.385-0.62-0.18-0.924c1.64-2.428 2.504-5.264 2.504-8.201 0-8.087-6.581-14.667-14.667-14.667-8.087 0-14.667 6.58-14.667 14.667 0 8.085 6.58 14.667 14.667 14.667 0.368 0 0.667 0.3 0.667 0.667s-0.299 0.667-0.667 0.667zM10.667 14c-2.205 0-4-1.795-4-4 0-0.368 0.299-0.667 0.667-0.667s0.667 0.299 0.667 0.667c0 1.471 1.196 2.667 2.667 2.667s2.667-1.196 2.667-2.667c0-0.368 0.299-0.667 0.667-0.667s0.667 0.299 0.667 0.667c0 2.205-1.795 4-4 4zM21.333 14c-2.205 0-4-1.795-4-4 0-0.368 0.3-0.667 0.667-0.667s0.667 0.299 0.667 0.667c0 1.471 1.195 2.667 2.667 2.667s2.667-1.196 2.667-2.667c0-0.368 0.3-0.667 0.667-0.667s0.667 0.299 0.667 0.667c0 2.205-1.795 4-4 4zM20 22.667h-8c-0.368 0-0.667-0.3-0.667-0.667s0.299-0.667 0.667-0.667h8c0.367 0 0.667 0.3 0.667 0.667s-0.3 0.667-0.667 0.667zM24 32h-4c-0.252 0-0.481-0.14-0.596-0.367-0.112-0.227-0.088-0.497 0.063-0.697l3.2-4.267h-2.667c-0.367 0-0.667-0.299-0.667-0.667 0-0.365 0.3-0.667 0.667-0.667h4c0.252 0 0.481 0.143 0.596 0.368 0.112 0.225 0.088 0.496-0.063 0.695l-3.2 4.267h2.667c0.367 0 0.667 0.299 0.667 0.667s-0.3 0.668-0.667 0.668zM30.667 32h-4.188c-0.26 0-0.497-0.151-0.607-0.387-0.108-0.236-0.071-0.513 0.096-0.711l2.465-2.903h-1.767c-0.367 0-0.667-0.3-0.667-0.667s0.3-0.667 0.667-0.667h3.208c0.26 0 0.495 0.151 0.604 0.387s0.073 0.513-0.095 0.712l-2.465 2.901h2.748c0.367 0 0.667 0.3 0.667 0.667s-0.3 0.667-0.667 0.667z\"><\/path>\n        <\/svg><\/span><\/span><\/div><div class=\"content\"><h4>Tal como em casa<\/h4>Apartamentos espa\u00e7osos, as melhores camas, cozinha totalmente equipada... Cuidamos de todos os pormenores para que possa descansar como se estivesse em casa.<\/div><\/div><div class=\"nectar-icon-list-item\"><div class=\"list-icon-holder\" data-icon_type=\"icon\"><span class=\"im-icon-wrap\" data-color=\"accent-color\"><span><svg version=\"1.1\" xmlns=\"http:\/\/www.w3.org\/2000\/svg\" width=\"32\" height=\"32\" viewbox=\"0 0 32 32\">\n        <path d=\"M16 29c-0.212 0-0.412-0.101-0.536-0.273l-14.667-20c-0.112-0.151-0.155-0.344-0.115-0.529 0.036-0.184 0.152-0.344 0.315-0.44l8-4.667c0.101-0.060 0.217-0.091 0.336-0.091h13.333c0.119 0 0.235 0.031 0.336 0.091l8 4.667c0.163 0.095 0.279 0.256 0.315 0.44 0.039 0.185-0.003 0.377-0.115 0.529l-14.667 20c-0.124 0.172-0.324 0.273-0.536 0.273zM2.307 8.535l13.693 18.669 13.693-18.669-7.207-4.201h-12.973l-7.207 4.201zM16 27.667c-0.289 0-0.555-0.189-0.639-0.479l-6.667-22.667c-0.104-0.355 0.096-0.724 0.451-0.828 0.352-0.104 0.724 0.097 0.828 0.449l6.667 22.667c0.104 0.355-0.097 0.724-0.453 0.828-0.061 0.019-0.124 0.029-0.187 0.029zM16 27.667c-0.063 0-0.125-0.008-0.188-0.028-0.357-0.104-0.557-0.475-0.453-0.828l6.667-22.667c0.104-0.353 0.477-0.556 0.828-0.451 0.355 0.104 0.555 0.473 0.451 0.828l-6.667 22.667c-0.083 0.289-0.349 0.479-0.637 0.479zM29.333 9.667h-26.667c-0.367 0-0.667-0.299-0.667-0.667s0.3-0.667 0.667-0.667h26.667c0.367 0 0.667 0.299 0.667 0.667s-0.3 0.667-0.667 0.667z\"><\/path>\n        <\/svg><\/span><\/span><\/div><div class=\"content\"><h4>Conce\u00e7\u00e3o<\/h4>Os apartamentos est\u00e3o situados numa casa senhorial completamente renovada. O estilo \u00e9 uma mistura subtil de hist\u00f3ria e modernidade sem esquecer o conforto.<\/div><\/div><div class=\"nectar-icon-list-item\"><div class=\"list-icon-holder\" data-icon_type=\"icon\"><span class=\"im-icon-wrap\" data-color=\"accent-color\"><span><svg version=\"1.1\" xmlns=\"http:\/\/www.w3.org\/2000\/svg\" width=\"32\" height=\"32\" viewbox=\"0 0 32 32\">\n        <path d=\"M4.667 9.389c-1.379 0-2.5-1.121-2.5-2.5s1.121-2.5 2.5-2.5 2.5 1.121 2.5 2.5-1.121 2.5-2.5 2.5zM4.667 5.723c-0.643 0-1.167 0.524-1.167 1.167s0.524 1.167 1.167 1.167 1.167-0.524 1.167-1.167-0.524-1.167-1.167-1.167zM29.167 7.611h-20c-0.368 0-0.667-0.3-0.667-0.667s0.299-0.667 0.667-0.667h20c0.367 0 0.667 0.3 0.667 0.667s-0.3 0.667-0.667 0.667zM4.667 16.056c-1.379 0-2.5-1.121-2.5-2.5s1.121-2.5 2.5-2.5 2.5 1.121 2.5 2.5-1.121 2.5-2.5 2.5zM4.667 12.389c-0.643 0-1.167 0.524-1.167 1.167s0.524 1.167 1.167 1.167 1.167-0.524 1.167-1.167-0.524-1.167-1.167-1.167zM29.167 14.277h-20c-0.368 0-0.667-0.3-0.667-0.667s0.299-0.667 0.667-0.667h20c0.367 0 0.667 0.3 0.667 0.667s-0.3 0.667-0.667 0.667zM4.667 22.723c-1.379 0-2.5-1.121-2.5-2.5s1.121-2.5 2.5-2.5 2.5 1.121 2.5 2.5-1.121 2.5-2.5 2.5zM4.667 19.056c-0.643 0-1.167 0.524-1.167 1.167s0.524 1.167 1.167 1.167 1.167-0.524 1.167-1.167-0.524-1.167-1.167-1.167zM29.167 20.944h-20c-0.368 0-0.667-0.3-0.667-0.667s0.299-0.667 0.667-0.667h20c0.367 0 0.667 0.3 0.667 0.667s-0.3 0.667-0.667 0.667zM29.167 27.611h-20c-0.368 0-0.667-0.3-0.667-0.667s0.299-0.667 0.667-0.667h20c0.367 0 0.667 0.3 0.667 0.667s-0.3 0.667-0.667 0.667z\"><\/path>\n        <\/svg><\/span><\/span><\/div><div class=\"content\"><h4>Instala\u00e7\u00f5es<\/h4>Wifi individual, ar condicionado, SmartTV de 42\", almofadas \u00e0 escolha, camas de casal king, cadeiras altas para crian\u00e7as, lavandaria... Sim, pens\u00e1mos em tudo!<\/div><\/div><div class=\"nectar-icon-list-item\"><div class=\"list-icon-holder\" data-icon_type=\"icon\"><span class=\"im-icon-wrap\" data-color=\"accent-color\"><span><svg version=\"1.1\" xmlns=\"http:\/\/www.w3.org\/2000\/svg\" width=\"32\" height=\"32\" viewbox=\"0 0 32 32\">\n        <path d=\"M16 14.631c-3.525 0-6-5.681-6-8.753 0-3.229 2.692-5.856 6-5.856s6 2.627 6 5.856c0 3.072-2.473 8.753-6 8.753zM16 1.355c-2.573 0-4.667 2.028-4.667 4.523 0 2.725 2.305 7.42 4.667 7.42s4.667-4.695 4.667-7.42c0-2.493-2.092-4.523-4.667-4.523zM5.333 31.312c-0.368 0-0.667-0.3-0.667-0.667v-10.003c0-4.604 2.887-8.829 7.181-10.513 0.343-0.136 0.731 0.032 0.865 0.377 0.135 0.343-0.035 0.729-0.377 0.861-3.789 1.485-6.336 5.212-6.336 9.272v10.005c0 0.368-0.299 0.667-0.667 0.667zM26.667 26.645h-2c-0.367 0-0.667-0.3-0.667-0.667 0-0.369 0.3-0.667 0.667-0.667h1.333v-4.917c0-3.972-2.36-7.229-6.309-8.716-0.344-0.133-0.519-0.517-0.389-0.861s0.515-0.524 0.859-0.388c4.425 1.667 7.175 5.484 7.175 9.965v5.584c-0.001 0.368-0.3 0.667-0.668 0.667zM10.917 7.993c-0.368 0-0.667-0.299-0.667-0.667 0-0.365 0.299-0.667 0.667-0.667 1.835 0 3.808-1.739 4.060-3.579 0.045-0.325 0.32-0.569 0.648-0.577 0.381-0.009 0.612 0.231 0.669 0.551 0.277 1.588 2.733 2.42 5.016 2.42 0.367 0 0.667 0.299 0.667 0.667 0 0.367-0.3 0.667-0.667 0.667-2.124 0-4.367-0.607-5.545-1.927-0.935 1.779-2.889 3.112-4.848 3.112zM16.667 26.645h-2c-0.368 0-0.667-0.3-0.667-0.667v-5.333c0-0.369 0.299-0.667 0.667-0.667h8.667c0.368 0 0.667 0.297 0.667 0.667 0 0.367-0.299 0.667-0.667 0.667h-8v4h1.333c0.368 0 0.667 0.297 0.667 0.667 0 0.368-0.299 0.667-0.667 0.667zM24 31.979h-6.667c-0.367 0-0.667-0.3-0.667-0.667v-10.667c0-0.369 0.3-0.667 0.667-0.667h6.667c0.368 0 0.667 0.297 0.667 0.667v10.667c0 0.368-0.299 0.667-0.667 0.667zM18 30.645h5.333v-9.333h-5.333v9.333z\"><\/path>\n        <\/svg><\/span><\/span><\/div><div class=\"content\"><h4>Servi\u00e7os<\/h4>Plaza Breakfast, Late Check-Out, Recomenda\u00e7\u00f5es Gastron\u00f3micas e Tur\u00edsticas, parque de estacionamento p\u00fablico a 180m. Se imaginar... n\u00f3s temos!<\/div><\/div><div class=\"nectar-icon-list-item\"><div class=\"list-icon-holder\" data-icon_type=\"icon\"><span class=\"im-icon-wrap\" data-color=\"accent-color\"><span><svg version=\"1.1\" xmlns=\"http:\/\/www.w3.org\/2000\/svg\" width=\"32\" height=\"32\" viewbox=\"0 0 32 32\">\n        <path d=\"M16.021 30.719c-0.188 0-0.367-0.080-0.495-0.219l-13.336-14.751c-0.027-0.031-0.051-0.061-0.072-0.096-1.368-1.583-2.119-3.592-2.119-5.673 0-4.797 3.901-8.699 8.696-8.699 2.969 0 5.715 1.531 7.304 3.985 1.585-2.455 4.335-3.985 7.303-3.985 4.796 0 8.697 3.903 8.697 8.699 0 2.085-0.753 4.097-2.125 5.68-0.023 0.031-0.041 0.060-0.069 0.087l-13.292 14.751c-0.123 0.141-0.303 0.221-0.492 0.221v0zM3.256 14.943l12.764 14.115 12.727-14.12c0.019-0.027 0.036-0.053 0.057-0.077 1.201-1.353 1.863-3.084 1.863-4.88 0-4.061-3.305-7.365-7.364-7.365-2.869 0-5.499 1.693-6.695 4.313-0.216 0.473-0.996 0.473-1.212 0-1.197-2.62-3.825-4.313-6.696-4.313-4.060 0-7.363 3.305-7.363 7.365 0 1.795 0.661 3.527 1.861 4.879 0.020 0.028 0.040 0.056 0.057 0.084z\"><\/path>\n        <\/svg><\/span><\/span><\/div><div class=\"content\"><h4>Paix\u00e3o<\/h4>N\u00e3o \u00e9s apenas mais um cliente. PM35 \u00e9 o projeto da nossa vida e esfor\u00e7amo-nos por lhe oferecer a melhor experi\u00eancia poss\u00edvel durante a sua estadia na nossa cidade.<\/div><\/div><\/div>\n\t\t\t<\/div> \n\t\t<\/div>\n\t<\/div> \n<\/div><\/div>\n\t\t<div id=\"fws_69f1a303380c2\"  data-column-margin=\"none\" data-midnight=\"dark\"  class=\"wpb_row vc_row-fluid vc_row full-width-section\"  style=\"padding-top: 8px; padding-bottom: 8px; \"><div class=\"row-bg-wrap\" data-bg-animation=\"none\" data-bg-animation-delay=\"\" data-bg-overlay=\"false\"><div class=\"inner-wrap row-bg-layer\" ><div class=\"row-bg viewport-desktop using-bg-color\"  style=\"background-color: #ffffff; \"><\/div><\/div><\/div><div class=\"row_col_wrap_12 col span_12 dark left\">\n\t<div  class=\"vc_col-sm-12 wpb_column column_container vc_column_container col no-extra-padding inherit_tablet inherit_phone\"  data-padding-pos=\"all\" data-has-bg-color=\"false\" data-bg-color=\"\" data-bg-opacity=\"1\" data-animation=\"\" data-delay=\"0\" >\n\t\t<div class=\"vc_column-inner\" >\n\t\t\t<div class=\"wpb_wrapper\">\n\t\t\t\t\n\t<div class=\"wpb_gallery wpb_content_element clearfix\">\n\t\t<div class=\"wpb_wrapper\"><div class=\"wpb_gallery_slidesimage_grid\" data-onclick=\"link_image\" data-interval=\"5\">\n\n\t<div class=\"portfolio-wrap\">\n\n\t\t\t<span class=\"portfolio-loading\"><\/span>\n\n\t\t\t<div class=\"row portfolio-items masonry-items\" data-starting-filter=\"\" data-gutter=\"4px\" data-masonry-type=\"default\" data-bypass-cropping=\"\"  data-ps=\"2\" data-loading=\"default\" data-categories-to-show=\"\" data-col-num=\"elastic\">\n\n\n\n\t\n\t\t\t\t\t\t\t<div class=\"col elastic-portfolio-item wide element\" data-project-cat=\"\" data-default-color=\"true\" data-title-color=\"\" data-subtitle-color=\"\">\n\n\t\t\t\t\t\t\t<div class=\"inner-wrap animated\" data-animation=\"fade_in\">\n\n\t\t\t\t\t\t\t\n\t\t\t\t\t\t\t<div class=\"work-item style-2\">\n\n\t\t\t\t\t\t\t\t<img decoding=\"async\" class=\"size-wide top-level-image\" src=\"https:\/\/www.plazamayor35.com\/wp-content\/uploads\/2021\/03\/103-roomy-plaza-salon-1000x500.jpg\" alt=\"103 Roomy Plaza\" height=\"800\" width=\"1200\" srcset=\"https:\/\/www.plazamayor35.com\/wp-content\/uploads\/2021\/03\/103-roomy-plaza-salon-1000x500.jpg 1000w, https:\/\/www.plazamayor35.com\/wp-content\/uploads\/2021\/03\/103-roomy-plaza-salon-670x335.jpg 670w\" sizes=\"(min-width: 1600px) 40vw, (min-width: 1300px) 50vw, (min-width: 1000px) 66.6vw, (min-width: 690px) 100vw, 100vw\" \/>\n\t\t\t\t\t\t\t\t<div class=\"work-info-bg\"><\/div>\n\t\t\t\t\t\t\t\t<div class=\"work-info\">\n\n\n\t\t\t\t\t\t\t\t\t\t\t\t\t\t\t\t\t\t   \t\t <a href=\"\/pt\/apartamentos\/103-roomy-plaza\/\"><\/a>\n\t\t\t\t\t\t\t\t   \t\t\n\t\t\t\t\t\t\t\t\t\t<div class=\"vert-center\">\n\t\t\t\t\t\t\t\t\t\t\t\n\t\t\t\t\t\t\t\t\t\t\t\t\t\t\t\t\t\t\t\t\t\t\t\t\t<h3>103 Roomy Plaza<\/h3>\n\t\t\t\t\t\t\t\t\t\t\t\t\t\t\t\t\t\t\t\t\t\t\t\t<p><\/p>\n\n\t\t\t\t\t\t\t\t\t\t\t\t\t\t\t\t\t\t\t\t\t<\/div><!--\/vert-center-->\n\n\t\t\t\t\t\t\t\t\t\n\n\t\t\t\t\t\t\t\t<\/div>\n\t\t\t\t\t\t\t<\/div><!--work-item-->\n\n\t\t\t\t\t\t\n\n\t\t\t\t\t\t<\/div><\/div> \n\t\t\t\t\t\t\n\t\t\t\t\t\t\t<div class=\"col elastic-portfolio-item regular element\" data-project-cat=\"\" data-default-color=\"true\" data-title-color=\"\" data-subtitle-color=\"\">\n\n\t\t\t\t\t\t\t<div class=\"inner-wrap animated\" data-animation=\"fade_in\">\n\n\t\t\t\t\t\t\t\n\t\t\t\t\t\t\t<div class=\"work-item style-2\">\n\n\t\t\t\t\t\t\t\t<img decoding=\"async\" class=\"size-regular top-level-image\" src=\"https:\/\/www.plazamayor35.com\/wp-content\/uploads\/2021\/03\/102-studio-terrace-hd-500x500.jpg\" alt=\"102-studio-terrace-hd\" height=\"1067\" width=\"1600\" srcset=\"https:\/\/www.plazamayor35.com\/wp-content\/uploads\/2021\/03\/102-studio-terrace-hd-500x500.jpg 500w, https:\/\/www.plazamayor35.com\/wp-content\/uploads\/2021\/03\/102-studio-terrace-hd-350x350.jpg 350w\" sizes=\"(min-width: 1600px) 20vw, (min-width: 1300px) 25vw, (min-width: 1000px) 33.3vw, (min-width: 690px) 50vw, 100vw\" \/>\n\t\t\t\t\t\t\t\t<div class=\"work-info-bg\"><\/div>\n\t\t\t\t\t\t\t\t<div class=\"work-info\">\n\n\n\t\t\t\t\t\t\t\t\t\t\t\t\t\t\t\t\t\t   \t\t <a href=\"\/pt\/apartamentos\/102-studio-terrace\/\"><\/a>\n\t\t\t\t\t\t\t\t   \t\t\n\t\t\t\t\t\t\t\t\t\t<div class=\"vert-center\">\n\t\t\t\t\t\t\t\t\t\t\t\n\t\t\t\t\t\t\t\t\t\t\t\t\t\t\t\t\t\t\t\t\t\t\t\t\t<h3>102 Studio Terrace<\/h3>\n\t\t\t\t\t\t\t\t\t\t\t\t\t\t\t\t\t\t\t\t\t\t\t\t<p><\/p>\n\n\t\t\t\t\t\t\t\t\t\t\t\t\t\t\t\t\t\t\t\t\t<\/div><!--\/vert-center-->\n\n\t\t\t\t\t\t\t\t\t\n\n\t\t\t\t\t\t\t\t<\/div>\n\t\t\t\t\t\t\t<\/div><!--work-item-->\n\n\t\t\t\t\t\t\n\n\t\t\t\t\t\t<\/div><\/div> \n\t\t\t\t\t\t\n\t\t\t\t\t\t\t<div class=\"col elastic-portfolio-item regular element\" data-project-cat=\"\" data-default-color=\"true\" data-title-color=\"\" data-subtitle-color=\"\">\n\n\t\t\t\t\t\t\t<div class=\"inner-wrap animated\" data-animation=\"fade_in\">\n\n\t\t\t\t\t\t\t\n\t\t\t\t\t\t\t<div class=\"work-item style-2\">\n\n\t\t\t\t\t\t\t\t<img decoding=\"async\" class=\"size-regular top-level-image\" src=\"https:\/\/www.plazamayor35.com\/wp-content\/uploads\/2021\/01\/vista-01-500x500.jpg\" alt=\"Vista da Plaza Mayor\" height=\"1067\" width=\"1600\" srcset=\"https:\/\/www.plazamayor35.com\/wp-content\/uploads\/2021\/01\/vista-01-500x500.jpg 500w, https:\/\/www.plazamayor35.com\/wp-content\/uploads\/2021\/01\/vista-01-350x350.jpg 350w\" sizes=\"(min-width: 1600px) 20vw, (min-width: 1300px) 25vw, (min-width: 1000px) 33.3vw, (min-width: 690px) 50vw, 100vw\" \/>\n\t\t\t\t\t\t\t\t<div class=\"work-info-bg\"><\/div>\n\t\t\t\t\t\t\t\t<div class=\"work-info\">\n\n\n\t\t\t\t\t\t\t\t\t\t\t\t\t\t\t\t\t\t   \t\t <a href=\"\/pt\/apartamentos\/205-studio-plaza\/\"><\/a>\n\t\t\t\t\t\t\t\t   \t\t\n\t\t\t\t\t\t\t\t\t\t<div class=\"vert-center\">\n\t\t\t\t\t\t\t\t\t\t\t\n\t\t\t\t\t\t\t\t\t\t\t\t\t\t\t\t\t\t\t\t\t\t\t\t\t<h3>Vista da Plaza Mayor<\/h3>\n\t\t\t\t\t\t\t\t\t\t\t\t\t\t\t\t\t\t\t\t\t\t\t\t<p><\/p>\n\n\t\t\t\t\t\t\t\t\t\t\t\t\t\t\t\t\t\t\t\t\t<\/div><!--\/vert-center-->\n\n\t\t\t\t\t\t\t\t\t\n\n\t\t\t\t\t\t\t\t<\/div>\n\t\t\t\t\t\t\t<\/div><!--work-item-->\n\n\t\t\t\t\t\t\n\n\t\t\t\t\t\t<\/div><\/div> \n\t\t\t\t\t\t\n\t\t\t\t\t\t\t<div class=\"col elastic-portfolio-item wide element\" data-project-cat=\"\" data-default-color=\"true\" data-title-color=\"\" data-subtitle-color=\"\">\n\n\t\t\t\t\t\t\t<div class=\"inner-wrap animated\" data-animation=\"fade_in\">\n\n\t\t\t\t\t\t\t\n\t\t\t\t\t\t\t<div class=\"work-item style-2\">\n\n\t\t\t\t\t\t\t\t<img decoding=\"async\" class=\"size-wide top-level-image\" src=\"https:\/\/www.plazamayor35.com\/wp-content\/uploads\/2021\/07\/206-la-suite-plaza-terraza-1000x500.jpg\" alt=\"\" height=\"800\" width=\"1200\" srcset=\"https:\/\/www.plazamayor35.com\/wp-content\/uploads\/2021\/07\/206-la-suite-plaza-terraza-1000x500.jpg 1000w, https:\/\/www.plazamayor35.com\/wp-content\/uploads\/2021\/07\/206-la-suite-plaza-terraza-670x335.jpg 670w\" sizes=\"(min-width: 1600px) 40vw, (min-width: 1300px) 50vw, (min-width: 1000px) 66.6vw, (min-width: 690px) 100vw, 100vw\" \/>\n\t\t\t\t\t\t\t\t<div class=\"work-info-bg\"><\/div>\n\t\t\t\t\t\t\t\t<div class=\"work-info\">\n\n\n\t\t\t\t\t\t\t\t\t\t\t\t\t\t\t\t\t\t   \t\t <a href=\"\/pt\/apartamentos\/206-la-suite-plaza\/\"><\/a>\n\t\t\t\t\t\t\t\t   \t\t\n\t\t\t\t\t\t\t\t\t\t<div class=\"vert-center\">\n\t\t\t\t\t\t\t\t\t\t\t\n\t\t\t\t\t\t\t\t\t\t\t\t\t\t\t\t\t\t\t\t\t\t\t\t\t<h3>206 La Suite Plaza<\/h3>\n\t\t\t\t\t\t\t\t\t\t\t\t\t\t\t\t\t\t\t\t\t\t\t\t<p><\/p>\n\n\t\t\t\t\t\t\t\t\t\t\t\t\t\t\t\t\t\t\t\t\t<\/div><!--\/vert-center-->\n\n\t\t\t\t\t\t\t\t\t\n\n\t\t\t\t\t\t\t\t<\/div>\n\t\t\t\t\t\t\t<\/div><!--work-item-->\n\n\t\t\t\t\t\t\n\n\t\t\t\t\t\t<\/div><\/div> \n\t\t\t\t\t\t\n\t\t\t\t\t\t\t<div class=\"col elastic-portfolio-item wide element\" data-project-cat=\"\" data-default-color=\"true\" data-title-color=\"\" data-subtitle-color=\"\">\n\n\t\t\t\t\t\t\t<div class=\"inner-wrap animated\" data-animation=\"fade_in\">\n\n\t\t\t\t\t\t\t\n\t\t\t\t\t\t\t<div class=\"work-item style-2\">\n\n\t\t\t\t\t\t\t\t<img decoding=\"async\" class=\"size-wide top-level-image\" src=\"https:\/\/www.plazamayor35.com\/wp-content\/uploads\/2021\/07\/202-family-general-1000x500.jpg\" alt=\"\" height=\"800\" width=\"1200\" srcset=\"https:\/\/www.plazamayor35.com\/wp-content\/uploads\/2021\/07\/202-family-general-1000x500.jpg 1000w, https:\/\/www.plazamayor35.com\/wp-content\/uploads\/2021\/07\/202-family-general-670x335.jpg 670w\" sizes=\"(min-width: 1600px) 40vw, (min-width: 1300px) 50vw, (min-width: 1000px) 66.6vw, (min-width: 690px) 100vw, 100vw\" \/>\n\t\t\t\t\t\t\t\t<div class=\"work-info-bg\"><\/div>\n\t\t\t\t\t\t\t\t<div class=\"work-info\">\n\n\n\t\t\t\t\t\t\t\t\t\t\t\t\t\t\t\t\t\t   \t\t <a href=\"\/pt\/apartamentos\/202-familia\/\"><\/a>\n\t\t\t\t\t\t\t\t   \t\t\n\t\t\t\t\t\t\t\t\t\t<div class=\"vert-center\">\n\t\t\t\t\t\t\t\t\t\t\t\n\t\t\t\t\t\t\t\t\t\t\t\t\t\t\t\t\t\t\t\t\t\t\t\t\t<h3>202 Fam\u00edlia<\/h3>\n\t\t\t\t\t\t\t\t\t\t\t\t\t\t\t\t\t\t\t\t\t\t\t\t<p><\/p>\n\n\t\t\t\t\t\t\t\t\t\t\t\t\t\t\t\t\t\t\t\t\t<\/div><!--\/vert-center-->\n\n\t\t\t\t\t\t\t\t\t\n\n\t\t\t\t\t\t\t\t<\/div>\n\t\t\t\t\t\t\t<\/div><!--work-item-->\n\n\t\t\t\t\t\t\n\n\t\t\t\t\t\t<\/div><\/div> \n\t\t\t\t\t\t\n\t\t\t\t\t\t\t<div class=\"col elastic-portfolio-item regular element\" data-project-cat=\"\" data-default-color=\"true\" data-title-color=\"\" data-subtitle-color=\"\">\n\n\t\t\t\t\t\t\t<div class=\"inner-wrap animated\" data-animation=\"fade_in\">\n\n\t\t\t\t\t\t\t\n\t\t\t\t\t\t\t<div class=\"work-item style-2\">\n\n\t\t\t\t\t\t\t\t<img decoding=\"async\" class=\"size-regular top-level-image\" src=\"https:\/\/www.plazamayor35.com\/wp-content\/uploads\/2021\/03\/102-studio-terrace-exterior-500x500.jpg\" alt=\"102-studio-terrace-exterior\" height=\"800\" width=\"1200\" srcset=\"https:\/\/www.plazamayor35.com\/wp-content\/uploads\/2021\/03\/102-studio-terrace-exterior-500x500.jpg 500w, https:\/\/www.plazamayor35.com\/wp-content\/uploads\/2021\/03\/102-studio-terrace-exterior-350x350.jpg 350w\" sizes=\"(min-width: 1600px) 20vw, (min-width: 1300px) 25vw, (min-width: 1000px) 33.3vw, (min-width: 690px) 50vw, 100vw\" \/>\n\t\t\t\t\t\t\t\t<div class=\"work-info-bg\"><\/div>\n\t\t\t\t\t\t\t\t<div class=\"work-info\">\n\n\n\t\t\t\t\t\t\t\t\t\t\t\t\t\t\t\t\t\t   \t\t <a href=\"\/pt\/apartamentos\/102-studio-terrace\/\"><\/a>\n\t\t\t\t\t\t\t\t   \t\t\n\t\t\t\t\t\t\t\t\t\t<div class=\"vert-center\">\n\t\t\t\t\t\t\t\t\t\t\t\n\t\t\t\t\t\t\t\t\t\t\t\t\t\t\t\t\t\t\t\t\t\t\t\t\t<h3>102 Studio Terrace<\/h3>\n\t\t\t\t\t\t\t\t\t\t\t\t\t\t\t\t\t\t\t\t\t\t\t\t<p><\/p>\n\n\t\t\t\t\t\t\t\t\t\t\t\t\t\t\t\t\t\t\t\t\t<\/div><!--\/vert-center-->\n\n\t\t\t\t\t\t\t\t\t\n\n\t\t\t\t\t\t\t\t<\/div>\n\t\t\t\t\t\t\t<\/div><!--work-item-->\n\n\t\t\t\t\t\t\n\n\t\t\t\t\t\t<\/div><\/div> \n\t\t\t\t\t\t\n\t\t\t\t\t\t\t<div class=\"col elastic-portfolio-item regular element\" data-project-cat=\"\" data-default-color=\"true\" data-title-color=\"\" data-subtitle-color=\"\">\n\n\t\t\t\t\t\t\t<div class=\"inner-wrap animated\" data-animation=\"fade_in\">\n\n\t\t\t\t\t\t\t\n\t\t\t\t\t\t\t<div class=\"work-item style-2\">\n\n\t\t\t\t\t\t\t\t<img decoding=\"async\" class=\"size-regular top-level-image\" src=\"https:\/\/www.plazamayor35.com\/wp-content\/uploads\/2021\/02\/204-02-dof-500x500.jpg\" alt=\"Apartamento 204 Studio Plaza\" height=\"800\" width=\"1200\" srcset=\"https:\/\/www.plazamayor35.com\/wp-content\/uploads\/2021\/02\/204-02-dof-500x500.jpg 500w, https:\/\/www.plazamayor35.com\/wp-content\/uploads\/2021\/02\/204-02-dof-350x350.jpg 350w\" sizes=\"(min-width: 1600px) 20vw, (min-width: 1300px) 25vw, (min-width: 1000px) 33.3vw, (min-width: 690px) 50vw, 100vw\" \/>\n\t\t\t\t\t\t\t\t<div class=\"work-info-bg\"><\/div>\n\t\t\t\t\t\t\t\t<div class=\"work-info\">\n\n\n\t\t\t\t\t\t\t\t\t\t\t\t\t\t\t\t\t\t   \t\t <a href=\"\/pt\/apartamentos\/204-studio-plaza\/\"><\/a>\n\t\t\t\t\t\t\t\t   \t\t\n\t\t\t\t\t\t\t\t\t\t<div class=\"vert-center\">\n\t\t\t\t\t\t\t\t\t\t\t\n\t\t\t\t\t\t\t\t\t\t\t\t\t\t\t\t\t\t\t\t\t\t\t\t\t<h3>204 Studio Plaza<\/h3>\n\t\t\t\t\t\t\t\t\t\t\t\t\t\t\t\t\t\t\t\t\t\t\t\t<p><\/p>\n\n\t\t\t\t\t\t\t\t\t\t\t\t\t\t\t\t\t\t\t\t\t<\/div><!--\/vert-center-->\n\n\t\t\t\t\t\t\t\t\t\n\n\t\t\t\t\t\t\t\t<\/div>\n\t\t\t\t\t\t\t<\/div><!--work-item-->\n\n\t\t\t\t\t\t\n\n\t\t\t\t\t\t<\/div><\/div> \n\t\t\t\t\t\t\n\t\t\t\t\t\t\t<div class=\"col elastic-portfolio-item regular element\" data-project-cat=\"\" data-default-color=\"true\" data-title-color=\"\" data-subtitle-color=\"\">\n\n\t\t\t\t\t\t\t<div class=\"inner-wrap animated\" data-animation=\"fade_in\">\n\n\t\t\t\t\t\t\t\n\t\t\t\t\t\t\t<div class=\"work-item style-2\">\n\n\t\t\t\t\t\t\t\t<img decoding=\"async\" class=\"size-regular top-level-image\" src=\"https:\/\/www.plazamayor35.com\/wp-content\/uploads\/2021\/07\/206-la-suite-plaza-salon-2-500x500.jpg\" alt=\"\" height=\"800\" width=\"1200\" srcset=\"https:\/\/www.plazamayor35.com\/wp-content\/uploads\/2021\/07\/206-la-suite-plaza-salon-2-500x500.jpg 500w, https:\/\/www.plazamayor35.com\/wp-content\/uploads\/2021\/07\/206-la-suite-plaza-salon-2-350x350.jpg 350w\" sizes=\"(min-width: 1600px) 20vw, (min-width: 1300px) 25vw, (min-width: 1000px) 33.3vw, (min-width: 690px) 50vw, 100vw\" \/>\n\t\t\t\t\t\t\t\t<div class=\"work-info-bg\"><\/div>\n\t\t\t\t\t\t\t\t<div class=\"work-info\">\n\n\n\t\t\t\t\t\t\t\t\t\t\t\t\t\t\t\t\t\t   \t\t <a href=\"\/pt\/apartamentos\/206-la-suite-plaza\/\"><\/a>\n\t\t\t\t\t\t\t\t   \t\t\n\t\t\t\t\t\t\t\t\t\t<div class=\"vert-center\">\n\t\t\t\t\t\t\t\t\t\t\t\n\t\t\t\t\t\t\t\t\t\t\t\t\t\t\t\t\t\t\t\t\t\t\t\t\t<h3>206 La Suite Plaza<\/h3>\n\t\t\t\t\t\t\t\t\t\t\t\t\t\t\t\t\t\t\t\t\t\t\t\t<p><\/p>\n\n\t\t\t\t\t\t\t\t\t\t\t\t\t\t\t\t\t\t\t\t\t<\/div><!--\/vert-center-->\n\n\t\t\t\t\t\t\t\t\t\n\n\t\t\t\t\t\t\t\t<\/div>\n\t\t\t\t\t\t\t<\/div><!--work-item-->\n\n\t\t\t\t\t\t\n\n\t\t\t\t\t\t<\/div><\/div> \n\t\t\t\t\t\t\n\t\t\t\t\t\t\t<div class=\"col elastic-portfolio-item regular element\" data-project-cat=\"\" data-default-color=\"true\" data-title-color=\"\" data-subtitle-color=\"\">\n\n\t\t\t\t\t\t\t<div class=\"inner-wrap animated\" data-animation=\"fade_in\">\n\n\t\t\t\t\t\t\t\n\t\t\t\t\t\t\t<div class=\"work-item style-2\">\n\n\t\t\t\t\t\t\t\t<img decoding=\"async\" class=\"size-regular\" src=\"https:\/\/www.plazamayor35.com\/wp-content\/uploads\/2021\/01\/fachada-500x500.jpg\" alt=\"Fachada Plaza Mayor 35\" height=\"1067\" width=\"1600\" srcset=\"https:\/\/www.plazamayor35.com\/wp-content\/uploads\/2021\/01\/fachada-500x500.jpg 500w, https:\/\/www.plazamayor35.com\/wp-content\/uploads\/2021\/01\/fachada-350x350.jpg 350w\" sizes=\"(min-width: 1600px) 20vw, (min-width: 1300px) 25vw, (min-width: 1000px) 33.3vw, (min-width: 690px) 50vw, 100vw\" \/>\n\t\t\t\t\t\t\t\t<div class=\"work-info-bg\"><\/div>\n\t\t\t\t\t\t\t\t<div class=\"work-info\">\n\n\n\t\t\t\t\t\t\t\t\t\t\t\t\t\t\t\t\t\t   \t\t <a href=\"\/pt\/*\/\"><\/a>\n\t\t\t\t\t\t\t\t   \t\t\n\t\t\t\t\t\t\t\t\t\t<div class=\"vert-center\">\n\t\t\t\t\t\t\t\t\t\t\t\n\t\t\t\t\t\t\t\t\t\t\t\t\t\t\t\t\t\t\t\t\t\t\t\t\t<h3>Fachada Plaza Mayor 35<\/h3>\n\t\t\t\t\t\t\t\t\t\t\t\t\t\t\t\t\t\t\t\t\t\t\t\t<p><\/p>\n\n\t\t\t\t\t\t\t\t\t\t\t\t\t\t\t\t\t\t\t\t\t<\/div><!--\/vert-center-->\n\n\t\t\t\t\t\t\t\t\t\n\n\t\t\t\t\t\t\t\t<\/div>\n\t\t\t\t\t\t\t<\/div><!--work-item-->\n\n\t\t\t\t\t\t\n\n\t\t\t\t\t\t<\/div><\/div> \n\t\t\t\t\t\t\n\t\t\t\t\t\t\t<div class=\"col elastic-portfolio-item wide element\" data-project-cat=\"\" data-default-color=\"true\" data-title-color=\"\" data-subtitle-color=\"\">\n\n\t\t\t\t\t\t\t<div class=\"inner-wrap animated\" data-animation=\"fade_in\">\n\n\t\t\t\t\t\t\t\n\t\t\t\t\t\t\t<div class=\"work-item style-2\">\n\n\t\t\t\t\t\t\t\t<img decoding=\"async\" class=\"size-wide\" src=\"https:\/\/www.plazamayor35.com\/wp-content\/uploads\/2024\/02\/pm35-105family-habitacion-2-1000x500.jpg\" alt=\"\" height=\"1067\" width=\"1600\" srcset=\"https:\/\/www.plazamayor35.com\/wp-content\/uploads\/2024\/02\/pm35-105family-habitacion-2-1000x500.jpg 1000w, https:\/\/www.plazamayor35.com\/wp-content\/uploads\/2024\/02\/pm35-105family-habitacion-2-670x335.jpg 670w\" sizes=\"(min-width: 1600px) 40vw, (min-width: 1300px) 50vw, (min-width: 1000px) 66.6vw, (min-width: 690px) 100vw, 100vw\" \/>\n\t\t\t\t\t\t\t\t<div class=\"work-info-bg\"><\/div>\n\t\t\t\t\t\t\t\t<div class=\"work-info\">\n\n\n\t\t\t\t\t\t\t\t\t\t\t\t\t\t\t\t\t\t   \t\t <a href=\"\/pt\/202-familia\/\"><\/a>\n\t\t\t\t\t\t\t\t   \t\t\n\t\t\t\t\t\t\t\t\t\t<div class=\"vert-center\">\n\t\t\t\t\t\t\t\t\t\t\t\n\t\t\t\t\t\t\t\t\t\t\t\t\t\t\t\t\t\t\t\t\t\t\t\t\t<h3>105 Fam\u00edlia<\/h3>\n\t\t\t\t\t\t\t\t\t\t\t\t\t\t\t\t\t\t\t\t\t\t\t\t<p><\/p>\n\n\t\t\t\t\t\t\t\t\t\t\t\t\t\t\t\t\t\t\t\t\t<\/div><!--\/vert-center-->\n\n\t\t\t\t\t\t\t\t\t\n\n\t\t\t\t\t\t\t\t<\/div>\n\t\t\t\t\t\t\t<\/div><!--work-item-->\n\n\t\t\t\t\t\t\n\n\t\t\t\t\t\t<\/div><\/div> \n\t\t\t\t\t\t\n\t\t\t\t\t\t\t<div class=\"col elastic-portfolio-item regular element\" data-project-cat=\"\" data-default-color=\"true\" data-title-color=\"\" data-subtitle-color=\"\">\n\n\t\t\t\t\t\t\t<div class=\"inner-wrap animated\" data-animation=\"fade_in\">\n\n\t\t\t\t\t\t\t\n\t\t\t\t\t\t\t<div class=\"work-item style-2\">\n\n\t\t\t\t\t\t\t\t<img decoding=\"async\" class=\"size-regular\" src=\"https:\/\/www.plazamayor35.com\/wp-content\/uploads\/2024\/02\/pm35-detalle-desayuno-zeris-500x500.jpg\" alt=\"\" height=\"1067\" width=\"1600\" srcset=\"https:\/\/www.plazamayor35.com\/wp-content\/uploads\/2024\/02\/pm35-detalle-desayuno-zeris-500x500.jpg 500w, https:\/\/www.plazamayor35.com\/wp-content\/uploads\/2024\/02\/pm35-detalle-desayuno-zeris-350x350.jpg 350w\" sizes=\"(min-width: 1600px) 20vw, (min-width: 1300px) 25vw, (min-width: 1000px) 33.3vw, (min-width: 690px) 50vw, 100vw\" \/>\n\t\t\t\t\t\t\t\t<div class=\"work-info-bg\"><\/div>\n\t\t\t\t\t\t\t\t<div class=\"work-info\">\n\n\n\t\t\t\t\t\t\t\t\t\t\t\t\t\t\t\t\t\t   \t\t <a href=\"\/pt\/*\/\"><\/a>\n\t\t\t\t\t\t\t\t   \t\t\n\t\t\t\t\t\t\t\t\t\t<div class=\"vert-center\">\n\t\t\t\t\t\t\t\t\t\t\t\n\t\t\t\t\t\t\t\t\t\t\t\t\t\t\t\t\t\t\t\t\t\t\t\t\t<h3>Pequeno-almo\u00e7o Zeris<\/h3>\n\t\t\t\t\t\t\t\t\t\t\t\t\t\t\t\t\t\t\t\t\t\t\t\t<p><\/p>\n\n\t\t\t\t\t\t\t\t\t\t\t\t\t\t\t\t\t\t\t\t\t<\/div><!--\/vert-center-->\n\n\t\t\t\t\t\t\t\t\t\n\n\t\t\t\t\t\t\t\t<\/div>\n\t\t\t\t\t\t\t<\/div><!--work-item-->\n\n\t\t\t\t\t\t\n\n\t\t\t\t\t\t<\/div><\/div> \n\t\t\t\t\t\t<\/div><\/div><\/div>\n\t\t<\/div> \n\t<\/div> \n\t\t\t<\/div> \n\t\t<\/div>\n\t<\/div> \n<\/div><\/div>\n\t\t<div id=\"fws_69f1a3033beac\"  data-column-margin=\"default\" data-midnight=\"light\" data-top-percent=\"8%\" data-bottom-percent=\"8%\"  data-bg-mobile-hidden=\"true\" class=\"wpb_row vc_row-fluid vc_row full-width-section vc_row-o-equal-height vc_row-flex vc_row-o-content-top parallax_section\"  style=\"padding-top: calc(100vw * 0.08); padding-bottom: calc(100vw * 0.08); \"><div class=\"row-bg-wrap\" data-bg-animation=\"none\" data-bg-animation-delay=\"\" data-bg-overlay=\"true\"><div class=\"inner-wrap row-bg-layer using-image\" ><div class=\"row-bg viewport-desktop using-image using-bg-color\" data-parallax-speed=\"slow\" style=\"background-image: url(https:\/\/www.plazamayor35.com\/wp-content\/uploads\/2021\/02\/bkg-pm35-triptico.jpg); background-position: center center; background-repeat: no-repeat; background-color: #968a5e; \"><\/div><\/div><div class=\"row-bg-overlay row-bg-layer\" style=\"background-color:#968a5e;  opacity: 0.8; \"><\/div><\/div><div class=\"row_col_wrap_12 col span_12 light left\">\n\t<div style=\" color: #ffffff;\" class=\"vc_col-sm-12 wpb_column column_container vc_column_container col no-extra-padding inherit_tablet inherit_phone\" data-cfc=\"true\"  data-padding-pos=\"all\" data-has-bg-color=\"false\" data-bg-color=\"\" data-bg-opacity=\"1\" data-animation=\"\" data-delay=\"0\" >\n\t\t<div class=\"vc_column-inner\" >\n\t\t\t<div class=\"wpb_wrapper\">\n\t\t\t\t<div class=\"testimonial_slider span_12 col disable-height-animation\" data-color=\"\" data-rating-color=\"extra-color-2\" data-controls=\"default\" data-add-border=\"\" data-autorotate=\"7000\" data-style=\"default\" ><div class=\"slides\"><blockquote> <div data-shadow=\"\" class=\"image-icon\" >&#8220;<\/div> <p>A melhor op\u00e7\u00e3o para um apartamento em C\u00e1ceres.<br \/>\nO melhor s\u00edtio para dormir em C\u00e1ceres. Aconselho a reservar a penthouse, uns euros a mais e desfrutar\u00e1 de um grande terra\u00e7o onde o sol brilha durante v\u00e1rias horas do dia e tem vista para toda a Plaza Mayor.<span class=\"star-rating-wrap\"> <span class=\"star-rating\"><span style=\"width: 100%;\" class=\"filled\"><\/span><\/span><\/span> <span class=\"bottom-arrow\"><\/span><\/p><span class=\"testimonial-name\">Fernando<\/span><span class=\"title\">De Madrid - janeiro de 2021<\/span><\/blockquote><blockquote> <div data-shadow=\"\" class=\"image-icon\" >&#8220;<\/div> <p>Fant\u00e1stico!<br \/>\nA localiza\u00e7\u00e3o \u00e9 \u00f3ptima, e os apartamentos s\u00e3o \u00f3ptimos, em conforto, decora\u00e7\u00e3o, equipamento...tudo! A aten\u00e7\u00e3o, melhor imposs\u00edvel! Simp\u00e1ticos, atenciosos, dispostos a facilitar a vossa estadia na cidade... muito obrigado! E muito importante o protocolo de limpeza e desinfe\u00e7\u00e3o, t\u00e3o importante para garantir uma estadia segura. Totalmente recomend\u00e1vel!<span class=\"star-rating-wrap\"> <span class=\"star-rating\"><span style=\"width: 100%;\" class=\"filled\"><\/span><\/span><\/span> <span class=\"bottom-arrow\"><\/span><\/p><span class=\"testimonial-name\">Imaculado<\/span><span class=\"title\">De Val\u00eancia - novembro de 2020<\/span><\/blockquote><blockquote> <div data-shadow=\"\" class=\"image-icon\" >&#8220;<\/div> <p>Viagem \u00e0 Extremadura.<br \/>\nPerfeito! Muito melhor do que a maioria dos hot\u00e9is em **** que eu costumo usar para o trabalho. Conforto, limpeza, aten\u00e7\u00e3o e adicione a localiza\u00e7\u00e3o e... n\u00e3o procure mais. Definitivamente, vale a pena repetir.<span class=\"star-rating-wrap\"> <span class=\"star-rating\"><span style=\"width: 100%;\" class=\"filled\"><\/span><\/span><\/span> <span class=\"bottom-arrow\"><\/span><\/p><span class=\"testimonial-name\">Jos\u00e9<\/span><span class=\"title\">De Vigo - setembro de 2020<\/span><\/blockquote><blockquote> <div data-shadow=\"\" class=\"image-icon\" >&#8220;<\/div> <p>\u00c9 um espet\u00e1culo!<br \/>\nEstou na cama do est\u00fadio e n\u00e3o aguento mais. Tudo perfeito, limpo, central, cama super confort\u00e1vel,... E o tratamento do David o melhor, super simp\u00e1tico e atencioso. \u00c9 tudo o que h\u00e1 para dizer.<span class=\"star-rating-wrap\"> <span class=\"star-rating\"><span style=\"width: 100%;\" class=\"filled\"><\/span><\/span><\/span> <span class=\"bottom-arrow\"><\/span><\/p><span class=\"testimonial-name\">Ana<\/span><span class=\"title\">De Cantabria - agosto 2020<\/span><\/blockquote><blockquote> <div data-shadow=\"\" class=\"image-icon\" >&#8220;<\/div> <p>Simplesmente fant\u00e1stico!<br \/>\nLocaliza\u00e7\u00e3o, instala\u00e7\u00f5es, simpatia e cordialidade do pessoal (David), limpeza, como cada detalhe foi cuidado... os quartos s\u00e3o novos, muito confort\u00e1veis e a cama \u00e9 enorme. T\u00eam absolutamente tudo, at\u00e9 para lavar a loi\u00e7a, m\u00e1quina de caf\u00e9, torradeira, almofadas \u00e0 escolha... estivemos melhor do que em qualquer hotel. As vistas do quarto tamb\u00e9m s\u00e3o imbat\u00edveis.<span class=\"star-rating-wrap\"> <span class=\"star-rating\"><span style=\"width: 100%;\" class=\"filled\"><\/span><\/span><\/span> <span class=\"bottom-arrow\"><\/span><\/p><span class=\"testimonial-name\">Borja<\/span><span class=\"title\">Madrid - Nov 2020<\/span><\/blockquote><blockquote> <div data-shadow=\"\" class=\"image-icon\" >&#8220;<\/div> <p>Uma agrad\u00e1vel surpresa.<br \/>\nPela sua localiza\u00e7\u00e3o (na Plaza Mayor, mas numa sala tranquila), pelo seu estado de conserva\u00e7\u00e3o (novo e limpo) e pelo excelente tratamento, \u00e9 totalmente recomend\u00e1vel.<span class=\"star-rating-wrap\"> <span class=\"star-rating\"><span style=\"width: 100%;\" class=\"filled\"><\/span><\/span><\/span> <span class=\"bottom-arrow\"><\/span><\/p><span class=\"testimonial-name\">Jorge<\/span><span class=\"title\">De Madrid - dezembro de 2019<\/span><\/blockquote><blockquote> <div data-shadow=\"\" class=\"image-icon\" >&#8220;<\/div> <p>Maravilhoso!<br \/>\nFic\u00e1mos uma noite e voltaremos de certeza sempre que formos a C\u00e1ceres. S\u00e3o apartamentos lindos, com tudo o que \u00e9 necess\u00e1rio para uma estadia perfeita e um tratamento maravilhoso. Recomendado 100%!<span class=\"star-rating-wrap\"> <span class=\"star-rating\"><span style=\"width: 100%;\" class=\"filled\"><\/span><\/span><\/span> <span class=\"bottom-arrow\"><\/span><\/p><span class=\"testimonial-name\">Isabel<\/span><span class=\"title\">De M\u00e1laga - Nov 2019<\/span><\/blockquote><blockquote> <div data-shadow=\"\" class=\"image-icon\" >&#8220;<\/div> <p>Tudo \u00e9 perfeito!<br \/>\nA localiza\u00e7\u00e3o \u00e9 perfeita. O tratamento \u00e9 imbat\u00edvel. Um dos melhores apartamentos de f\u00e9rias em que j\u00e1 fiquei.<span class=\"star-rating-wrap\"> <span class=\"star-rating\"><span style=\"width: 100%;\" class=\"filled\"><\/span><\/span><\/span> <span class=\"bottom-arrow\"><\/span><\/p><span class=\"testimonial-name\">Jo\u00e3o<\/span><span class=\"title\">Barcelona - janeiro de 2021<\/span><\/blockquote><blockquote> <div data-shadow=\"\" class=\"image-icon\" >&#8220;<\/div> <p>Excelente, repetimos.<br \/>\nNo cora\u00e7\u00e3o da Plaza Mayor, excelente limpeza, tudo muito novo e muito bem equipado. Cama e almofadas muito confort\u00e1veis... E o propriet\u00e1rio era encantador, deu-nos boas recomenda\u00e7\u00f5es. O estacionamento \u00e9 muito perto do alojamento, \u00e9 preciso andar muito pouco com as malas.<span class=\"star-rating-wrap\"> <span class=\"star-rating\"><span style=\"width: 100%;\" class=\"filled\"><\/span><\/span><\/span> <span class=\"bottom-arrow\"><\/span><\/p><span class=\"testimonial-name\">Mjzaid<\/span><span class=\"title\">Madrid - dezembro de 2020<\/span><\/blockquote><\/div><\/div>\n\t\t\t<\/div> \n\t\t<\/div>\n\t<\/div> \n<\/div><\/div>\n\t\t<div id=\"more-features\"  data-column-margin=\"default\" data-midnight=\"dark\" data-top-percent=\"4%\" data-bottom-percent=\"4%\"  class=\"wpb_row vc_row-fluid vc_row full-width-section  top_padding_tablet_10pct bottom_padding_tablet_10pct\"  style=\"padding-top: calc(100vw * 0.04); padding-bottom: calc(100vw * 0.04); \"><div class=\"row-bg-wrap\" data-bg-animation=\"none\" data-bg-animation-delay=\"\" data-bg-overlay=\"false\"><div class=\"inner-wrap row-bg-layer\" ><div class=\"row-bg viewport-desktop\"  style=\"\"><\/div><\/div><\/div><div class=\"row_col_wrap_12 col span_12 dark left\">\n\t<div  class=\"vc_col-sm-12 wpb_column column_container vc_column_container col no-extra-padding inherit_tablet inherit_phone\"  data-padding-pos=\"all\" data-has-bg-color=\"false\" data-bg-color=\"\" data-bg-opacity=\"1\" data-animation=\"\" data-delay=\"0\" >\n\t\t<div class=\"vc_column-inner\" >\n\t\t\t<div class=\"wpb_wrapper\">\n\t\t\t\t<div id=\"fws_69f1a3033d45c\" data-midnight=\"\" data-column-margin=\"default\" class=\"wpb_row vc_row-fluid vc_row inner_row\"  style=\"\"><div class=\"row-bg-wrap\"> <div class=\"row-bg\" ><\/div> <\/div><div class=\"row_col_wrap_12_inner col span_12  center\">\n\t<div style=\"margin-top: 30px; \" class=\"vc_col-sm-12 wpb_column column_container vc_column_container col child_column centered-text padding-3-percent inherit_tablet inherit_phone\"   data-padding-pos=\"left-right\" data-has-bg-color=\"false\" data-bg-color=\"\" data-bg-opacity=\"1\" data-animation=\"\" data-delay=\"0\" >\n\t\t<div class=\"vc_column-inner\" >\n\t\t<div class=\"wpb_wrapper\">\n\t\t\t\n<div class=\"wpb_text_column wpb_content_element\" >\n\t<div class=\"wpb_wrapper\">\n\t\t<h2 style=\"text-align: center;\">N\u00e3o perca!<\/h2>\n<p style=\"text-align: center;\">Os Apartamentos Plaza Mayor 35 oferecem-lhe todas as comodidades.<\/p>\n\t<\/div>\n<\/div>\n\n\n\n\n\t\t<\/div> \n\t<\/div>\n\t<\/div> \n<\/div><\/div><div class=\"nectar-flickity not-initialized nectar-carousel\" data-centered-cells=\"false\" data-pause-on-hover=\"\" data-touch-icon-color=\"default\" data-control-color=\"default\" data-overflow=\"hidden\" data-r-bottom-total=\"\" data-drag-scale=\"true\" data-wrap=\"no-wrap\" data-spacing=\"default\" data-controls=\"default\" data-pagination-alignment=\"default\" data-adaptive-height=\"\" data-border-radius=\"none\" data-column-border=\"\" data-column-padding=\"0\" data-format=\"default\" data-autoplay=\"\" data-autoplay-dur=\"5000\" data-control-style=\"material_pagination\" data-desktop-columns=\"3\" data-small-desktop-columns=\"3\" data-tablet-columns=\"2\" data-phone-columns=\"1\" data-column-color=\"\"><div class=\"flickity-viewport\"> <div class=\"flickity-slider\"><div class=\"cell\"><div class=\"inner-wrap-outer\"><div class=\"inner-wrap\" ><div class=\"nectar-fancy-box using-img  min_height_phone_280px\" data-style=\"default\" data-animation=\"\" data-hover-o=\"default\" data-border-radius=\"5px\" data-border=\"\" data-box-color-opacity=\"1\" data-delay=\"\" data-alignment=\"left\" data-color=\"accent-color\" ><div class=\"box-bg\"  data-nectar-img-src=\"https:\/\/www.plazamayor35.com\/wp-content\/uploads\/2021\/02\/tarifas-flexibles-2.jpg\"><\/div> <div class=\"inner\" style=\"min-height: 240px\">\n<h3>Tarifas flex\u00edveis<\/h3>\n<p>Pode cancelar a sua reserva gratuitamente at\u00e9 7 dias antes da sua chegada.<\/div> <div class=\"link-text\">+info<span class=\"arrow\"><\/span><\/div> <a target=\"_blank\" href=\"\/pt\/servicos\/\" class=\"box-link\"><\/a> <\/div><\/div><\/div><\/div><div class=\"cell\"><div class=\"inner-wrap-outer\"><div class=\"inner-wrap\" ><div class=\"nectar-fancy-box using-img  min_height_phone_280px\" data-style=\"default\" data-animation=\"\" data-hover-o=\"default\" data-border-radius=\"5px\" data-border=\"\" data-box-color-opacity=\"1\" data-delay=\"\" data-alignment=\"left\" data-color=\"accent-color\" ><div class=\"box-bg\"  data-nectar-img-src=\"https:\/\/www.plazamayor35.com\/wp-content\/uploads\/2021\/02\/breakfast-pm35.jpg\"><\/div> <div class=\"inner\" style=\"min-height: 240px\">\n<h3>Pequeno-almo\u00e7o Plaza<\/h3>\n<p>Por apenas 9,50 euros, desfrute de um fant\u00e1stico pequeno-almo\u00e7o completo sem sair do seu apartamento.<\/div> <div class=\"link-text\">+info<span class=\"arrow\"><\/span><\/div> <a target=\"_blank\" href=\"\/pt\/servicos\/\" class=\"box-link\"><\/a> <\/div><\/div><\/div><\/div><div class=\"cell\"><div class=\"inner-wrap-outer\"><div class=\"inner-wrap\" ><div class=\"nectar-fancy-box using-img  min_height_phone_280px\" data-style=\"default\" data-animation=\"\" data-hover-o=\"default\" data-border-radius=\"5px\" data-border=\"\" data-box-color-opacity=\"1\" data-delay=\"\" data-alignment=\"left\" data-color=\"accent-color\" ><div class=\"box-bg\"  data-nectar-img-src=\"https:\/\/www.plazamayor35.com\/wp-content\/uploads\/2021\/01\/centro-caceres-700.jpg\"><\/div> <div class=\"inner\" style=\"min-height: 240px\">\n<h3>Check-out tardio<\/h3>\n<p>Se quiser prolongar a sua estadia por algumas horas, pode deixar os apartamentos algumas horas mais tarde por muito pouco dinheiro!<\/div> <div class=\"link-text\">+info<span class=\"arrow\"><\/span><\/div> <a target=\"_blank\" href=\"\/pt\/servicos\/\" class=\"box-link\"><\/a> <\/div><\/div><\/div><\/div><div class=\"cell\"><div class=\"inner-wrap-outer\"><div class=\"inner-wrap\" ><div class=\"nectar-fancy-box using-img  min_height_phone_280px\" data-style=\"default\" data-animation=\"\" data-hover-o=\"default\" data-border-radius=\"5px\" data-border=\"\" data-box-color-opacity=\"1\" data-delay=\"\" data-alignment=\"left\" data-color=\"accent-color\" ><div class=\"box-bg\"  data-nectar-img-src=\"https:\/\/www.plazamayor35.com\/wp-content\/uploads\/2021\/02\/family-friendly.jpg\"><\/div> <div class=\"inner\" style=\"min-height: 240px\">\n<h3>Amigo da fam\u00edlia<\/h3>\n<p>Temos tudo para os mais pequenos: carrinhos de beb\u00e9, ber\u00e7os, lavandaria partilhada, quartos espa\u00e7osos,...<\/div> <div class=\"link-text\">+info<span class=\"arrow\"><\/span><\/div> <a target=\"_blank\" href=\"\/pt\/servicos\/\" class=\"box-link\"><\/a> <\/div><\/div><\/div><\/div><div class=\"cell\"><div class=\"inner-wrap-outer\"><div class=\"inner-wrap\" ><div class=\"nectar-fancy-box using-img  min_height_phone_280px\" data-style=\"default\" data-animation=\"\" data-hover-o=\"default\" data-border-radius=\"5px\" data-border=\"\" data-box-color-opacity=\"1\" data-delay=\"\" data-alignment=\"left\" data-color=\"accent-color\" ><div class=\"box-bg\"  data-nectar-img-src=\"https:\/\/www.plazamayor35.com\/wp-content\/uploads\/2021\/02\/bkg-pm35-triptico.jpg\"><\/div> <div class=\"inner\" style=\"min-height: 240px\">\n<h3>Guia<\/h3>\n<p>Elabor\u00e1mos um pequeno guia com as nossas recomenda\u00e7\u00f5es tur\u00edsticas e gastron\u00f3micas...<\/div> <div class=\"link-text\">+info<span class=\"arrow\"><\/span><\/div> <a target=\"_blank\" href=\"\/pt\/servicos\/\" class=\"box-link\"><\/a> <\/div><\/div><\/div><\/div><div class=\"cell\"><div class=\"inner-wrap-outer\"><div class=\"inner-wrap\" ><div class=\"nectar-fancy-box using-img  min_height_phone_280px\" data-style=\"default\" data-animation=\"\" data-hover-o=\"default\" data-border-radius=\"5px\" data-border=\"\" data-box-color-opacity=\"1\" data-delay=\"\" data-alignment=\"left\" data-color=\"accent-color\" ><div class=\"box-bg\"  data-nectar-img-src=\"https:\/\/www.plazamayor35.com\/wp-content\/uploads\/2021\/02\/parking-pm35.jpg\"><\/div> <div class=\"inner\" style=\"min-height: 240px\">\n<h3>Estacionamento<\/h3>\n<p>O parque de estacionamento Galarza est\u00e1 situado a apenas 180 metros dos nossos apartamentos.<\/div> <div class=\"link-text\">+info<span class=\"arrow\"><\/span><\/div> <a target=\"_blank\" href=\"\/pt\/servicos\/\" class=\"box-link\"><\/a> <\/div><\/div><\/div><\/div><\/div><\/div><\/div>\n\t\t\t<\/div> \n\t\t<\/div>\n\t<\/div> \n<\/div><\/div>\n\t\t<div id=\"fws_69f1a3033fa83\"  data-column-margin=\"none\" data-midnight=\"dark\"  class=\"wpb_row vc_row-fluid vc_row full-width-content vc_row-o-equal-height vc_row-flex vc_row-o-content-top  zindex-set\"  style=\"padding-top: 0px; padding-bottom: 0px;  z-index: 100000;\"><div class=\"row-bg-wrap\" data-bg-animation=\"none\" data-bg-animation-delay=\"\" data-bg-overlay=\"false\"><div class=\"inner-wrap row-bg-layer\" ><div class=\"row-bg viewport-desktop\"  style=\"\"><\/div><\/div><\/div><div class=\"row_col_wrap_12 col span_12 dark left\">\n\t<div  class=\"vc_col-sm-12 wpb_column column_container vc_column_container col no-extra-padding inherit_tablet inherit_phone\"  data-padding-pos=\"all\" data-has-bg-color=\"false\" data-bg-color=\"\" data-bg-opacity=\"1\" data-animation=\"\" data-delay=\"0\" >\n\t\t<div class=\"vc_column-inner\" >\n\t\t\t<div class=\"wpb_wrapper\">\n\t\t\t\t<div class=\"img-with-aniamtion-wrap\" data-max-width=\"100%\" data-max-width-mobile=\"default\" data-shadow=\"none\" data-animation=\"none\" >\n      <div class=\"inner\">\n        <div class=\"hover-wrap\"> \n          <div class=\"hover-wrap-inner\">\n            <a href=\"\/pt\/covid-info\/\" target=\"_self\" class=\"\">\n              <img decoding=\"async\" class=\"img-with-animation skip-lazy covidsticker\" data-delay=\"0\" height=\"180\" width=\"180\" data-animation=\"none\" src=\"https:\/\/www.plazamayor35.com\/wp-content\/uploads\/2021\/02\/at-35-safe-tourism-90.jpg\" alt=\"\" srcset=\"https:\/\/www.plazamayor35.com\/wp-content\/uploads\/2021\/02\/at-35-safe-tourism-90.jpg 180w, https:\/\/www.plazamayor35.com\/wp-content\/uploads\/2021\/02\/at-35-safe-tourism-90-150x150.jpg 150w, https:\/\/www.plazamayor35.com\/wp-content\/uploads\/2021\/02\/at-35-safe-tourism-90-100x100.jpg 100w, https:\/\/www.plazamayor35.com\/wp-content\/uploads\/2021\/02\/at-35-safe-tourism-90-140x140.jpg 140w\" sizes=\"(max-width: 180px) 100vw, 180px\" \/>\n            <\/a>\n          <\/div>\n        <\/div>\n      <\/div>\n      <\/div>\n\t\t\t<\/div> \n\t\t<\/div>\n\t<\/div> \n<\/div><\/div>","protected":false},"excerpt":{"rendered":"Superou as minhas expectativas! Elizabeth (EUA) Um espet\u00e1culo! Ana (Cantabria) Vistas incr\u00edveis! Inmaculada (Val\u00eancia) No cora\u00e7\u00e3o de C\u00e1ceres! Borja (M\u00e1laga) Reservar ao melhor pre\u00e7o! Plaza Mayor 35 | C\u00e1ceres |...","protected":false},"author":1,"featured_media":0,"parent":0,"menu_order":1,"comment_status":"closed","ping_status":"closed","template":"","meta":{"footnotes":""},"rankMath":{"parentDomain":"plazamayor35.com","noFollowDomains":[],"noFollowExcludeDomains":[],"noFollowExternalLinks":false,"featuredImageNotice":"The featured image should be at least 200 by 200 pixels to be picked up by Facebook and other social media sites.","pluginReviewed":false,"postSettings":{"linkSuggestions":true,"useFocusKeyword":false},"frontEndScore":false,"postName":"inicio-2","permalinkFormat":"https:\/\/www.plazamayor35.com\/pt\/","showLockModifiedDate":true,"assessor":{"focusKeywordLink":"https:\/\/www.plazamayor35.com\/wp-admin\/edit.php?focus_keyword=%focus_keyword%&post_type=%post_type%","hasTOCPlugin":false,"primaryTaxonomy":false,"serpData":{"title":"%sitename% en C\u00e1ceres | Alquileres vacacionales","description":"Apartamentos\u00a0Tur\u00edsticos\u00a0Plaza Mayor 35\u00a0en C\u00e1ceres. Reserva ahora tu\u00a0apartamento\u00a0al mejor precio online garantizado en la web oficial.","focusKeywords":"","pillarContent":true,"canonicalUrl":"","breadcrumbTitle":"","advancedRobots":{"max-snippet":"-1","max-video-preview":"-1","max-image-preview":"large"},"facebookTitle":"","facebookDescription":"","facebookImage":"","facebookImageID":"","facebookHasOverlay":false,"facebookImageOverlay":"","facebookAuthor":"","twitterCardType":"","twitterUseFacebook":true,"twitterTitle":"","twitterDescription":"","twitterImage":"","twitterImageID":"","twitterHasOverlay":false,"twitterImageOverlay":"","twitterPlayerUrl":"","twitterPlayerSize":"","twitterPlayerStream":"","twitterPlayerStreamCtype":"","twitterAppDescription":"","twitterAppIphoneName":"","twitterAppIphoneID":"","twitterAppIphoneUrl":"","twitterAppIpadName":"","twitterAppIpadID":"","twitterAppIpadUrl":"","twitterAppGoogleplayName":"","twitterAppGoogleplayID":"","twitterAppGoogleplayUrl":"","twitterAppCountry":"","robots":{"index":true},"twitterAuthor":"username","primaryTerm":0,"authorName":"pm35admin","titleTemplate":"%title% %page% %sep% %sitename%","descriptionTemplate":"%excerpt%","showScoreFrontend":true,"lockModifiedDate":false},"powerWords":[],"diacritics":{"A":"[\\u0041\\u24B6\\uFF21\\u00C0\\u00C1\\u00C2\\u1EA6\\u1EA4\\u1EAA\\u1EA8\\u00C3\\u0100\\u0102\\u1EB0\\u1EAE\\u1EB4\\u1EB2\\u0226\\u01E0\\u00C4\\u01DE\\u1EA2\\u00C5\\u01FA\\u01CD\\u0200\\u0202\\u1EA0\\u1EAC\\u1EB6\\u1E00\\u0104\\u023A\\u2C6F]","AA":"[\\uA732]","AE":"[\\u00C6\\u01FC\\u01E2]","AO":"[\\uA734]","AU":"[\\uA736]","AV":"[\\uA738\\uA73A]","AY":"[\\uA73C]","B":"[\\u0042\\u24B7\\uFF22\\u1E02\\u1E04\\u1E06\\u0243\\u0182\\u0181]","C":"[\\u0043\\u24B8\\uFF23\\u0106\\u0108\\u010A\\u010C\\u00C7\\u1E08\\u0187\\u023B\\uA73E]","D":"[\\u0044\\u24B9\\uFF24\\u1E0A\\u010E\\u1E0C\\u1E10\\u1E12\\u1E0E\\u0110\\u018B\\u018A\\u0189\\uA779]","DZ":"[\\u01F1\\u01C4]","Dz":"[\\u01F2\\u01C5]","E":"[\\u0045\\u24BA\\uFF25\\u00C8\\u00C9\\u00CA\\u1EC0\\u1EBE\\u1EC4\\u1EC2\\u1EBC\\u0112\\u1E14\\u1E16\\u0114\\u0116\\u00CB\\u1EBA\\u011A\\u0204\\u0206\\u1EB8\\u1EC6\\u0228\\u1E1C\\u0118\\u1E18\\u1E1A\\u0190\\u018E]","F":"[\\u0046\\u24BB\\uFF26\\u1E1E\\u0191\\uA77B]","G":"[\\u0047\\u24BC\\uFF27\\u01F4\\u011C\\u1E20\\u011E\\u0120\\u01E6\\u0122\\u01E4\\u0193\\uA7A0\\uA77D\\uA77E]","H":"[\\u0048\\u24BD\\uFF28\\u0124\\u1E22\\u1E26\\u021E\\u1E24\\u1E28\\u1E2A\\u0126\\u2C67\\u2C75\\uA78D]","I":"[\\u0049\\u24BE\\uFF29\\u00CC\\u00CD\\u00CE\\u0128\\u012A\\u012C\\u0130\\u00CF\\u1E2E\\u1EC8\\u01CF\\u0208\\u020A\\u1ECA\\u012E\\u1E2C\\u0197]","J":"[\\u004A\\u24BF\\uFF2A\\u0134\\u0248]","K":"[\\u004B\\u24C0\\uFF2B\\u1E30\\u01E8\\u1E32\\u0136\\u1E34\\u0198\\u2C69\\uA740\\uA742\\uA744\\uA7A2]","L":"[\\u004C\\u24C1\\uFF2C\\u013F\\u0139\\u013D\\u1E36\\u1E38\\u013B\\u1E3C\\u1E3A\\u0141\\u023D\\u2C62\\u2C60\\uA748\\uA746\\uA780]","LJ":"[\\u01C7]","Lj":"[\\u01C8]","M":"[\\u004D\\u24C2\\uFF2D\\u1E3E\\u1E40\\u1E42\\u2C6E\\u019C]","N":"[\\u004E\\u24C3\\uFF2E\\u01F8\\u0143\\u00D1\\u1E44\\u0147\\u1E46\\u0145\\u1E4A\\u1E48\\u0220\\u019D\\uA790\\uA7A4]","NJ":"[\\u01CA]","Nj":"[\\u01CB]","O":"[\\u004F\\u24C4\\uFF2F\\u00D2\\u00D3\\u00D4\\u1ED2\\u1ED0\\u1ED6\\u1ED4\\u00D5\\u1E4C\\u022C\\u1E4E\\u014C\\u1E50\\u1E52\\u014E\\u022E\\u0230\\u00D6\\u022A\\u1ECE\\u0150\\u01D1\\u020C\\u020E\\u01A0\\u1EDC\\u1EDA\\u1EE0\\u1EDE\\u1EE2\\u1ECC\\u1ED8\\u01EA\\u01EC\\u00D8\\u01FE\\u0186\\u019F\\uA74A\\uA74C]","OI":"[\\u01A2]","OO":"[\\uA74E]","OU":"[\\u0222]","P":"[\\u0050\\u24C5\\uFF30\\u1E54\\u1E56\\u01A4\\u2C63\\uA750\\uA752\\uA754]","Q":"[\\u0051\\u24C6\\uFF31\\uA756\\uA758\\u024A]","R":"[\\u0052\\u24C7\\uFF32\\u0154\\u1E58\\u0158\\u0210\\u0212\\u1E5A\\u1E5C\\u0156\\u1E5E\\u024C\\u2C64\\uA75A\\uA7A6\\uA782]","S":"[\\u0053\\u24C8\\uFF33\\u1E9E\\u015A\\u1E64\\u015C\\u1E60\\u0160\\u1E66\\u1E62\\u1E68\\u0218\\u015E\\u2C7E\\uA7A8\\uA784]","T":"[\\u0054\\u24C9\\uFF34\\u1E6A\\u0164\\u1E6C\\u021A\\u0162\\u1E70\\u1E6E\\u0166\\u01AC\\u01AE\\u023E\\uA786]","TZ":"[\\uA728]","U":"[\\u0055\\u24CA\\uFF35\\u00D9\\u00DA\\u00DB\\u0168\\u1E78\\u016A\\u1E7A\\u016C\\u00DC\\u01DB\\u01D7\\u01D5\\u01D9\\u1EE6\\u016E\\u0170\\u01D3\\u0214\\u0216\\u01AF\\u1EEA\\u1EE8\\u1EEE\\u1EEC\\u1EF0\\u1EE4\\u1E72\\u0172\\u1E76\\u1E74\\u0244]","V":"[\\u0056\\u24CB\\uFF36\\u1E7C\\u1E7E\\u01B2\\uA75E\\u0245]","VY":"[\\uA760]","W":"[\\u0057\\u24CC\\uFF37\\u1E80\\u1E82\\u0174\\u1E86\\u1E84\\u1E88\\u2C72]","X":"[\\u0058\\u24CD\\uFF38\\u1E8A\\u1E8C]","Y":"[\\u0059\\u24CE\\uFF39\\u1EF2\\u00DD\\u0176\\u1EF8\\u0232\\u1E8E\\u0178\\u1EF6\\u1EF4\\u01B3\\u024E\\u1EFE]","Z":"[\\u005A\\u24CF\\uFF3A\\u0179\\u1E90\\u017B\\u017D\\u1E92\\u1E94\\u01B5\\u0224\\u2C7F\\u2C6B\\uA762]","a":"[\\u0061\\u24D0\\uFF41\\u1E9A\\u00E0\\u00E1\\u00E2\\u1EA7\\u1EA5\\u1EAB\\u1EA9\\u00E3\\u0101\\u0103\\u1EB1\\u1EAF\\u1EB5\\u1EB3\\u0227\\u01E1\\u00E4\\u01DF\\u1EA3\\u00E5\\u01FB\\u01CE\\u0201\\u0203\\u1EA1\\u1EAD\\u1EB7\\u1E01\\u0105\\u2C65\\u0250]","aa":"[\\uA733]","ae":"[\\u00E6\\u01FD\\u01E3]","ao":"[\\uA735]","au":"[\\uA737]","av":"[\\uA739\\uA73B]","ay":"[\\uA73D]","b":"[\\u0062\\u24D1\\uFF42\\u1E03\\u1E05\\u1E07\\u0180\\u0183\\u0253]","c":"[\\u0063\\u24D2\\uFF43\\u0107\\u0109\\u010B\\u010D\\u00E7\\u1E09\\u0188\\u023C\\uA73F\\u2184]","d":"[\\u0064\\u24D3\\uFF44\\u1E0B\\u010F\\u1E0D\\u1E11\\u1E13\\u1E0F\\u0111\\u018C\\u0256\\u0257\\uA77A]","dz":"[\\u01F3\\u01C6]","e":"[\\u0065\\u24D4\\uFF45\\u00E8\\u00E9\\u00EA\\u1EC1\\u1EBF\\u1EC5\\u1EC3\\u1EBD\\u0113\\u1E15\\u1E17\\u0115\\u0117\\u00EB\\u1EBB\\u011B\\u0205\\u0207\\u1EB9\\u1EC7\\u0229\\u1E1D\\u0119\\u1E19\\u1E1B\\u0247\\u025B\\u01DD]","f":"[\\u0066\\u24D5\\uFF46\\u1E1F\\u0192\\uA77C]","g":"[\\u0067\\u24D6\\uFF47\\u01F5\\u011D\\u1E21\\u011F\\u0121\\u01E7\\u0123\\u01E5\\u0260\\uA7A1\\u1D79\\uA77F]","h":"[\\u0068\\u24D7\\uFF48\\u0125\\u1E23\\u1E27\\u021F\\u1E25\\u1E29\\u1E2B\\u1E96\\u0127\\u2C68\\u2C76\\u0265]","hv":"[\\u0195]","i":"[\\u0069\\u24D8\\uFF49\\u00EC\\u00ED\\u00EE\\u0129\\u012B\\u012D\\u00EF\\u1E2F\\u1EC9\\u01D0\\u0209\\u020B\\u1ECB\\u012F\\u1E2D\\u0268\\u0131]","j":"[\\u006A\\u24D9\\uFF4A\\u0135\\u01F0\\u0249]","k":"[\\u006B\\u24DA\\uFF4B\\u1E31\\u01E9\\u1E33\\u0137\\u1E35\\u0199\\u2C6A\\uA741\\uA743\\uA745\\uA7A3]","l":"[\\u006C\\u24DB\\uFF4C\\u0140\\u013A\\u013E\\u1E37\\u1E39\\u013C\\u1E3D\\u1E3B\\u017F\\u0142\\u019A\\u026B\\u2C61\\uA749\\uA781\\uA747]","lj":"[\\u01C9]","m":"[\\u006D\\u24DC\\uFF4D\\u1E3F\\u1E41\\u1E43\\u0271\\u026F]","n":"[\\u006E\\u24DD\\uFF4E\\u01F9\\u0144\\u00F1\\u1E45\\u0148\\u1E47\\u0146\\u1E4B\\u1E49\\u019E\\u0272\\u0149\\uA791\\uA7A5]","nj":"[\\u01CC]","o":"[\\u006F\\u24DE\\uFF4F\\u00F2\\u00F3\\u00F4\\u1ED3\\u1ED1\\u1ED7\\u1ED5\\u00F5\\u1E4D\\u022D\\u1E4F\\u014D\\u1E51\\u1E53\\u014F\\u022F\\u0231\\u00F6\\u022B\\u1ECF\\u0151\\u01D2\\u020D\\u020F\\u01A1\\u1EDD\\u1EDB\\u1EE1\\u1EDF\\u1EE3\\u1ECD\\u1ED9\\u01EB\\u01ED\\u00F8\\u01FF\\u0254\\uA74B\\uA74D\\u0275]","oi":"[\\u01A3]","ou":"[\\u0223]","oo":"[\\uA74F]","p":"[\\u0070\\u24DF\\uFF50\\u1E55\\u1E57\\u01A5\\u1D7D\\uA751\\uA753\\uA755]","q":"[\\u0071\\u24E0\\uFF51\\u024B\\uA757\\uA759]","r":"[\\u0072\\u24E1\\uFF52\\u0155\\u1E59\\u0159\\u0211\\u0213\\u1E5B\\u1E5D\\u0157\\u1E5F\\u024D\\u027D\\uA75B\\uA7A7\\uA783]","s":"[\\u0073\\u24E2\\uFF53\\u015B\\u1E65\\u015D\\u1E61\\u0161\\u1E67\\u1E63\\u1E69\\u0219\\u015F\\u023F\\uA7A9\\uA785\\u1E9B]","ss":"[\\u00DF]","t":"[\\u0074\\u24E3\\uFF54\\u1E6B\\u1E97\\u0165\\u1E6D\\u021B\\u0163\\u1E71\\u1E6F\\u0167\\u01AD\\u0288\\u2C66\\uA787]","tz":"[\\uA729]","u":"[\\u0075\\u24E4\\uFF55\\u00F9\\u00FA\\u00FB\\u0169\\u1E79\\u016B\\u1E7B\\u016D\\u00FC\\u01DC\\u01D8\\u01D6\\u01DA\\u1EE7\\u016F\\u0171\\u01D4\\u0215\\u0217\\u01B0\\u1EEB\\u1EE9\\u1EEF\\u1EED\\u1EF1\\u1EE5\\u1E73\\u0173\\u1E77\\u1E75\\u0289]","v":"[\\u0076\\u24E5\\uFF56\\u1E7D\\u1E7F\\u028B\\uA75F\\u028C]","vy":"[\\uA761]","w":"[\\u0077\\u24E6\\uFF57\\u1E81\\u1E83\\u0175\\u1E87\\u1E85\\u1E98\\u1E89\\u2C73]","x":"[\\u0078\\u24E7\\uFF58\\u1E8B\\u1E8D]","y":"[\\u0079\\u24E8\\uFF59\\u1EF3\\u00FD\\u0177\\u1EF9\\u0233\\u1E8F\\u00FF\\u1EF7\\u1E99\\u1EF5\\u01B4\\u024F\\u1EFF]","z":"[\\u007A\\u24E9\\uFF5A\\u017A\\u1E91\\u017C\\u017E\\u1E93\\u1E95\\u01B6\\u0225\\u0240\\u2C6C\\uA763]"},"researchesTests":["contentHasTOC","contentHasShortParagraphs","contentHasAssets","keywordInTitle","keywordInMetaDescription","keywordInPermalink","keywordIn10Percent","keywordInContent","keywordInSubheadings","keywordInImageAlt","keywordDensity","keywordNotUsed","lengthContent","lengthPermalink","linksHasInternal","linksHasExternals","linksNotAllExternals","titleStartWithKeyword","titleSentiment","titleHasPowerWords","titleHasNumber","hasContentAI"],"hasRedirection":false,"hasBreadcrumb":true},"homeUrl":"https:\/\/www.plazamayor35.com\/pt","objectID":1162,"objectType":"post","locale":"pt","localeFull":"pt_PT","overlayImages":{"play":{"name":"Play icon","url":"https:\/\/www.plazamayor35.com\/wp-content\/plugins\/seo-by-rank-math\/assets\/admin\/img\/icon-play.png","path":"\/home\/u236439250\/domains\/plazamayor35.com\/public_html\/wp-content\/plugins\/seo-by-rank-math\/assets\/admin\/img\/icon-play.png","position":"middle_center"},"gif":{"name":"GIF icon","url":"https:\/\/www.plazamayor35.com\/wp-content\/plugins\/seo-by-rank-math\/assets\/admin\/img\/icon-gif.png","path":"\/home\/u236439250\/domains\/plazamayor35.com\/public_html\/wp-content\/plugins\/seo-by-rank-math\/assets\/admin\/img\/icon-gif.png","position":"middle_center"}},"defautOgImage":"https:\/\/www.plazamayor35.com\/wp-content\/uploads\/2021\/07\/206-la-suite-plaza-terraza.jpg","customPermalinks":true,"isUserRegistered":true,"autoSuggestKeywords":true,"connectSiteUrl":"https:\/\/rankmath.com\/auth?site=https%3A%2F%2Fwww.plazamayor35.com%2Fpt&r=https%3A%2F%2Fwww.plazamayor35.com%2Fpt%2Fwp-json%2Fwp%2Fv2%2Fpages%2F1162%3Fnonce%3D7c48a61db1","maxTags":5,"trendsIcon":"<svg viewBox=\"0 0 610 610\"><path d=\"M18.85,446,174.32,290.48l58.08,58.08L76.93,504a14.54,14.54,0,0,1-20.55,0L18.83,466.48a14.54,14.54,0,0,1,0-20.55Z\" style=\"fill:#4285f4\"\/><path d=\"M242.65,242.66,377.59,377.6l-47.75,47.75a14.54,14.54,0,0,1-20.55,0L174.37,290.43l47.75-47.75A14.52,14.52,0,0,1,242.65,242.66Z\" style=\"fill:#ea4335\"\/><polygon points=\"319.53 319.53 479.26 159.8 537.34 217.88 377.61 377.62 319.53 319.53\" style=\"fill:#fabb05\"\/><path d=\"M594.26,262.73V118.61h0a16.94,16.94,0,0,0-16.94-16.94H433.2a16.94,16.94,0,0,0-12,28.92L565.34,274.71h0a16.94,16.94,0,0,0,28.92-12Z\" style=\"fill:#34a853\"\/><rect width=\"610\" height=\"610\" style=\"fill:none\"\/><\/svg>","showScore":true,"siteFavIcon":"data:image\/png;base64,iVBORw0KGgoAAAANSUhEUgAAABAAAAAQCAYAAAAf8\/9hAAABs0lEQVR4AWL4\/\/8\/RRjO8Iucx+noO0MWUDo16FYABMGP6ZfUcRnWtm27jVPbtm3bttuH2t3eFPcY9pLz7NxiLjCyVd87pKnHyqXyxtCs8APd0rnyxiu4qSeA3QEDrAwBDrT1s1Rc\/OrjLZwqVmOSu6+Lamcpp2KKMA9PH1BYXMe1mUP5qotvXTywsOEEYHXxrY+3cqk6TMkYpNr2FeoY3KIr0RPtn9wQ2unlA+GMkRw6+9TFw4YTwDUzx\/JVvARj9KaedXRO8P5B1Du2S32smzqUrcKGEyA+uAgQjKX7zf0boWHGfn71jIKj2689gxp7OAGShNcBUmLMPVjZuiKcA2vuWHHDCQxMCz629kXAIU4ApY15QwggAFbfOP9DhgBJ+nWVJ1AZAfICAj1pAlY6hCADZnveQf7bQIwzVONGJonhLIlS9gr5mFg44Xd+4S3XHoGNPdJl1INIwKyEgHckEhgTe1bGiFY9GSFBYUwLh1IkiJUbY407E7syBSFxKTszEoiE\/YdrgCEayDmtaJwCI9uu8TKMuZSVfSa4BpGgzvomBR\/INhLGzrqDotp01ZR8pn\/1L0JN9d9XNyx0AAAAAElFTkSuQmCC","canUser":{"general":false,"advanced":false,"snippet":false,"social":false,"analysis":false,"analytics":false,"content_ai":false},"showKeywordIntent":true,"isPro":false,"is_front_page":false,"trendsUpgradeLink":"https:\/\/rankmath.com\/pricing\/?utm_source=Plugin&utm_medium=CE%20General%20Tab%20Trends&utm_campaign=WP","trendsUpgradeLabel":"Upgrade","trendsPreviewImage":"https:\/\/www.plazamayor35.com\/wp-content\/plugins\/seo-by-rank-math\/assets\/admin\/img\/trends-preview.jpg","currentEditor":false,"homepageData":{"assessor":{"powerWords":[],"diacritics":true,"researchesTests":["contentHasTOC","contentHasShortParagraphs","contentHasAssets","keywordInTitle","keywordInMetaDescription","keywordInPermalink","keywordIn10Percent","keywordInContent","keywordInSubheadings","keywordInImageAlt","keywordDensity","keywordNotUsed","lengthContent","lengthPermalink","linksHasInternal","linksHasExternals","linksNotAllExternals","titleStartWithKeyword","titleSentiment","titleHasPowerWords","titleHasNumber","hasContentAI"],"hasBreadcrumb":true,"serpData":{"title":"%sitename% %page% %sep% %sitedesc%","description":"","titleTemplate":"%sitename% %page% %sep% %sitedesc%","descriptionTemplate":"","focusKeywords":"","breadcrumbTitle":"Portada","robots":{"index":true},"advancedRobots":{"max-snippet":"-1","max-video-preview":"-1","max-image-preview":"large"},"facebookTitle":"","facebookDescription":"","facebookImage":"","facebookImageID":""}}}},"_links":{"self":[{"href":"https:\/\/www.plazamayor35.com\/pt\/wp-json\/wp\/v2\/pages\/1162"}],"collection":[{"href":"https:\/\/www.plazamayor35.com\/pt\/wp-json\/wp\/v2\/pages"}],"about":[{"href":"https:\/\/www.plazamayor35.com\/pt\/wp-json\/wp\/v2\/types\/page"}],"author":[{"embeddable":true,"href":"https:\/\/www.plazamayor35.com\/pt\/wp-json\/wp\/v2\/users\/1"}],"replies":[{"embeddable":true,"href":"https:\/\/www.plazamayor35.com\/pt\/wp-json\/wp\/v2\/comments?post=1162"}],"version-history":[{"count":4,"href":"https:\/\/www.plazamayor35.com\/pt\/wp-json\/wp\/v2\/pages\/1162\/revisions"}],"predecessor-version":[{"id":1209,"href":"https:\/\/www.plazamayor35.com\/pt\/wp-json\/wp\/v2\/pages\/1162\/revisions\/1209"}],"wp:attachment":[{"href":"https:\/\/www.plazamayor35.com\/pt\/wp-json\/wp\/v2\/media?parent=1162"}],"curies":[{"name":"wp","href":"https:\/\/api.w.org\/{rel}","templated":true}]}}