{"id":3,"date":"2019-06-26T09:26:03","date_gmt":"2019-06-26T09:26:03","guid":{"rendered":"https:\/\/www.plazamayor35.com:8890\/?page_id=3"},"modified":"2021-07-21T19:46:12","modified_gmt":"2021-07-21T19:46:12","slug":"politica-de-privacidad","status":"publish","type":"page","link":"https:\/\/www.plazamayor35.com\/pt\/politica-de-privacidade\/","title":{"rendered":"Pol\u00edtica de privacidade"},"content":{"rendered":"<div id=\"fws_69f1a15067307\"  data-column-margin=\"default\" data-midnight=\"dark\"  class=\"wpb_row vc_row-fluid vc_row\"  style=\"padding-top: 0px; padding-bottom: 0px; \"><div class=\"row-bg-wrap\" data-bg-animation=\"none\" data-bg-animation-delay=\"\" data-bg-overlay=\"false\"><div class=\"inner-wrap row-bg-layer\" ><div class=\"row-bg viewport-desktop\"  style=\"\"><\/div><\/div><\/div><div class=\"row_col_wrap_12 col span_12 dark left\">\n\t<div  class=\"vc_col-sm-2 wpb_column column_container vc_column_container col no-extra-padding inherit_tablet inherit_phone\"  data-padding-pos=\"all\" data-has-bg-color=\"false\" data-bg-color=\"\" data-bg-opacity=\"1\" data-animation=\"\" data-delay=\"0\" >\n\t\t<div class=\"vc_column-inner\" >\n\t\t\t<div class=\"wpb_wrapper\">\n\t\t\t\t\n\t\t\t<\/div> \n\t\t<\/div>\n\t<\/div> \n\n\t<div  class=\"vc_col-sm-8 wpb_column column_container vc_column_container col padding-3-percent inherit_tablet inherit_phone\"  data-padding-pos=\"all\" data-has-bg-color=\"false\" data-bg-color=\"\" data-bg-opacity=\"1\" data-animation=\"\" data-delay=\"0\" >\n\t\t<div class=\"vc_column-inner\" >\n\t\t\t<div class=\"wpb_wrapper\">\n\t\t\t\t\n<div class=\"wpb_text_column wpb_content_element\" >\n\t<div class=\"wpb_wrapper\">\n\t\t<h2 class=\"p1\" style=\"text-align: center;\"><span class=\"s1\">POL\u00cdTICA DE PRIVACIDADE E CONDI\u00c7\u00d5ES GERAIS DE UTILIZA\u00c7\u00c3O<\/span><\/h2>\n\t<\/div>\n<\/div>\n\n\n\n\n\t\t\t<\/div> \n\t\t<\/div>\n\t<\/div> \n\n\t<div  class=\"vc_col-sm-2 wpb_column column_container vc_column_container col no-extra-padding inherit_tablet inherit_phone\"  data-padding-pos=\"all\" data-has-bg-color=\"false\" data-bg-color=\"\" data-bg-opacity=\"1\" data-animation=\"\" data-delay=\"0\" >\n\t\t<div class=\"vc_column-inner\" >\n\t\t\t<div class=\"wpb_wrapper\">\n\t\t\t\t\n\t\t\t<\/div> \n\t\t<\/div>\n\t<\/div> \n<\/div><\/div>\n\t\t<div id=\"fws_69f1a15067fe0\"  data-column-margin=\"default\" data-midnight=\"dark\"  class=\"wpb_row vc_row-fluid vc_row\"  style=\"padding-top: 0px; padding-bottom: 0px; \"><div class=\"row-bg-wrap\" data-bg-animation=\"none\" data-bg-animation-delay=\"\" data-bg-overlay=\"false\"><div class=\"inner-wrap row-bg-layer\" ><div class=\"row-bg viewport-desktop\"  style=\"\"><\/div><\/div><\/div><div class=\"row_col_wrap_12 col span_12 dark left\">\n\t<div  class=\"vc_col-sm-12 wpb_column column_container vc_column_container col padding-1-percent inherit_tablet inherit_phone\"  data-padding-pos=\"all\" data-has-bg-color=\"false\" data-bg-color=\"\" data-bg-opacity=\"1\" data-animation=\"\" data-delay=\"0\" >\n\t\t<div class=\"vc_column-inner\" >\n\t\t\t<div class=\"wpb_wrapper\">\n\t\t\t\t\n<div class=\"wpb_text_column wpb_content_element\" >\n\t<div class=\"wpb_wrapper\">\n\t\t<h4 class=\"p1\"><span class=\"s1\">1. INFORMA\u00c7\u00d5ES GERAIS<\/span><\/h4>\n<p class=\"p2\"><span class=\"s1\">Em cumprimento da obriga\u00e7\u00e3o de informa\u00e7\u00e3o prevista na Lei 34\/2002, de 11 de julho, dos Servi\u00e7os da Sociedade da Informa\u00e7\u00e3o e do Com\u00e9rcio Eletr\u00f3nico (LSSI-CE), s\u00e3o fornecidas as seguintes informa\u00e7\u00f5es gerais sobre este s\u00edtio Web:<\/span><\/p>\n<p class=\"p2\"><span class=\"s1\">A propriedade deste s\u00edtio Web, www.plazamayor35.com, (a seguir designado por \"s\u00edtio Web\") \u00e9 detida por: Emmanuelle Daniau, titular do n\u00famero de identifica\u00e7\u00e3o fiscal: X6078170Y e cujos dados de contacto s\u00e3o:<\/span><\/p>\n<ul class=\"ul1\">\n<li class=\"li2\"><span class=\"s1\">Endere\u00e7o: Plaza Mayor 35, 10003 C\u00e1ceres<\/span><\/li>\n<li class=\"li2\"><span class=\"s1\">N\u00famero de telefone de contacto: 640 03 19 79<\/span><\/li>\n<li class=\"li3\"><span class=\"s3\">Correio eletr\u00f3nico de contacto: at.plazamayor35@gmail.com<\/span><\/li>\n<\/ul>\n\t<\/div>\n<\/div>\n\n\n\n\n\t\t\t<\/div> \n\t\t<\/div>\n\t<\/div> \n<\/div><\/div>\n\t\t<div id=\"fws_69f1a1506857d\"  data-column-margin=\"default\" data-midnight=\"dark\"  class=\"wpb_row vc_row-fluid vc_row\"  style=\"padding-top: 0px; padding-bottom: 0px; \"><div class=\"row-bg-wrap\" data-bg-animation=\"none\" data-bg-animation-delay=\"\" data-bg-overlay=\"false\"><div class=\"inner-wrap row-bg-layer\" ><div class=\"row-bg viewport-desktop\"  style=\"\"><\/div><\/div><\/div><div class=\"row_col_wrap_12 col span_12 dark left\">\n\t<div  class=\"vc_col-sm-12 wpb_column column_container vc_column_container col padding-1-percent inherit_tablet inherit_phone\"  data-padding-pos=\"all\" data-has-bg-color=\"false\" data-bg-color=\"\" data-bg-opacity=\"1\" data-animation=\"\" data-delay=\"0\" >\n\t\t<div class=\"vc_column-inner\" >\n\t\t\t<div class=\"wpb_wrapper\">\n\t\t\t\t\n<div class=\"wpb_text_column wpb_content_element\" >\n\t<div class=\"wpb_wrapper\">\n\t\t<h4 class=\"p1\"><span class=\"s1\">TERMOS E CONDI\u00c7\u00d5ES GERAIS DE UTILIZA\u00c7\u00c3O<\/span><\/h4>\n<p class=\"p2\"><span class=\"s1\"><b>O objeto das condi\u00e7\u00f5es gerais: O s\u00edtio Web<\/b><\/span><\/p>\n<p class=\"p2\"><span class=\"s1\">O objetivo das presentes Condi\u00e7\u00f5es Gerais de Utiliza\u00e7\u00e3o (doravante, Condi\u00e7\u00f5es) \u00e9 regular o acesso e a utiliza\u00e7\u00e3o do s\u00edtio Web. Para efeitos das presentes Condi\u00e7\u00f5es Gerais, entende-se por S\u00edtio Web: o aspeto exterior das interfaces de ecr\u00e3, tanto est\u00e1ticas como din\u00e2micas, ou seja, a \u00e1rvore de navega\u00e7\u00e3o; e todos os elementos integrados tanto nas interfaces de ecr\u00e3 como na \u00e1rvore de navega\u00e7\u00e3o (doravante, Conte\u00fados) e todos os servi\u00e7os ou recursos em linha que possam ser oferecidos aos Utilizadores (doravante, Servi\u00e7os).<\/span><\/p>\n<p class=\"p3\"><span class=\"s2\">Apartamentos Plaza Mayor 35 reserva-se o direito de modificar, em qualquer momento e sem necessidade de aviso pr\u00e9vio, a apresenta\u00e7\u00e3o e configura\u00e7\u00e3o do S\u00edtio Web e dos Conte\u00fados e Servi\u00e7os que possam ser incorporados no mesmo. O Utilizador reconhece e aceita que Apartamentos Plaza Mayor 35 poder\u00e1, a qualquer momento, interromper, desativar e\/ou cancelar qualquer um destes elementos inclu\u00eddos na P\u00e1gina Web ou o acesso aos mesmos. Para al\u00e9m do custo da liga\u00e7\u00e3o atrav\u00e9s da rede de telecomunica\u00e7\u00f5es fornecida pelo fornecedor de acesso e contratada pelo Utilizador, alguns dos Conte\u00fados ou Servi\u00e7os oferecidos por Apartamentos Plaza Mayor 35 ou, se for o caso, por terceiros atrav\u00e9s da P\u00e1gina Web, poder\u00e3o estar sujeitos \u00e0 contrata\u00e7\u00e3o pr\u00e9via do Conte\u00fado ou Servi\u00e7o, caso em que se especificar\u00e1 e\/ou colocar\u00e1 \u00e0 disposi\u00e7\u00e3o do Utilizador as correspondentes Condi\u00e7\u00f5es Gerais ou Particulares que o regulem. A utiliza\u00e7\u00e3o de qualquer dos Conte\u00fados ou Servi\u00e7os do S\u00edtio Web poder\u00e1 ser efectuada mediante pr\u00e9via subscri\u00e7\u00e3o ou registo por parte do Utilizador.<\/span><\/p>\n<p>&nbsp;<\/p>\n<p class=\"p2\"><span class=\"s1\"><b>O utilizador<\/b><\/span><\/p>\n<p class=\"p2\"><span class=\"s1\">O acesso, navega\u00e7\u00e3o e utiliza\u00e7\u00e3o do S\u00edtio Web, bem como dos espa\u00e7os habilitados para a intera\u00e7\u00e3o entre os Utilizadores, e o Utilizador e Apartamentos Plaza Mayor 35, tais como os espa\u00e7os de coment\u00e1rios e\/ou blogues, confere a condi\u00e7\u00e3o de Utilizador, pelo que o Utilizador aceita, a partir do momento em que inicia a navega\u00e7\u00e3o no S\u00edtio Web, todas as Condi\u00e7\u00f5es aqui estabelecidas, bem como as suas posteriores modifica\u00e7\u00f5es, sem preju\u00edzo da aplica\u00e7\u00e3o das correspondentes normas legais de cumprimento obrigat\u00f3rio, conforme o caso. Dada a relev\u00e2ncia do exposto, recomenda-se ao Utilizador a sua leitura sempre que visitar o S\u00edtio Web. A p\u00e1gina Web dos Apartamentos Plaza Mayor 35 oferece uma ampla gama de informa\u00e7\u00f5es, servi\u00e7os e dados. O Utilizador assume a responsabilidade pela utiliza\u00e7\u00e3o correcta da P\u00e1gina Web. Esta responsabilidade estender-se-\u00e1 a:<\/span><\/p>\n<ul class=\"ul1\">\n<li class=\"li2\"><span class=\"s1\">Uma utiliza\u00e7\u00e3o da informa\u00e7\u00e3o, Conte\u00fados e\/ou Servi\u00e7os e dados oferecidos pelos Apartamentos Plaza Mayor 35 que n\u00e3o seja contr\u00e1ria ao disposto nas presentes Condi\u00e7\u00f5es, \u00e0 Lei, \u00e0 moral ou \u00e0 ordem p\u00fablica, ou que de qualquer outra forma possa implicar danos aos direitos de terceiros ou ao funcionamento do S\u00edtio Web.<\/span><\/li>\n<li class=\"li2\"><span class=\"s1\">A veracidade e legalidade dos dados fornecidos pelo Utilizador nos formul\u00e1rios emitidos pelos Apartamentos Plaza Mayor 35 para aceder a determinados Conte\u00fados ou Servi\u00e7os oferecidos pelo S\u00edtio Web. Em qualquer caso, o Utilizador dever\u00e1 notificar imediatamente Apartamentos Plaza Mayor 35 de qualquer evento que permita o uso indevido da informa\u00e7\u00e3o registada nos referidos formul\u00e1rios, tais como, mas n\u00e3o limitado a, roubo, perda ou acesso n\u00e3o autorizado a identificadores e\/ou palavras-passe, a fim de proceder ao seu cancelamento imediato.<\/span><\/li>\n<\/ul>\n<p class=\"p3\"><span class=\"s2\">Os Apartamentos Plaza Mayor 35 reservam-se o direito de eliminar todos os coment\u00e1rios e contribui\u00e7\u00f5es que violem a lei, o respeito pela dignidade da pessoa, que sejam discriminat\u00f3rios, xen\u00f3fobos, racistas, pornogr\u00e1ficos, spamming, que atentem contra a juventude ou a inf\u00e2ncia, a ordem ou a seguran\u00e7a p\u00fablica ou que, na sua opini\u00e3o, n\u00e3o sejam adequados para publica\u00e7\u00e3o. Em qualquer caso, os Apartamentos Plaza Mayor 35 n\u00e3o ser\u00e3o respons\u00e1veis pelas opini\u00f5es expressas pelos Utilizadores atrav\u00e9s de coment\u00e1rios ou outras ferramentas de blogging ou participa\u00e7\u00e3o que possam existir. O mero acesso a este site n\u00e3o implica qualquer tipo de rela\u00e7\u00e3o comercial entre os Apartamentos Plaza Mayor 35 e o Utilizador. O Utilizador declara ser maior de idade e ter capacidade jur\u00eddica suficiente para se vincular \u00e0s presentes Condi\u00e7\u00f5es. Por conseguinte, esta p\u00e1gina Web dos Apartamentos Plaza Mayor 35 n\u00e3o se destina a menores de idade. Os Apartamentos Plaza Mayor 35 declinam qualquer responsabilidade pelo incumprimento deste requisito. O site destina-se principalmente a utilizadores residentes em Espanha. Apartamentos Plaza Mayor 35 n\u00e3o garante que o S\u00edtio Web esteja em conformidade com a legisla\u00e7\u00e3o de outros pa\u00edses, total ou parcialmente. Se o Utilizador residir ou estiver domiciliado noutro local e decidir aceder e\/ou navegar na P\u00e1gina Web, f\u00e1-lo-\u00e1 por sua conta e risco, devendo assegurar-se de que o referido acesso e navega\u00e7\u00e3o cumprem a legisla\u00e7\u00e3o local aplic\u00e1vel, n\u00e3o assumindo Apartamentos Plaza Mayor 35 qualquer responsabilidade que possa derivar de tal acesso.<\/span><\/p>\n\t<\/div>\n<\/div>\n\n\n\n\n\t\t\t<\/div> \n\t\t<\/div>\n\t<\/div> \n<\/div><\/div>\n\t\t<div id=\"fws_69f1a15068b88\"  data-column-margin=\"default\" data-midnight=\"dark\"  class=\"wpb_row vc_row-fluid vc_row\"  style=\"padding-top: 0px; padding-bottom: 0px; \"><div class=\"row-bg-wrap\" data-bg-animation=\"none\" data-bg-animation-delay=\"\" data-bg-overlay=\"false\"><div class=\"inner-wrap row-bg-layer\" ><div class=\"row-bg viewport-desktop\"  style=\"\"><\/div><\/div><\/div><div class=\"row_col_wrap_12 col span_12 dark left\">\n\t<div  class=\"vc_col-sm-12 wpb_column column_container vc_column_container col padding-1-percent inherit_tablet inherit_phone\"  data-padding-pos=\"all\" data-has-bg-color=\"false\" data-bg-color=\"\" data-bg-opacity=\"1\" data-animation=\"\" data-delay=\"0\" >\n\t\t<div class=\"vc_column-inner\" >\n\t\t\t<div class=\"wpb_wrapper\">\n\t\t\t\t\n<div class=\"wpb_text_column wpb_content_element\" >\n\t<div class=\"wpb_wrapper\">\n\t\t<h4 class=\"p1\"><span class=\"s1\">3. ACESSO E NAVEGA\u00c7\u00c3O NO S\u00cdTIO WEB: EXCLUS\u00c3O DE GARANTIAS E DE RESPONSABILIDADE<\/span><\/h4>\n<p class=\"p2\"><span class=\"s1\">Apartamentos Plaza Mayor 35 n\u00e3o garante a continuidade, disponibilidade e utilidade do S\u00edtio Web, nem dos Conte\u00fados ou Servi\u00e7os. Os Apartamentos Plaza Mayor 35 far\u00e3o todos os esfor\u00e7os para assegurar o correto funcionamento do Website, no entanto, n\u00e3o se responsabiliza e n\u00e3o garante que o acesso a este Website seja ininterrupto ou livre de erros.<\/span><\/p>\n<p class=\"p3\"><span class=\"s2\">Tamb\u00e9m n\u00e3o se responsabiliza nem garante que os conte\u00fados ou programas a que se possa aceder atrav\u00e9s desta P\u00e1gina Web estejam isentos de erros ou causem danos no sistema inform\u00e1tico (software e hardware) do Utilizador. Em nenhum caso os Apartamentos Plaza Mayor 35 ser\u00e3o respons\u00e1veis por qualquer perda, dano ou preju\u00edzo de qualquer tipo derivado do acesso, navega\u00e7\u00e3o e utiliza\u00e7\u00e3o da P\u00e1gina Web, incluindo, mas n\u00e3o se limitando, aos causados aos sistemas inform\u00e1ticos ou aos causados pela introdu\u00e7\u00e3o de v\u00edrus. Os Apartamentos Plaza Mayor 35 tamb\u00e9m n\u00e3o ser\u00e3o respons\u00e1veis por quaisquer danos que possam ser causados aos utilizadores devido a uma utiliza\u00e7\u00e3o inadequada deste Website. Em particular, n\u00e3o se responsabiliza de forma alguma por falhas, interrup\u00e7\u00f5es, avarias ou defeitos de telecomunica\u00e7\u00f5es que possam ocorrer.<\/span><\/p>\n\t<\/div>\n<\/div>\n\n\n\n\n\t\t\t<\/div> \n\t\t<\/div>\n\t<\/div> \n<\/div><\/div>\n\t\t<div id=\"fws_69f1a15069100\"  data-column-margin=\"default\" data-midnight=\"dark\"  class=\"wpb_row vc_row-fluid vc_row\"  style=\"padding-top: 0px; padding-bottom: 0px; \"><div class=\"row-bg-wrap\" data-bg-animation=\"none\" data-bg-animation-delay=\"\" data-bg-overlay=\"false\"><div class=\"inner-wrap row-bg-layer\" ><div class=\"row-bg viewport-desktop\"  style=\"\"><\/div><\/div><\/div><div class=\"row_col_wrap_12 col span_12 dark left\">\n\t<div  class=\"vc_col-sm-12 wpb_column column_container vc_column_container col padding-1-percent inherit_tablet inherit_phone\"  data-padding-pos=\"all\" data-has-bg-color=\"false\" data-bg-color=\"\" data-bg-opacity=\"1\" data-animation=\"\" data-delay=\"0\" >\n\t\t<div class=\"vc_column-inner\" >\n\t\t\t<div class=\"wpb_wrapper\">\n\t\t\t\t\n<div class=\"wpb_text_column wpb_content_element\" >\n\t<div class=\"wpb_wrapper\">\n\t\t<h4 class=\"p1\"><span class=\"s1\">4. POL\u00cdTICA DE PRIVACIDADE E PROTEC\u00c7\u00c3O DE DADOS<\/span><\/h4>\n<p class=\"p2\"><span class=\"s1\">Os Apartamentos Plaza Mayor 35 comprometem-se a adotar as medidas t\u00e9cnicas e organizativas necess\u00e1rias, de acordo com o n\u00edvel de seguran\u00e7a adequado ao risco dos dados recolhidos.<\/span><\/p>\n<p>&nbsp;<\/p>\n<p class=\"p2\"><span class=\"s1\"><b>Leis incorporadas na presente pol\u00edtica de privacidade<\/b><\/span><\/p>\n<p class=\"p2\"><span class=\"s1\">A presente pol\u00edtica de privacidade est\u00e1 adaptada \u00e0 legisla\u00e7\u00e3o espanhola e europeia em vigor em mat\u00e9ria de prote\u00e7\u00e3o de dados pessoais na Internet. Mais concretamente, respeita as seguintes normas:<\/span><\/p>\n<ul class=\"ul1\">\n<li class=\"li2\"><span class=\"s1\">Regulamento (UE) 2016\/679 do Parlamento Europeu e do Conselho, de 27 de abril de 2016, relativo \u00e0 prote\u00e7\u00e3o das pessoas singulares no que diz respeito ao tratamento de dados pessoais e \u00e0 livre circula\u00e7\u00e3o desses dados (RGPD).<\/span><\/li>\n<li class=\"li2\"><span class=\"s1\">Lei Org\u00e2nica 15\/1999, de 13 de dezembro, de Prote\u00e7\u00e3o de Dados de Car\u00e1cter Pessoal (LOPD).<\/span><\/li>\n<li class=\"li2\"><span class=\"s1\">Real Decreto 1720\/2007, de 21 de dezembro, pelo qual se aprova o Regulamento de desenvolvimento da Lei Org\u00e2nica 15\/1999, de 13 de dezembro, de Prote\u00e7\u00e3o de Dados de Car\u00e1cter Pessoal (RDLOPD).<\/span><\/li>\n<li class=\"li2\"><span class=\"s1\">Lei 34\/2002, de 11 de julho, sobre Servi\u00e7os da Sociedade da Informa\u00e7\u00e3o e Com\u00e9rcio Eletr\u00f3nico (LSSI-CE).<\/span><\/li>\n<\/ul>\n<p>&nbsp;<\/p>\n<p class=\"p3\"><span class=\"s4\"><b>Identidade do respons\u00e1vel pelo tratamento dos dados pessoais<\/b><\/span><\/p>\n<p class=\"p2\"><span class=\"s1\">A pessoa respons\u00e1vel pelo tratamento dos dados pessoais recolhidos nos Apartamentos Plaza Mayor 35 \u00e9:<\/span><\/p>\n<p class=\"p2\"><span class=\"s1\">Emmanuelle Daniau, titular do n\u00famero de identifica\u00e7\u00e3o fiscal X6078170Y.<\/span><\/p>\n<p class=\"p2\"><span class=\"s1\">Os seus contactos s\u00e3o os seguintes:<\/span><\/p>\n<ul class=\"ul1\">\n<li class=\"li2\"><span class=\"s1\">Endere\u00e7o: Plaza Mayor 35, 10003 C\u00e1ceres<\/span><\/li>\n<li class=\"li2\"><span class=\"s1\">N\u00famero de telefone de contacto: 640 03 19 79<\/span><\/li>\n<li class=\"li2\"><span class=\"s1\">Correio eletr\u00f3nico de contacto: at.plazamayor35@gmail.com<\/span><\/li>\n<\/ul>\n<p>&nbsp;<\/p>\n<p class=\"p3\"><span class=\"s4\"><b>Registo de dados pessoais<\/b><\/span><\/p>\n<p class=\"p2\"><span class=\"s1\">Os dados pessoais recolhidos pelos Apartamentos Plaza Mayor 35, atrav\u00e9s dos formul\u00e1rios disponibilizados nas suas p\u00e1ginas, ser\u00e3o inclu\u00eddos num ficheiro automatizado da responsabilidade do Respons\u00e1vel pelo Tratamento, devidamente declarado e inscrito no Registo Geral da Ag\u00eancia de Prote\u00e7\u00e3o de Dados, que pode ser consultado na p\u00e1gina web da Ag\u00eancia Espanhola de Prote\u00e7\u00e3o de Dados (http:\/\/www.agpd.es), com a finalidade de facilitar, agilizar e cumprir os compromissos estabelecidos entre os Apartamentos Plaza Mayor 35 e o Utilizador ou a manuten\u00e7\u00e3o da rela\u00e7\u00e3o estabelecida nos formul\u00e1rios preenchidos pelo Utilizador, ou para atender a um pedido ou consulta do Utilizador.<\/span><\/p>\n<p>&nbsp;<\/p>\n<p class=\"p3\"><span class=\"s4\"><b>Princ\u00edpios aplic\u00e1veis ao tratamento de dados pessoais<\/b><\/span><\/p>\n<p class=\"p2\"><span class=\"s1\">O tratamento dos dados pessoais do Utilizador est\u00e1 sujeito aos seguintes princ\u00edpios estabelecidos no artigo 5\u00ba do RGPD:<\/span><\/p>\n<ul class=\"ul1\">\n<li class=\"li2\"><span class=\"s1\">Princ\u00edpio da legalidade, da equidade e da transpar\u00eancia: o consentimento do Utilizador \u00e9 sempre exigido ap\u00f3s informa\u00e7\u00e3o completa e transparente sobre as finalidades para as quais os dados pessoais s\u00e3o recolhidos.<\/span><\/li>\n<li class=\"li2\"><span class=\"s1\">Princ\u00edpio da limita\u00e7\u00e3o da finalidade: os dados pessoais ser\u00e3o recolhidos para fins espec\u00edficos, expl\u00edcitos e leg\u00edtimos.<\/span><\/li>\n<li class=\"li2\"><span class=\"s1\">Princ\u00edpio da minimiza\u00e7\u00e3o dos dados: os dados pessoais recolhidos ser\u00e3o apenas os estritamente necess\u00e1rios em rela\u00e7\u00e3o \u00e0s finalidades para as quais s\u00e3o tratados.<\/span><\/li>\n<li class=\"li2\"><span class=\"s1\">Princ\u00edpio da exatid\u00e3o: os dados pessoais devem ser exactos e estar sempre actualizados.<\/span><\/li>\n<li class=\"li2\"><span class=\"s1\">Princ\u00edpio da limita\u00e7\u00e3o do per\u00edodo de conserva\u00e7\u00e3o: os dados pessoais s\u00f3 ser\u00e3o conservados de uma forma que permita a identifica\u00e7\u00e3o do Utilizador durante o tempo necess\u00e1rio para efeitos do seu tratamento.<\/span><\/li>\n<li class=\"li2\"><span class=\"s1\">Princ\u00edpio da integridade e da confidencialidade: os dados pessoais devem ser tratados de forma a garantir a sua seguran\u00e7a e confidencialidade.<\/span><\/li>\n<li class=\"li2\"><span class=\"s1\">Princ\u00edpio da responsabilidade pr\u00f3-ativa: o respons\u00e1vel pelo tratamento \u00e9 respons\u00e1vel por garantir o respeito dos princ\u00edpios acima referidos.<\/span><\/li>\n<\/ul>\n<p>&nbsp;<\/p>\n<p class=\"p3\"><span class=\"s4\"><b>Categorias de dados pessoais<\/b><\/span><\/p>\n<p class=\"p2\"><span class=\"s1\">As categorias de dados tratados pelos Apartamentos Plaza Mayor 35 s\u00e3o exclusivamente dados de identifica\u00e7\u00e3o. Em caso algum s\u00e3o tratadas categorias especiais de dados pessoais na ace\u00e7\u00e3o do artigo 9\u00ba do RGPD.<\/span><\/p>\n<p>&nbsp;<\/p>\n<p class=\"p3\"><span class=\"s4\"><b>Base jur\u00eddica para o tratamento de dados pessoais<\/b><\/span><\/p>\n<p class=\"p2\"><span class=\"s1\">A base legal para o tratamento de dados pessoais \u00e9 o consentimento. Os Apartamentos Plaza Mayor 35 comprometem-se a obter o consentimento expresso e verific\u00e1vel do Utilizador para o tratamento dos seus dados pessoais para uma ou mais finalidades espec\u00edficas. O Utilizador ter\u00e1 o direito de retirar o seu consentimento em qualquer altura. A retirada do consentimento ser\u00e1 t\u00e3o f\u00e1cil como a sua concess\u00e3o. Regra geral, a retirada do consentimento n\u00e3o condiciona a utiliza\u00e7\u00e3o do s\u00edtio Web. Nas ocasi\u00f5es em que o Utilizador deva ou possa fornecer os seus dados atrav\u00e9s de formul\u00e1rios para efetuar consultas, solicitar informa\u00e7\u00f5es ou por motivos relacionados com o conte\u00fado do S\u00edtio Web, ser\u00e1 informado no caso de o preenchimento de qualquer um deles ser obrigat\u00f3rio devido ao facto de serem essenciais para o correto desenvolvimento da opera\u00e7\u00e3o realizada.<\/span><\/p>\n<p>&nbsp;<\/p>\n<p class=\"p3\"><span class=\"s4\"><b>Finalidades do tratamento para as quais os dados pessoais s\u00e3o utilizados<\/b><\/span><\/p>\n<p class=\"p2\"><span class=\"s1\">Os dados pessoais s\u00e3o recolhidos e geridos pelos Apartamentos Plaza Mayor 35 com a finalidade de facilitar, agilizar e cumprir os compromissos estabelecidos entre o Website e o Utilizador ou a manuten\u00e7\u00e3o da rela\u00e7\u00e3o estabelecida nos formul\u00e1rios preenchidos por este \u00faltimo ou para responder a um pedido ou consulta. Da mesma forma, os dados poder\u00e3o ser utilizados para fins comerciais, de personaliza\u00e7\u00e3o, operacionais e estat\u00edsticos, e para actividades relacionadas com o objeto social dos Apartamentos Plaza Mayor 35, bem como para a extra\u00e7\u00e3o e armazenamento de dados e estudos de marketing para adaptar os Conte\u00fados oferecidos ao Utilizador, e para melhorar a qualidade, o funcionamento e a navega\u00e7\u00e3o do S\u00edtio Web. No momento em que os dados pessoais s\u00e3o obtidos, o Utilizador ser\u00e1 informado da finalidade ou finalidades espec\u00edficas do tratamento para as quais os dados pessoais ser\u00e3o utilizados; por outras palavras, o uso ou usos a que as informa\u00e7\u00f5es recolhidas ser\u00e3o submetidas.<\/span><\/p>\n<p>&nbsp;<\/p>\n<p class=\"p3\"><span class=\"s4\"><b>Per\u00edodos de conserva\u00e7\u00e3o dos dados pessoais<\/b><\/span><\/p>\n<p class=\"p2\"><span class=\"s1\">Os dados pessoais ser\u00e3o conservados apenas durante o tempo m\u00ednimo necess\u00e1rio para as finalidades do seu tratamento e, em qualquer caso, apenas durante o seguinte per\u00edodo: 1 ano, ou at\u00e9 que o Utilizador solicite a sua elimina\u00e7\u00e3o. No momento em que os dados pessoais s\u00e3o obtidos, o Utilizador ser\u00e1 informado do per\u00edodo durante o qual os dados pessoais ser\u00e3o conservados ou, se tal n\u00e3o for poss\u00edvel, dos crit\u00e9rios utilizados para determinar esse per\u00edodo.<\/span><\/p>\n<p>&nbsp;<\/p>\n<p class=\"p3\"><span class=\"s4\"><b>Destinat\u00e1rios dos dados pessoais<\/b><\/span><\/p>\n<p class=\"p2\"><span class=\"s1\">Os dados pessoais do Utilizador ser\u00e3o partilhados com os seguintes destinat\u00e1rios ou categorias de destinat\u00e1rios:<\/span><\/p>\n<ul class=\"ul1\">\n<li class=\"li2\"><span class=\"s1\">An\u00e1lise de tr\u00e1fego Web: Googla Analitycs, Google LLC1600 Amphitheatre ParkwayMountain View, CA 94043<\/span><\/li>\n<\/ul>\n<p class=\"p2\"><span class=\"s1\">Caso o Respons\u00e1vel pelo Tratamento pretenda transferir dados pessoais para um pa\u00eds terceiro ou uma organiza\u00e7\u00e3o internacional, o Utilizador ser\u00e1 informado, no momento da obten\u00e7\u00e3o dos dados pessoais, sobre o pa\u00eds terceiro ou a organiza\u00e7\u00e3o internacional para a qual os dados se destinam a ser transferidos, bem como sobre a exist\u00eancia ou n\u00e3o de uma decis\u00e3o de adequa\u00e7\u00e3o da Comiss\u00e3o.<\/span><\/p>\n<p>&nbsp;<\/p>\n<p class=\"p3\"><span class=\"s4\"><b>Dados pessoais de menores<\/b><\/span><\/p>\n<p class=\"p2\"><span class=\"s1\">De acordo com o disposto nos artigos 8\u00ba do RGPD e 13\u00ba do RDLOPD, apenas as pessoas maiores de 14 anos poder\u00e3o dar o seu consentimento para o tratamento dos seus dados pessoais de forma l\u00edcita por parte dos Apartamentos Plaza Mayor 35. No caso de um menor de 14 anos, ser\u00e1 necess\u00e1rio o consentimento dos pais ou tutores para o tratamento, o qual s\u00f3 ser\u00e1 considerado l\u00edcito na medida em que estes o tenham autorizado.<\/span><\/p>\n<p>&nbsp;<\/p>\n<p class=\"p3\"><span class=\"s4\"><b>Sigilo e seguran\u00e7a dos dados pessoais<\/b><\/span><\/p>\n<p class=\"p4\"><span class=\"s2\">Os Apartamentos Plaza Mayor 35 comprometem-se a adotar as medidas t\u00e9cnicas e organizativas necess\u00e1rias, de acordo com o n\u00edvel de seguran\u00e7a adequado ao risco dos dados recolhidos, para garantir a seguran\u00e7a dos dados pessoais e evitar a destrui\u00e7\u00e3o, perda ou altera\u00e7\u00e3o acidental ou il\u00edcita dos dados pessoais transmitidos, conservados ou sujeitos a qualquer outro tipo de tratamento, bem como a comunica\u00e7\u00e3o ou acesso n\u00e3o autorizado a esses dados. O Website disp\u00f5e de um certificado SSL (Secure Socket Layer), que garante que os dados pessoais s\u00e3o transmitidos de forma segura e confidencial, uma vez que a transmiss\u00e3o de dados entre o servidor e o Utilizador, e no feedback, \u00e9 totalmente encriptada ou codificada. No entanto, uma vez que os Apartamentos Plaza Mayor 35 n\u00e3o podem garantir a inexpugnabilidade da Internet nem a aus\u00eancia total de piratas inform\u00e1ticos ou de outras pessoas que acedam fraudulentamente aos dados pessoais, o Respons\u00e1vel pelo Tratamento compromete-se a notificar o Utilizador, sem demora injustificada, quando ocorrer uma viola\u00e7\u00e3o da seguran\u00e7a dos dados pessoais que seja suscet\u00edvel de implicar um elevado risco para os direitos e liberdades das pessoas singulares. Nos termos do artigo 4.\u00ba do RGPD, entende-se por viola\u00e7\u00e3o da seguran\u00e7a dos dados pessoais qualquer viola\u00e7\u00e3o da seguran\u00e7a que provoque, de modo acidental ou il\u00edcito, a destrui\u00e7\u00e3o, a perda ou a altera\u00e7\u00e3o de dados pessoais transmitidos, conservados ou sujeitos a qualquer outro tipo de tratamento, ou a divulga\u00e7\u00e3o ou o acesso, n\u00e3o autorizados, a esses dados. Os dados pessoais s\u00e3o tratados como confidenciais pelo respons\u00e1vel pelo tratamento, que se compromete a informar e a garantir, atrav\u00e9s de uma obriga\u00e7\u00e3o legal ou contratual, que essa confidencialidade seja respeitada pelos seus empregados, parceiros e qualquer outra pessoa a quem torne a informa\u00e7\u00e3o acess\u00edvel.<\/span><\/p>\n<p>&nbsp;<\/p>\n<p class=\"p3\"><span class=\"s4\"><b>Direitos decorrentes do tratamento de dados pessoais<\/b><\/span><\/p>\n<p class=\"p2\"><span class=\"s1\">O Utilizador tem sobre os Apartamentos Plaza Mayor 35 e pode, portanto, exercer contra o Respons\u00e1vel pelo Tratamento os seguintes direitos reconhecidos no RGPD:<\/span><\/p>\n<ul class=\"ul1\">\n<li class=\"li2\"><span class=\"s1\">Direito de acesso: \u00c9 o direito do Utilizador de obter a confirma\u00e7\u00e3o de que os Apartamentos Plaza Mayor 35 est\u00e3o ou n\u00e3o a tratar os seus dados pessoais e, em caso afirmativo, de obter informa\u00e7\u00f5es sobre os seus dados pessoais espec\u00edficos e o tratamento que os Apartamentos Plaza Mayor 35 efectuaram ou est\u00e3o a efetuar, bem como, entre outras, as informa\u00e7\u00f5es dispon\u00edveis sobre a origem desses dados e os destinat\u00e1rios das comunica\u00e7\u00f5es efectuadas ou previstas para esses dados.<\/span><\/li>\n<li class=\"li2\"><span class=\"s1\">Direito de retifica\u00e7\u00e3o: \u00c9 o direito do Utilizador de obter a retifica\u00e7\u00e3o dos seus dados pessoais se estes se revelarem inexactos ou, tendo em conta as finalidades do tratamento, incompletos.<\/span><\/li>\n<li class=\"li4\"><span class=\"s2\">Direito de apagamento (\"direito a ser esquecido\"): Este \u00e9 o direito do Utilizador, salvo disposi\u00e7\u00e3o legal em contr\u00e1rio, de obter o apagamento dos seus dados pessoais quando os dados pessoais j\u00e1 n\u00e3o s\u00e3o necess\u00e1rios para os fins para que foram recolhidos ou tratados; o Utilizador retirou o seu consentimento para o tratamento e o tratamento n\u00e3o tem outro fundamento jur\u00eddico; o Utilizador se opuser ao tratamento e n\u00e3o existir outro motivo leg\u00edtimo para continuar o tratamento; os dados pessoais tiverem sido tratados ilicitamente; os dados pessoais tiverem de ser apagados em cumprimento de uma obriga\u00e7\u00e3o legal; ou os dados pessoais tiverem sido obtidos na sequ\u00eancia de uma oferta direta de servi\u00e7os da sociedade da informa\u00e7\u00e3o a uma crian\u00e7a com menos de 14 anos de idade. Para al\u00e9m do apagamento, o respons\u00e1vel pelo tratamento deve, tendo em conta a tecnologia dispon\u00edvel e os custos da sua aplica\u00e7\u00e3o, tomar medidas razo\u00e1veis para informar os respons\u00e1veis pelo tratamento dos dados pessoais do pedido da pessoa em causa de apagamento de qualquer liga\u00e7\u00e3o a esses dados pessoais.<\/span><\/li>\n<li class=\"li2\"><span class=\"s1\">Direito \u00e0 limita\u00e7\u00e3o do tratamento: Este \u00e9 o direito do Utilizador de limitar o tratamento dos seus dados pessoais. O Utilizador tem o direito de obter a limita\u00e7\u00e3o do tratamento quando contesta a exatid\u00e3o dos seus dados pessoais; o tratamento \u00e9 il\u00edcito; o Respons\u00e1vel pelo Tratamento j\u00e1 n\u00e3o precisa dos dados pessoais, mas o Utilizador precisa deles para fazer reclama\u00e7\u00f5es; e quando o Utilizador se tiver oposto ao tratamento.<\/span><\/li>\n<li class=\"li2\"><span class=\"s1\">Direito \u00e0 portabilidade dos dados: Quando o tratamento for efectuado por meios automatizados, o Utilizador tem o direito de receber do Respons\u00e1vel pelo Tratamento os seus dados pessoais num formato estruturado, de uso corrente e de leitura autom\u00e1tica, e de os transmitir a outro respons\u00e1vel pelo tratamento. Se for tecnicamente poss\u00edvel, o respons\u00e1vel pelo tratamento transmite os dados diretamente a esse outro respons\u00e1vel.<\/span><\/li>\n<li class=\"li2\"><span class=\"s1\">Direito de oposi\u00e7\u00e3o: \u00c9 o direito do Utilizador de n\u00e3o ver os seus dados pessoais tratados ou de cessar o tratamento dos mesmos por parte dos Apartamentos Plaza Mayor 35.<\/span><\/li>\n<li class=\"li2\"><span class=\"s1\">Direito a n\u00e3o ser: n\u00e3o ser objeto de uma decis\u00e3o baseada exclusivamente no tratamento automatizado, incluindo a defini\u00e7\u00e3o de perfis:<\/span><\/li>\n<\/ul>\n<p class=\"p2\"><span class=\"s1\">Trata-se do direito do Utilizador de n\u00e3o ficar sujeito a uma decis\u00e3o individualizada baseada exclusivamente no tratamento automatizado dos seus dados pessoais, incluindo a defini\u00e7\u00e3o de perfis, salvo disposi\u00e7\u00e3o legal em contr\u00e1rio.<\/span><span class=\"s2\"><br \/>\n<\/span><span class=\"s1\">Por conseguinte, o Utilizador pode exercer os seus direitos atrav\u00e9s de uma comunica\u00e7\u00e3o escrita dirigida ao Respons\u00e1vel pelo Tratamento com a refer\u00eancia \"RGPD-www.plazamayor35.com\", especificando: Nome, apelido(s) do Utilizador e uma c\u00f3pia do seu Documento Nacional de Identidade (DNI). Nos casos em que \u00e9 permitida a representa\u00e7\u00e3o, ser\u00e1 tamb\u00e9m necess\u00e1rio identificar a pessoa que representa o Utilizador pelos mesmos meios, bem como o documento que acredita a representa\u00e7\u00e3o. A fotoc\u00f3pia do DNI pode ser substitu\u00edda por qualquer outro meio legalmente v\u00e1lido que acredite a identidade.<\/span><\/p>\n<p class=\"p2\"><span class=\"s1\"><b>Pedido com raz\u00f5es espec\u00edficas para o pedido ou para a informa\u00e7\u00e3o a aceder.<\/b><\/span><span class=\"s2\"><br \/>\n<\/span><span class=\"s1\">Endere\u00e7o para efeitos de notifica\u00e7\u00e3o. Data e assinatura do requerente. Qualquer documento que comprove o pedido efectuado. O presente pedido e quaisquer outros documentos anexos podem ser enviados para o seguinte endere\u00e7o e\/ou endere\u00e7o eletr\u00f3nico:<\/span><\/p>\n<ul class=\"ul1\">\n<li class=\"li2\"><span class=\"s1\">Endere\u00e7o postal: Plaza Mayor 35, 10003 C\u00e1ceres<\/span><\/li>\n<li class=\"li2\"><span class=\"s1\">Correio eletr\u00f3nico: at.plazamayor35@gmail.com<\/span><\/li>\n<\/ul>\n<p>&nbsp;<\/p>\n<p class=\"p3\"><span class=\"s4\"><b>Liga\u00e7\u00f5es a s\u00edtios Web de terceiros<\/b><\/span><\/p>\n<p class=\"p2\"><span class=\"s1\">O site pode incluir hiperliga\u00e7\u00f5es ou links que permitem o acesso a sites de terceiros que n\u00e3o os Apartamentos Plaza Mayor 35, e que, portanto, n\u00e3o s\u00e3o operados pelos Apartamentos Plaza Mayor 35. Os propriet\u00e1rios desses sites ter\u00e3o as suas pr\u00f3prias pol\u00edticas de prote\u00e7\u00e3o de dados, sendo eles pr\u00f3prios, em cada caso, respons\u00e1veis pelos seus pr\u00f3prios ficheiros e pelas suas pr\u00f3prias pr\u00e1ticas de privacidade.<\/span><\/p>\n<p>&nbsp;<\/p>\n<p class=\"p3\"><span class=\"s4\"><b>Queixas \u00e0 autoridade de controlo<\/b><\/span><\/p>\n<p class=\"p2\"><span class=\"s1\">No caso de o Utilizador considerar que existe um problema ou viola\u00e7\u00e3o da regulamenta\u00e7\u00e3o em vigor na forma como os seus dados pessoais est\u00e3o a ser tratados, ter\u00e1 direito a uma prote\u00e7\u00e3o judicial eficaz e a apresentar uma queixa a uma autoridade de controlo, em particular, no Estado em que tem a sua resid\u00eancia habitual, local de trabalho ou local da alegada viola\u00e7\u00e3o. No caso de Espanha, a autoridade de controlo \u00e9 a Ag\u00eancia Espanhola de Prote\u00e7\u00e3o de Dados (http:\/\/www.agpd.es).<\/span><\/p>\n<p>&nbsp;<\/p>\n<p class=\"p3\"><span class=\"s4\"><b>Aceita\u00e7\u00e3o e altera\u00e7\u00f5es \u00e0 presente pol\u00edtica de privacidade<\/b><\/span><\/p>\n<p class=\"p4\"><span class=\"s2\">\u00c9 necess\u00e1rio que o Utilizador tenha lido e aceite as condi\u00e7\u00f5es de prote\u00e7\u00e3o dos dados pessoais contidas na presente Pol\u00edtica de Privacidade, bem como que aceite o tratamento dos seus dados pessoais para que o Respons\u00e1vel pelo Tratamento possa proceder da forma, durante os per\u00edodos e para os fins indicados. A utiliza\u00e7\u00e3o do s\u00edtio Web implica a aceita\u00e7\u00e3o da sua Pol\u00edtica de Privacidade. Apartamentos Plaza Mayor 35 reserva-se o direito de modificar a sua Pol\u00edtica de Privacidade, de acordo com os seus pr\u00f3prios crit\u00e9rios, ou motivado por uma mudan\u00e7a legislativa, jurisprudencial ou doutrinal da Ag\u00eancia Espanhola de Prote\u00e7\u00e3o de Dados. As altera\u00e7\u00f5es ou actualiza\u00e7\u00f5es da presente Pol\u00edtica de Privacidade ser\u00e3o explicitamente comunicadas ao Utilizador. Esta Pol\u00edtica de Privacidade foi actualizada em 20 de julho de 2018 para se adaptar ao Regulamento (UE) 2016\/679 do Parlamento Europeu e do Conselho, de 27 de abril de 2016, relativo \u00e0 prote\u00e7\u00e3o das pessoas singulares no que diz respeito ao tratamento de dados pessoais e \u00e0 livre circula\u00e7\u00e3o desses dados (RGPD).<\/span><\/p>\n\t<\/div>\n<\/div>\n\n\n\n\n\t\t\t<\/div> \n\t\t<\/div>\n\t<\/div> \n<\/div><\/div>\n\t\t<div id=\"cookies\"  data-column-margin=\"default\" data-midnight=\"dark\"  class=\"wpb_row vc_row-fluid vc_row\"  style=\"padding-top: 0px; padding-bottom: 0px; \"><div class=\"row-bg-wrap\" data-bg-animation=\"none\" data-bg-animation-delay=\"\" data-bg-overlay=\"false\"><div class=\"inner-wrap row-bg-layer\" ><div class=\"row-bg viewport-desktop\"  style=\"\"><\/div><\/div><\/div><div class=\"row_col_wrap_12 col span_12 dark left\">\n\t<div  class=\"vc_col-sm-12 wpb_column column_container vc_column_container col padding-1-percent inherit_tablet inherit_phone\"  data-padding-pos=\"all\" data-has-bg-color=\"false\" data-bg-color=\"\" data-bg-opacity=\"1\" data-animation=\"\" data-delay=\"0\" >\n\t\t<div class=\"vc_column-inner\" >\n\t\t\t<div class=\"wpb_wrapper\">\n\t\t\t\t\n<div class=\"wpb_text_column wpb_content_element\" >\n\t<div class=\"wpb_wrapper\">\n\t\t<h4 class=\"p1\"><span class=\"s1\">5. POL\u00cdTICA DE COOKIES<\/span><\/h4>\n<p class=\"p2\"><span class=\"s2\">O acesso a este s\u00edtio Web pode implicar a utiliza\u00e7\u00e3o de cookies. Os cookies s\u00e3o pequenas quantidades de informa\u00e7\u00e3o que s\u00e3o armazenadas no browser utilizado por cada Utilizador - nos diferentes dispositivos que podem ser utilizados para navegar - para que o servidor se lembre de determinadas informa\u00e7\u00f5es que ser\u00e3o posteriormente lidas apenas pelo servidor que as implementou. Os cookies tornam a navega\u00e7\u00e3o mais f\u00e1cil, mais amig\u00e1vel e n\u00e3o danificam o dispositivo de navega\u00e7\u00e3o. As informa\u00e7\u00f5es recolhidas atrav\u00e9s dos cookies podem incluir a data e a hora das visitas ao s\u00edtio Web, as p\u00e1ginas visualizadas, o tempo passado no s\u00edtio Web e os s\u00edtios visitados imediatamente antes e depois do s\u00edtio Web. No entanto, nenhum cookie permite contactar o n\u00famero de telefone do Utilizador ou qualquer outro meio de contacto pessoal. Nenhum cookie pode extrair informa\u00e7\u00f5es do disco r\u00edgido do Utilizador ou roubar informa\u00e7\u00f5es pessoais. A \u00fanica forma de as informa\u00e7\u00f5es privadas do Utilizador fazerem parte do ficheiro Cookie \u00e9 o Utilizador fornecer pessoalmente essas informa\u00e7\u00f5es ao servidor. Os cookies que permitem a identifica\u00e7\u00e3o de uma pessoa s\u00e3o considerados dados pessoais. Por conseguinte, a Pol\u00edtica de Privacidade acima mencionada aplica-se a eles. Neste sentido, ser\u00e1 necess\u00e1rio o consentimento do Utilizador para a utiliza\u00e7\u00e3o de cookies. Este consentimento ser\u00e1 comunicado, com base numa escolha genu\u00edna, oferecida atrav\u00e9s de uma decis\u00e3o afirmativa e positiva, antes do processamento inicial, remov\u00edvel e documentada.<\/span><\/p>\n<p>&nbsp;<\/p>\n<p class=\"p3\"><span class=\"s3\"><b>Bolachas pr\u00f3prias<\/b><\/span><\/p>\n<p class=\"p4\"><span class=\"s1\">Trata-se de cookies que s\u00e3o enviados para o computador ou dispositivo do Utilizador e geridos exclusivamente pelos Apartamentos Plaza Mayor 35 para o melhor funcionamento do Website. A informa\u00e7\u00e3o recolhida \u00e9 utilizada para melhorar a qualidade do S\u00edtio Web e dos seus Conte\u00fados e a sua experi\u00eancia como Utilizador. Estes cookies permitem reconhecer o Utilizador como um visitante recorrente do Website e adaptar o conte\u00fado para lhe oferecer conte\u00fados que se adequem \u00e0s suas prefer\u00eancias.<\/span><\/p>\n<p>&nbsp;<\/p>\n<p class=\"p3\"><span class=\"s3\"><b>Cookies de terceiros<\/b><\/span><\/p>\n<p class=\"p2\"><span class=\"s2\">Estes cookies s\u00e3o utilizados e geridos por entidades externas que prestam aos Apartamentos Plaza Mayor 35 os servi\u00e7os solicitados por estes para melhorar o Website e a experi\u00eancia do Utilizador ao navegar no Website. As principais finalidades da utiliza\u00e7\u00e3o de cookies de terceiros s\u00e3o a obten\u00e7\u00e3o de estat\u00edsticas de acesso e a an\u00e1lise da informa\u00e7\u00e3o de navega\u00e7\u00e3o, ou seja, a forma como o Utilizador interage com o Website. As informa\u00e7\u00f5es obtidas referem-se, por exemplo, ao n\u00famero de p\u00e1ginas visitadas, ao idioma, ao local onde se encontra o endere\u00e7o IP a partir do qual o Utilizador acede, ao n\u00famero de Utilizadores que acedem, \u00e0 frequ\u00eancia e recorr\u00eancia das visitas, \u00e0 hora da visita, ao browser utilizado, ao operador ou ao tipo de dispositivo a partir do qual a visita \u00e9 efectuada. Estas informa\u00e7\u00f5es s\u00e3o utilizadas para melhorar o s\u00edtio Web e detetar novas necessidades, a fim de oferecer aos Utilizadores um Conte\u00fado e\/ou um servi\u00e7o de qualidade \u00f3ptima. Em qualquer caso, as informa\u00e7\u00f5es s\u00e3o recolhidas de forma an\u00f3nima e s\u00e3o elaborados relat\u00f3rios sobre as tend\u00eancias do s\u00edtio Web sem identificar os utilizadores individuais. Pode obter mais informa\u00e7\u00f5es sobre cookies, informa\u00e7\u00f5es sobre privacidade ou consultar a descri\u00e7\u00e3o do tipo de cookies utilizados, as suas principais caracter\u00edsticas, per\u00edodo de validade, etc. na(s) seguinte(s) liga\u00e7\u00e3o(\u00f5es):<\/span><\/p>\n<ul class=\"ul1\">\n<li class=\"li4\"><span class=\"s1\">Google Analytics: <a href=\"https:\/\/www.google.com\/analytics\/\" target=\"_blank\" rel=\"noopener\">https:\/\/www.google.com\/analytics\/<\/a><\/span><\/li>\n<li>Lodgify: <a href=\"https:\/\/www.lodgify.com\/es\/politica-cookies\/\" target=\"_blank\" rel=\"noopener\">https:\/\/www.lodgify.com\/es\/politica-cookies\/<\/a><\/li>\n<\/ul>\n<p class=\"p4\"><span class=\"s1\">A(s) entidade(s) respons\u00e1vel(eis) pelo fornecimento de cookies pode(m) transferir essas informa\u00e7\u00f5es para terceiros, quando exigido por lei ou quando um terceiro processa essas informa\u00e7\u00f5es para essas entidades.<\/span><\/p>\n<p>&nbsp;<\/p>\n<p class=\"p3\"><span class=\"s3\"><b>Cookies de redes sociais<\/b><\/span><\/p>\n<p class=\"p4\"><span class=\"s1\">Os Apartamentos Plaza Mayor 35 incorporam plugins de redes sociais, que permitem o acesso \u00e0s mesmas a partir do S\u00edtio Web. Por este motivo, podem ser armazenados cookies de redes sociais no navegador do Utilizador. Os propriet\u00e1rios destas redes sociais t\u00eam as suas pr\u00f3prias pol\u00edticas de prote\u00e7\u00e3o de dados e de cookies, sendo eles pr\u00f3prios, em cada caso, respons\u00e1veis pelos seus pr\u00f3prios ficheiros e pelas suas pr\u00f3prias pr\u00e1ticas de privacidade. O Utilizador deve consult\u00e1-las para obter informa\u00e7\u00f5es sobre estes cookies e, se for caso disso, sobre o tratamento dos seus dados pessoais. A t\u00edtulo meramente informativo, indicam-se a seguir as hiperliga\u00e7\u00f5es onde podem ser consultadas essas pol\u00edticas de privacidade e\/ou de cookies:<\/span><\/p>\n<ul class=\"ul1\">\n<li class=\"li4\"><span class=\"s1\">Facebook: <a href=\"https:\/\/www.facebook.com\/policies\/cookies\/\" target=\"_blank\" rel=\"noopener\">https:\/\/www.facebook.com\/policies\/cookies\/<\/a><\/span><\/li>\n<li class=\"li4\"><span class=\"s1\">Instagram: <a href=\"https:\/\/help.instagram.com\/1896641480634370?ref=ig\" target=\"_blank\" rel=\"noopener\">https:\/\/help.instagram.com\/1896641480634370?ref=ig<\/a><\/span><\/li>\n<\/ul>\n<p>&nbsp;<\/p>\n<p class=\"p3\"><span class=\"s3\"><b>Desativar, rejeitar e apagar cookies<\/b><\/span><\/p>\n<p class=\"p4\"><span class=\"s1\">O Utilizador pode desativar, recusar e apagar os cookies - no todo ou em parte - instalados no seu dispositivo atrav\u00e9s da configura\u00e7\u00e3o do seu navegador (incluindo, por exemplo, Chrome, Firefox, Safari, Explorer). A este respeito, os procedimentos de rejei\u00e7\u00e3o e elimina\u00e7\u00e3o de cookies podem diferir de um navegador de Internet para outro. Por conseguinte, o Utilizador deve seguir as instru\u00e7\u00f5es fornecidas pelo navegador de Internet que est\u00e1 a utilizar. No caso de rejeitar a utiliza\u00e7\u00e3o de cookies - total ou parcialmente - o Utilizador pode continuar a utilizar o S\u00edtio Web, embora a utiliza\u00e7\u00e3o de algumas das suas funcionalidades possa ser limitada.<\/span><\/p>\n<p>&nbsp;<\/p>\n<p class=\"p3\"><span class=\"s3\"><b>Altera\u00e7\u00f5es \u00e0 pol\u00edtica de cookies<\/b><\/span><\/p>\n<p class=\"p4\"><span class=\"s1\">\u00c9 poss\u00edvel que a Pol\u00edtica de Cookies do S\u00edtio Web possa ser alterada ou actualizada, pelo que se recomenda que o Utilizador reveja esta pol\u00edtica sempre que aceda ao S\u00edtio Web, de modo a estar devidamente informado sobre como e para que fins utilizamos os cookies.<\/span><\/p>\n\t<\/div>\n<\/div>\n\n\n\n\n\t\t\t<\/div> \n\t\t<\/div>\n\t<\/div> \n<\/div><\/div>\n\t\t<div id=\"fws_69f1a1506a0fe\"  data-column-margin=\"default\" data-midnight=\"dark\"  class=\"wpb_row vc_row-fluid vc_row\"  style=\"padding-top: 0px; padding-bottom: 0px; \"><div class=\"row-bg-wrap\" data-bg-animation=\"none\" data-bg-animation-delay=\"\" data-bg-overlay=\"false\"><div class=\"inner-wrap row-bg-layer\" ><div class=\"row-bg viewport-desktop\"  style=\"\"><\/div><\/div><\/div><div class=\"row_col_wrap_12 col span_12 dark left\">\n\t<div  class=\"vc_col-sm-12 wpb_column column_container vc_column_container col padding-1-percent inherit_tablet inherit_phone\"  data-padding-pos=\"all\" data-has-bg-color=\"false\" data-bg-color=\"\" data-bg-opacity=\"1\" data-animation=\"\" data-delay=\"0\" >\n\t\t<div class=\"vc_column-inner\" >\n\t\t\t<div class=\"wpb_wrapper\">\n\t\t\t\t\n<div class=\"wpb_text_column wpb_content_element\" >\n\t<div class=\"wpb_wrapper\">\n\t\t<h4 class=\"p1\"><span class=\"s1\">6. POL\u00cdTICA DE LIGA\u00c7\u00c3O<\/span><\/h4>\n<p class=\"p2\"><span class=\"s1\">Informamos que o site dos Apartamentos Plaza Mayor 35 coloca ou pode colocar \u00e0 disposi\u00e7\u00e3o dos Utilizadores meios de liga\u00e7\u00e3o (tais como, entre outros, links, banners, bot\u00f5es), direct\u00f3rios e motores de busca que permitem aos Utilizadores aceder a sites pertencentes e\/ou geridos por terceiros.<\/span><\/p>\n<p class=\"p3\"><span class=\"s2\">A instala\u00e7\u00e3o destes links, direct\u00f3rios e motores de busca na P\u00e1gina Web tem como objetivo facilitar aos Utilizadores a pesquisa e o acesso \u00e0 informa\u00e7\u00e3o dispon\u00edvel na Internet, n\u00e3o podendo ser considerada uma sugest\u00e3o, recomenda\u00e7\u00e3o ou convite para os visitar. Os Apartamentos Plaza Mayor 35 n\u00e3o oferecem nem comercializam, por si mesmos ou atrav\u00e9s de terceiros, os produtos e\/ou servi\u00e7os dispon\u00edveis nos referidos s\u00edtios ligados. Os Apartamentos Plaza Mayor 35 n\u00e3o garantem a disponibilidade t\u00e9cnica, exatid\u00e3o, veracidade, validade ou legalidade de sites alheios \u00e0 sua propriedade, aos quais se possa aceder atrav\u00e9s de links. Os Apartamentos Plaza Mayor 35 n\u00e3o rev\u00eaem nem controlam, em caso algum, o conte\u00fado de outros sites, nem aprovam, examinam ou avalizam os produtos e servi\u00e7os, conte\u00fados, ficheiros e qualquer outro material dos referidos sites ligados. Os Apartamentos Plaza Mayor 35 n\u00e3o se responsabilizam pelos danos e preju\u00edzos que possam derivar do acesso, utiliza\u00e7\u00e3o, qualidade ou legalidade dos conte\u00fados, comunica\u00e7\u00f5es, opini\u00f5es, produtos e servi\u00e7os de s\u00edtios Web n\u00e3o geridos pelos Apartamentos Plaza Mayor 35 e que estejam ligados a este s\u00edtio Web. Os utilizadores ou terceiros que criem uma hiperliga\u00e7\u00e3o a partir de uma p\u00e1gina Web de outro s\u00edtio Web diferente para o s\u00edtio Web dos Apartamentos Plaza Mayor 35 devem ter em conta que: N\u00e3o \u00e9 permitida a reprodu\u00e7\u00e3o - total ou parcial - de nenhum dos Conte\u00fados e\/ou Servi\u00e7os da P\u00e1gina Web sem a autoriza\u00e7\u00e3o expressa dos Apartamentos Plaza Mayor 35. N\u00e3o \u00e9 permitida nenhuma manifesta\u00e7\u00e3o falsa, inexacta ou incorrecta sobre a P\u00e1gina Web dos Apartamentos Plaza Mayor 35, nem sobre os Conte\u00fados e\/ou Servi\u00e7os da mesma. Com exce\u00e7\u00e3o da hiperliga\u00e7\u00e3o, a p\u00e1gina web onde se estabele\u00e7a a hiperliga\u00e7\u00e3o n\u00e3o conter\u00e1 nenhum elemento desta p\u00e1gina web protegido como propriedade intelectual pela legisla\u00e7\u00e3o espanhola, salvo autoriza\u00e7\u00e3o expressa de Apartamentos Plaza Mayor 35. O estabelecimento da hiperliga\u00e7\u00e3o n\u00e3o implicar\u00e1 a exist\u00eancia de uma rela\u00e7\u00e3o entre Apartamentos Plaza Mayor 35 e o propriet\u00e1rio da p\u00e1gina web a partir da qual se estabele\u00e7a, nem o conhecimento e aceita\u00e7\u00e3o por parte de Apartamentos Plaza Mayor 35 dos conte\u00fados, servi\u00e7os e\/ou actividades oferecidos na referida p\u00e1gina web, e vice-versa.<\/span><\/p>\n\t<\/div>\n<\/div>\n\n\n\n\n\t\t\t<\/div> \n\t\t<\/div>\n\t<\/div> \n<\/div><\/div>\n\t\t<div id=\"fws_69f1a1506a8f5\"  data-column-margin=\"default\" data-midnight=\"dark\"  class=\"wpb_row vc_row-fluid vc_row\"  style=\"padding-top: 0px; padding-bottom: 0px; \"><div class=\"row-bg-wrap\" data-bg-animation=\"none\" data-bg-animation-delay=\"\" data-bg-overlay=\"false\"><div class=\"inner-wrap row-bg-layer\" ><div class=\"row-bg viewport-desktop\"  style=\"\"><\/div><\/div><\/div><div class=\"row_col_wrap_12 col span_12 dark left\">\n\t<div  class=\"vc_col-sm-12 wpb_column column_container vc_column_container col padding-1-percent inherit_tablet inherit_phone\"  data-padding-pos=\"all\" data-has-bg-color=\"false\" data-bg-color=\"\" data-bg-opacity=\"1\" data-animation=\"\" data-delay=\"0\" >\n\t\t<div class=\"vc_column-inner\" >\n\t\t\t<div class=\"wpb_wrapper\">\n\t\t\t\t\n<div class=\"wpb_text_column wpb_content_element\" >\n\t<div class=\"wpb_wrapper\">\n\t\t<h4 class=\"p1\"><span class=\"s1\">7. PROPRIEDADE INTELECTUAL E INDUSTRIAL<\/span><\/h4>\n<p class=\"p2\"><span class=\"s1\">Os Apartamentos Plaza Mayor 35, por si ou como cession\u00e1rio, s\u00e3o titulares de todos os direitos de propriedade intelectual e industrial do S\u00edtio Web, bem como dos elementos nele contidos (incluindo, a t\u00edtulo enunciativo mas n\u00e3o limitativo, imagens, som, \u00e1udio, v\u00eddeo, software ou textos, marcas ou log\u00f3tipos, combina\u00e7\u00f5es de cores, estrutura e design, sele\u00e7\u00e3o de materiais utilizados, programas inform\u00e1ticos necess\u00e1rios para o seu funcionamento, acesso e utiliza\u00e7\u00e3o, etc.). Trata-se, portanto, de obras protegidas como propriedade intelectual pelo ordenamento jur\u00eddico espanhol, sendo-lhes aplic\u00e1vel tanto a normativa espanhola e comunit\u00e1ria na mat\u00e9ria, como os tratados internacionais relacionados com a mat\u00e9ria e subscritos por Espanha.<\/span><\/p>\n<p class=\"p3\"><span class=\"s2\">Todos os direitos reservados. Em conformidade com o disposto na Lei de Propriedade Intelectual, fica expressamente proibida a reprodu\u00e7\u00e3o, distribui\u00e7\u00e3o e comunica\u00e7\u00e3o p\u00fablica, incluindo a coloca\u00e7\u00e3o \u00e0 disposi\u00e7\u00e3o da totalidade ou parte dos conte\u00fados deste s\u00edtio Web, com fins comerciais, em qualquer suporte e por qualquer meio t\u00e9cnico, sem a autoriza\u00e7\u00e3o dos Apartamentos Plaza Mayor 35. No caso de o Utilizador ou terceiro considerar que algum dos Conte\u00fados do S\u00edtio Web implica uma viola\u00e7\u00e3o dos direitos de prote\u00e7\u00e3o da propriedade intelectual, dever\u00e1 notificar imediatamente os Apartamentos Plaza Mayor 35 atrav\u00e9s dos dados de contacto indicados na sec\u00e7\u00e3o INFORMA\u00c7\u00d5ES GERAIS do presente Aviso Legal e Condi\u00e7\u00f5es Gerais de Utiliza\u00e7\u00e3o.<\/span><\/p>\n\t<\/div>\n<\/div>\n\n\n\n\n\t\t\t<\/div> \n\t\t<\/div>\n\t<\/div> \n<\/div><\/div>\n\t\t<div id=\"fws_69f1a1506b0b5\"  data-column-margin=\"default\" data-midnight=\"dark\"  class=\"wpb_row vc_row-fluid vc_row\"  style=\"padding-top: 0px; padding-bottom: 0px; \"><div class=\"row-bg-wrap\" data-bg-animation=\"none\" data-bg-animation-delay=\"\" data-bg-overlay=\"false\"><div class=\"inner-wrap row-bg-layer\" ><div class=\"row-bg viewport-desktop\"  style=\"\"><\/div><\/div><\/div><div class=\"row_col_wrap_12 col span_12 dark left\">\n\t<div style=\"margin-bottom: 80px; \" class=\"vc_col-sm-12 wpb_column column_container vc_column_container col padding-1-percent inherit_tablet inherit_phone\"  data-padding-pos=\"all\" data-has-bg-color=\"false\" data-bg-color=\"\" data-bg-opacity=\"1\" data-animation=\"\" data-delay=\"0\" >\n\t\t<div class=\"vc_column-inner\" >\n\t\t\t<div class=\"wpb_wrapper\">\n\t\t\t\t\n<div class=\"wpb_text_column wpb_content_element\" >\n\t<div class=\"wpb_wrapper\">\n\t\t<h4 class=\"p1\"><span class=\"s1\">8. AC\u00c7\u00d5ES JUDICIAIS, DIREITO APLIC\u00c1VEL E JURISDI\u00c7\u00c3O<\/span><\/h4>\n<p class=\"p2\"><span class=\"s1\">Os Apartamentos Plaza Mayor 35 reservam-se o direito de exercer as ac\u00e7\u00f5es civis ou penais que considerem necess\u00e1rias pela utiliza\u00e7\u00e3o indevida do S\u00edtio Web e dos seus Conte\u00fados, ou pelo incumprimento das presentes Condi\u00e7\u00f5es.<\/span><\/p>\n<p class=\"p3\"><span class=\"s2\">A rela\u00e7\u00e3o entre o Utilizador e os Apartamentos Plaza Mayor 35 reger-se-\u00e1 pela normativa vigente e aplic\u00e1vel em territ\u00f3rio espanhol. Em caso de lit\u00edgio relacionado com a interpreta\u00e7\u00e3o e\/ou aplica\u00e7\u00e3o das presentes Condi\u00e7\u00f5es, as partes submeter\u00e3o os seus lit\u00edgios \u00e0 jurisdi\u00e7\u00e3o ordin\u00e1ria, submetendo-se aos ju\u00edzes e tribunais que correspondam de acordo com a lei.<\/span><\/p>\n<p>&nbsp;<\/p>\n<p class=\"p1\" style=\"text-align: center;\"><span class=\"s1\">\u00daltima modifica\u00e7\u00e3o: 21 de julho de 2021.<\/span><\/p>\n\t<\/div>\n<\/div>\n\n\n\n\n\t\t\t<\/div> \n\t\t<\/div>\n\t<\/div> \n<\/div><\/div>","protected":false},"excerpt":{"rendered":"POL\u00cdTICA DE PRIVACIDADE E CONDI\u00c7\u00d5ES GERAIS DE UTILIZA\u00c7\u00c3O 1. INFORMA\u00c7\u00d5ES GERAIS Em cumprimento do dever de informa\u00e7\u00e3o previsto na Lei 34\/2002 de Servi\u00e7os da Sociedade da Informa\u00e7\u00e3o (Ley 34\/2002 de Servicios de la Sociedad de la Sociedad de la...","protected":false},"author":1,"featured_media":0,"parent":0,"menu_order":9,"comment_status":"closed","ping_status":"closed","template":"","meta":{"footnotes":""},"rankMath":{"parentDomain":"plazamayor35.com","noFollowDomains":[],"noFollowExcludeDomains":[],"noFollowExternalLinks":false,"featuredImageNotice":"The featured image should be at least 200 by 200 pixels to be picked up by Facebook and other social media sites.","pluginReviewed":false,"postSettings":{"linkSuggestions":true,"useFocusKeyword":false},"frontEndScore":false,"postName":"politica-de-privacidad","permalinkFormat":"https:\/\/www.plazamayor35.com\/pt\/%pagename%\/","showLockModifiedDate":true,"assessor":{"focusKeywordLink":"https:\/\/www.plazamayor35.com\/wp-admin\/edit.php?focus_keyword=%focus_keyword%&post_type=%post_type%","hasTOCPlugin":false,"primaryTaxonomy":false,"serpData":{"title":"","description":"","focusKeywords":"","pillarContent":false,"canonicalUrl":"","breadcrumbTitle":"","advancedRobots":{"max-snippet":"-1","max-video-preview":"-1","max-image-preview":"large"},"facebookTitle":"","facebookDescription":"","facebookImage":"","facebookImageID":"","facebookHasOverlay":false,"facebookImageOverlay":"","facebookAuthor":"","twitterCardType":"","twitterUseFacebook":true,"twitterTitle":"","twitterDescription":"","twitterImage":"","twitterImageID":"","twitterHasOverlay":false,"twitterImageOverlay":"","twitterPlayerUrl":"","twitterPlayerSize":"","twitterPlayerStream":"","twitterPlayerStreamCtype":"","twitterAppDescription":"","twitterAppIphoneName":"","twitterAppIphoneID":"","twitterAppIphoneUrl":"","twitterAppIpadName":"","twitterAppIpadID":"","twitterAppIpadUrl":"","twitterAppGoogleplayName":"","twitterAppGoogleplayID":"","twitterAppGoogleplayUrl":"","twitterAppCountry":"","robots":{"index":true},"twitterAuthor":"username","primaryTerm":0,"authorName":"pm35admin","titleTemplate":"%title% %page% %sep% %sitename%","descriptionTemplate":"%excerpt%","showScoreFrontend":true,"lockModifiedDate":false},"powerWords":[],"diacritics":{"A":"[\\u0041\\u24B6\\uFF21\\u00C0\\u00C1\\u00C2\\u1EA6\\u1EA4\\u1EAA\\u1EA8\\u00C3\\u0100\\u0102\\u1EB0\\u1EAE\\u1EB4\\u1EB2\\u0226\\u01E0\\u00C4\\u01DE\\u1EA2\\u00C5\\u01FA\\u01CD\\u0200\\u0202\\u1EA0\\u1EAC\\u1EB6\\u1E00\\u0104\\u023A\\u2C6F]","AA":"[\\uA732]","AE":"[\\u00C6\\u01FC\\u01E2]","AO":"[\\uA734]","AU":"[\\uA736]","AV":"[\\uA738\\uA73A]","AY":"[\\uA73C]","B":"[\\u0042\\u24B7\\uFF22\\u1E02\\u1E04\\u1E06\\u0243\\u0182\\u0181]","C":"[\\u0043\\u24B8\\uFF23\\u0106\\u0108\\u010A\\u010C\\u00C7\\u1E08\\u0187\\u023B\\uA73E]","D":"[\\u0044\\u24B9\\uFF24\\u1E0A\\u010E\\u1E0C\\u1E10\\u1E12\\u1E0E\\u0110\\u018B\\u018A\\u0189\\uA779]","DZ":"[\\u01F1\\u01C4]","Dz":"[\\u01F2\\u01C5]","E":"[\\u0045\\u24BA\\uFF25\\u00C8\\u00C9\\u00CA\\u1EC0\\u1EBE\\u1EC4\\u1EC2\\u1EBC\\u0112\\u1E14\\u1E16\\u0114\\u0116\\u00CB\\u1EBA\\u011A\\u0204\\u0206\\u1EB8\\u1EC6\\u0228\\u1E1C\\u0118\\u1E18\\u1E1A\\u0190\\u018E]","F":"[\\u0046\\u24BB\\uFF26\\u1E1E\\u0191\\uA77B]","G":"[\\u0047\\u24BC\\uFF27\\u01F4\\u011C\\u1E20\\u011E\\u0120\\u01E6\\u0122\\u01E4\\u0193\\uA7A0\\uA77D\\uA77E]","H":"[\\u0048\\u24BD\\uFF28\\u0124\\u1E22\\u1E26\\u021E\\u1E24\\u1E28\\u1E2A\\u0126\\u2C67\\u2C75\\uA78D]","I":"[\\u0049\\u24BE\\uFF29\\u00CC\\u00CD\\u00CE\\u0128\\u012A\\u012C\\u0130\\u00CF\\u1E2E\\u1EC8\\u01CF\\u0208\\u020A\\u1ECA\\u012E\\u1E2C\\u0197]","J":"[\\u004A\\u24BF\\uFF2A\\u0134\\u0248]","K":"[\\u004B\\u24C0\\uFF2B\\u1E30\\u01E8\\u1E32\\u0136\\u1E34\\u0198\\u2C69\\uA740\\uA742\\uA744\\uA7A2]","L":"[\\u004C\\u24C1\\uFF2C\\u013F\\u0139\\u013D\\u1E36\\u1E38\\u013B\\u1E3C\\u1E3A\\u0141\\u023D\\u2C62\\u2C60\\uA748\\uA746\\uA780]","LJ":"[\\u01C7]","Lj":"[\\u01C8]","M":"[\\u004D\\u24C2\\uFF2D\\u1E3E\\u1E40\\u1E42\\u2C6E\\u019C]","N":"[\\u004E\\u24C3\\uFF2E\\u01F8\\u0143\\u00D1\\u1E44\\u0147\\u1E46\\u0145\\u1E4A\\u1E48\\u0220\\u019D\\uA790\\uA7A4]","NJ":"[\\u01CA]","Nj":"[\\u01CB]","O":"[\\u004F\\u24C4\\uFF2F\\u00D2\\u00D3\\u00D4\\u1ED2\\u1ED0\\u1ED6\\u1ED4\\u00D5\\u1E4C\\u022C\\u1E4E\\u014C\\u1E50\\u1E52\\u014E\\u022E\\u0230\\u00D6\\u022A\\u1ECE\\u0150\\u01D1\\u020C\\u020E\\u01A0\\u1EDC\\u1EDA\\u1EE0\\u1EDE\\u1EE2\\u1ECC\\u1ED8\\u01EA\\u01EC\\u00D8\\u01FE\\u0186\\u019F\\uA74A\\uA74C]","OI":"[\\u01A2]","OO":"[\\uA74E]","OU":"[\\u0222]","P":"[\\u0050\\u24C5\\uFF30\\u1E54\\u1E56\\u01A4\\u2C63\\uA750\\uA752\\uA754]","Q":"[\\u0051\\u24C6\\uFF31\\uA756\\uA758\\u024A]","R":"[\\u0052\\u24C7\\uFF32\\u0154\\u1E58\\u0158\\u0210\\u0212\\u1E5A\\u1E5C\\u0156\\u1E5E\\u024C\\u2C64\\uA75A\\uA7A6\\uA782]","S":"[\\u0053\\u24C8\\uFF33\\u1E9E\\u015A\\u1E64\\u015C\\u1E60\\u0160\\u1E66\\u1E62\\u1E68\\u0218\\u015E\\u2C7E\\uA7A8\\uA784]","T":"[\\u0054\\u24C9\\uFF34\\u1E6A\\u0164\\u1E6C\\u021A\\u0162\\u1E70\\u1E6E\\u0166\\u01AC\\u01AE\\u023E\\uA786]","TZ":"[\\uA728]","U":"[\\u0055\\u24CA\\uFF35\\u00D9\\u00DA\\u00DB\\u0168\\u1E78\\u016A\\u1E7A\\u016C\\u00DC\\u01DB\\u01D7\\u01D5\\u01D9\\u1EE6\\u016E\\u0170\\u01D3\\u0214\\u0216\\u01AF\\u1EEA\\u1EE8\\u1EEE\\u1EEC\\u1EF0\\u1EE4\\u1E72\\u0172\\u1E76\\u1E74\\u0244]","V":"[\\u0056\\u24CB\\uFF36\\u1E7C\\u1E7E\\u01B2\\uA75E\\u0245]","VY":"[\\uA760]","W":"[\\u0057\\u24CC\\uFF37\\u1E80\\u1E82\\u0174\\u1E86\\u1E84\\u1E88\\u2C72]","X":"[\\u0058\\u24CD\\uFF38\\u1E8A\\u1E8C]","Y":"[\\u0059\\u24CE\\uFF39\\u1EF2\\u00DD\\u0176\\u1EF8\\u0232\\u1E8E\\u0178\\u1EF6\\u1EF4\\u01B3\\u024E\\u1EFE]","Z":"[\\u005A\\u24CF\\uFF3A\\u0179\\u1E90\\u017B\\u017D\\u1E92\\u1E94\\u01B5\\u0224\\u2C7F\\u2C6B\\uA762]","a":"[\\u0061\\u24D0\\uFF41\\u1E9A\\u00E0\\u00E1\\u00E2\\u1EA7\\u1EA5\\u1EAB\\u1EA9\\u00E3\\u0101\\u0103\\u1EB1\\u1EAF\\u1EB5\\u1EB3\\u0227\\u01E1\\u00E4\\u01DF\\u1EA3\\u00E5\\u01FB\\u01CE\\u0201\\u0203\\u1EA1\\u1EAD\\u1EB7\\u1E01\\u0105\\u2C65\\u0250]","aa":"[\\uA733]","ae":"[\\u00E6\\u01FD\\u01E3]","ao":"[\\uA735]","au":"[\\uA737]","av":"[\\uA739\\uA73B]","ay":"[\\uA73D]","b":"[\\u0062\\u24D1\\uFF42\\u1E03\\u1E05\\u1E07\\u0180\\u0183\\u0253]","c":"[\\u0063\\u24D2\\uFF43\\u0107\\u0109\\u010B\\u010D\\u00E7\\u1E09\\u0188\\u023C\\uA73F\\u2184]","d":"[\\u0064\\u24D3\\uFF44\\u1E0B\\u010F\\u1E0D\\u1E11\\u1E13\\u1E0F\\u0111\\u018C\\u0256\\u0257\\uA77A]","dz":"[\\u01F3\\u01C6]","e":"[\\u0065\\u24D4\\uFF45\\u00E8\\u00E9\\u00EA\\u1EC1\\u1EBF\\u1EC5\\u1EC3\\u1EBD\\u0113\\u1E15\\u1E17\\u0115\\u0117\\u00EB\\u1EBB\\u011B\\u0205\\u0207\\u1EB9\\u1EC7\\u0229\\u1E1D\\u0119\\u1E19\\u1E1B\\u0247\\u025B\\u01DD]","f":"[\\u0066\\u24D5\\uFF46\\u1E1F\\u0192\\uA77C]","g":"[\\u0067\\u24D6\\uFF47\\u01F5\\u011D\\u1E21\\u011F\\u0121\\u01E7\\u0123\\u01E5\\u0260\\uA7A1\\u1D79\\uA77F]","h":"[\\u0068\\u24D7\\uFF48\\u0125\\u1E23\\u1E27\\u021F\\u1E25\\u1E29\\u1E2B\\u1E96\\u0127\\u2C68\\u2C76\\u0265]","hv":"[\\u0195]","i":"[\\u0069\\u24D8\\uFF49\\u00EC\\u00ED\\u00EE\\u0129\\u012B\\u012D\\u00EF\\u1E2F\\u1EC9\\u01D0\\u0209\\u020B\\u1ECB\\u012F\\u1E2D\\u0268\\u0131]","j":"[\\u006A\\u24D9\\uFF4A\\u0135\\u01F0\\u0249]","k":"[\\u006B\\u24DA\\uFF4B\\u1E31\\u01E9\\u1E33\\u0137\\u1E35\\u0199\\u2C6A\\uA741\\uA743\\uA745\\uA7A3]","l":"[\\u006C\\u24DB\\uFF4C\\u0140\\u013A\\u013E\\u1E37\\u1E39\\u013C\\u1E3D\\u1E3B\\u017F\\u0142\\u019A\\u026B\\u2C61\\uA749\\uA781\\uA747]","lj":"[\\u01C9]","m":"[\\u006D\\u24DC\\uFF4D\\u1E3F\\u1E41\\u1E43\\u0271\\u026F]","n":"[\\u006E\\u24DD\\uFF4E\\u01F9\\u0144\\u00F1\\u1E45\\u0148\\u1E47\\u0146\\u1E4B\\u1E49\\u019E\\u0272\\u0149\\uA791\\uA7A5]","nj":"[\\u01CC]","o":"[\\u006F\\u24DE\\uFF4F\\u00F2\\u00F3\\u00F4\\u1ED3\\u1ED1\\u1ED7\\u1ED5\\u00F5\\u1E4D\\u022D\\u1E4F\\u014D\\u1E51\\u1E53\\u014F\\u022F\\u0231\\u00F6\\u022B\\u1ECF\\u0151\\u01D2\\u020D\\u020F\\u01A1\\u1EDD\\u1EDB\\u1EE1\\u1EDF\\u1EE3\\u1ECD\\u1ED9\\u01EB\\u01ED\\u00F8\\u01FF\\u0254\\uA74B\\uA74D\\u0275]","oi":"[\\u01A3]","ou":"[\\u0223]","oo":"[\\uA74F]","p":"[\\u0070\\u24DF\\uFF50\\u1E55\\u1E57\\u01A5\\u1D7D\\uA751\\uA753\\uA755]","q":"[\\u0071\\u24E0\\uFF51\\u024B\\uA757\\uA759]","r":"[\\u0072\\u24E1\\uFF52\\u0155\\u1E59\\u0159\\u0211\\u0213\\u1E5B\\u1E5D\\u0157\\u1E5F\\u024D\\u027D\\uA75B\\uA7A7\\uA783]","s":"[\\u0073\\u24E2\\uFF53\\u015B\\u1E65\\u015D\\u1E61\\u0161\\u1E67\\u1E63\\u1E69\\u0219\\u015F\\u023F\\uA7A9\\uA785\\u1E9B]","ss":"[\\u00DF]","t":"[\\u0074\\u24E3\\uFF54\\u1E6B\\u1E97\\u0165\\u1E6D\\u021B\\u0163\\u1E71\\u1E6F\\u0167\\u01AD\\u0288\\u2C66\\uA787]","tz":"[\\uA729]","u":"[\\u0075\\u24E4\\uFF55\\u00F9\\u00FA\\u00FB\\u0169\\u1E79\\u016B\\u1E7B\\u016D\\u00FC\\u01DC\\u01D8\\u01D6\\u01DA\\u1EE7\\u016F\\u0171\\u01D4\\u0215\\u0217\\u01B0\\u1EEB\\u1EE9\\u1EEF\\u1EED\\u1EF1\\u1EE5\\u1E73\\u0173\\u1E77\\u1E75\\u0289]","v":"[\\u0076\\u24E5\\uFF56\\u1E7D\\u1E7F\\u028B\\uA75F\\u028C]","vy":"[\\uA761]","w":"[\\u0077\\u24E6\\uFF57\\u1E81\\u1E83\\u0175\\u1E87\\u1E85\\u1E98\\u1E89\\u2C73]","x":"[\\u0078\\u24E7\\uFF58\\u1E8B\\u1E8D]","y":"[\\u0079\\u24E8\\uFF59\\u1EF3\\u00FD\\u0177\\u1EF9\\u0233\\u1E8F\\u00FF\\u1EF7\\u1E99\\u1EF5\\u01B4\\u024F\\u1EFF]","z":"[\\u007A\\u24E9\\uFF5A\\u017A\\u1E91\\u017C\\u017E\\u1E93\\u1E95\\u01B6\\u0225\\u0240\\u2C6C\\uA763]"},"researchesTests":["contentHasTOC","contentHasShortParagraphs","contentHasAssets","keywordInTitle","keywordInMetaDescription","keywordInPermalink","keywordIn10Percent","keywordInContent","keywordInSubheadings","keywordInImageAlt","keywordDensity","keywordNotUsed","lengthContent","lengthPermalink","linksHasInternal","linksHasExternals","linksNotAllExternals","titleStartWithKeyword","titleSentiment","titleHasPowerWords","titleHasNumber","hasContentAI"],"hasRedirection":false,"hasBreadcrumb":true},"homeUrl":"https:\/\/www.plazamayor35.com\/pt","objectID":3,"objectType":"post","locale":"pt","localeFull":"pt_PT","overlayImages":{"play":{"name":"Play icon","url":"https:\/\/www.plazamayor35.com\/wp-content\/plugins\/seo-by-rank-math\/assets\/admin\/img\/icon-play.png","path":"\/home\/u236439250\/domains\/plazamayor35.com\/public_html\/wp-content\/plugins\/seo-by-rank-math\/assets\/admin\/img\/icon-play.png","position":"middle_center"},"gif":{"name":"GIF icon","url":"https:\/\/www.plazamayor35.com\/wp-content\/plugins\/seo-by-rank-math\/assets\/admin\/img\/icon-gif.png","path":"\/home\/u236439250\/domains\/plazamayor35.com\/public_html\/wp-content\/plugins\/seo-by-rank-math\/assets\/admin\/img\/icon-gif.png","position":"middle_center"}},"defautOgImage":"https:\/\/www.plazamayor35.com\/wp-content\/uploads\/2021\/07\/206-la-suite-plaza-terraza.jpg","customPermalinks":true,"isUserRegistered":true,"autoSuggestKeywords":true,"connectSiteUrl":"https:\/\/rankmath.com\/auth?site=https%3A%2F%2Fwww.plazamayor35.com%2Fpt&r=https%3A%2F%2Fwww.plazamayor35.com%2Fpt%2Fwp-json%2Fwp%2Fv2%2Fpages%2F3%3Fnonce%3D7c48a61db1","maxTags":5,"trendsIcon":"<svg viewBox=\"0 0 610 610\"><path d=\"M18.85,446,174.32,290.48l58.08,58.08L76.93,504a14.54,14.54,0,0,1-20.55,0L18.83,466.48a14.54,14.54,0,0,1,0-20.55Z\" style=\"fill:#4285f4\"\/><path d=\"M242.65,242.66,377.59,377.6l-47.75,47.75a14.54,14.54,0,0,1-20.55,0L174.37,290.43l47.75-47.75A14.52,14.52,0,0,1,242.65,242.66Z\" style=\"fill:#ea4335\"\/><polygon points=\"319.53 319.53 479.26 159.8 537.34 217.88 377.61 377.62 319.53 319.53\" style=\"fill:#fabb05\"\/><path d=\"M594.26,262.73V118.61h0a16.94,16.94,0,0,0-16.94-16.94H433.2a16.94,16.94,0,0,0-12,28.92L565.34,274.71h0a16.94,16.94,0,0,0,28.92-12Z\" style=\"fill:#34a853\"\/><rect width=\"610\" height=\"610\" style=\"fill:none\"\/><\/svg>","showScore":true,"siteFavIcon":"data:image\/png;base64,iVBORw0KGgoAAAANSUhEUgAAABAAAAAQCAYAAAAf8\/9hAAABs0lEQVR4AWL4\/\/8\/RRjO8Iucx+noO0MWUDo16FYABMGP6ZfUcRnWtm27jVPbtm3bttuH2t3eFPcY9pLz7NxiLjCyVd87pKnHyqXyxtCs8APd0rnyxiu4qSeA3QEDrAwBDrT1s1Rc\/OrjLZwqVmOSu6+Lamcpp2KKMA9PH1BYXMe1mUP5qotvXTywsOEEYHXxrY+3cqk6TMkYpNr2FeoY3KIr0RPtn9wQ2unlA+GMkRw6+9TFw4YTwDUzx\/JVvARj9KaedXRO8P5B1Du2S32smzqUrcKGEyA+uAgQjKX7zf0boWHGfn71jIKj2689gxp7OAGShNcBUmLMPVjZuiKcA2vuWHHDCQxMCz629kXAIU4ApY15QwggAFbfOP9DhgBJ+nWVJ1AZAfICAj1pAlY6hCADZnveQf7bQIwzVONGJonhLIlS9gr5mFg44Xd+4S3XHoGNPdJl1INIwKyEgHckEhgTe1bGiFY9GSFBYUwLh1IkiJUbY407E7syBSFxKTszEoiE\/YdrgCEayDmtaJwCI9uu8TKMuZSVfSa4BpGgzvomBR\/INhLGzrqDotp01ZR8pn\/1L0JN9d9XNyx0AAAAAElFTkSuQmCC","canUser":{"general":false,"advanced":false,"snippet":false,"social":false,"analysis":false,"analytics":false,"content_ai":false},"showKeywordIntent":true,"isPro":false,"is_front_page":false,"trendsUpgradeLink":"https:\/\/rankmath.com\/pricing\/?utm_source=Plugin&utm_medium=CE%20General%20Tab%20Trends&utm_campaign=WP","trendsUpgradeLabel":"Upgrade","trendsPreviewImage":"https:\/\/www.plazamayor35.com\/wp-content\/plugins\/seo-by-rank-math\/assets\/admin\/img\/trends-preview.jpg","currentEditor":false,"homepageData":{"assessor":{"powerWords":[],"diacritics":true,"researchesTests":["contentHasTOC","contentHasShortParagraphs","contentHasAssets","keywordInTitle","keywordInMetaDescription","keywordInPermalink","keywordIn10Percent","keywordInContent","keywordInSubheadings","keywordInImageAlt","keywordDensity","keywordNotUsed","lengthContent","lengthPermalink","linksHasInternal","linksHasExternals","linksNotAllExternals","titleStartWithKeyword","titleSentiment","titleHasPowerWords","titleHasNumber","hasContentAI"],"hasBreadcrumb":true,"serpData":{"title":"%sitename% %page% %sep% %sitedesc%","description":"","titleTemplate":"%sitename% %page% %sep% %sitedesc%","descriptionTemplate":"","focusKeywords":"","breadcrumbTitle":"Portada","robots":{"index":true},"advancedRobots":{"max-snippet":"-1","max-video-preview":"-1","max-image-preview":"large"},"facebookTitle":"","facebookDescription":"","facebookImage":"","facebookImageID":""}}}},"_links":{"self":[{"href":"https:\/\/www.plazamayor35.com\/pt\/wp-json\/wp\/v2\/pages\/3"}],"collection":[{"href":"https:\/\/www.plazamayor35.com\/pt\/wp-json\/wp\/v2\/pages"}],"about":[{"href":"https:\/\/www.plazamayor35.com\/pt\/wp-json\/wp\/v2\/types\/page"}],"author":[{"embeddable":true,"href":"https:\/\/www.plazamayor35.com\/pt\/wp-json\/wp\/v2\/users\/1"}],"replies":[{"embeddable":true,"href":"https:\/\/www.plazamayor35.com\/pt\/wp-json\/wp\/v2\/comments?post=3"}],"version-history":[{"count":0,"href":"https:\/\/www.plazamayor35.com\/pt\/wp-json\/wp\/v2\/pages\/3\/revisions"}],"wp:attachment":[{"href":"https:\/\/www.plazamayor35.com\/pt\/wp-json\/wp\/v2\/media?parent=3"}],"curies":[{"name":"wp","href":"https:\/\/api.w.org\/{rel}","templated":true}]}}